{"id":27,"date":"2023-01-17T19:03:49","date_gmt":"2023-01-17T19:03:49","guid":{"rendered":"https:\/\/fesabid.org\/jeid23\/?page_id=27"},"modified":"2025-04-16T08:11:48","modified_gmt":"2025-04-16T06:11:48","slug":"programa-social","status":"publish","type":"page","link":"https:\/\/jornadas.fesabid.org\/jeid25\/index.php\/programa-social\/","title":{"rendered":"PROGRAMA SOCIAL"},"content":{"rendered":"\t\t<div data-elementor-type=\"wp-page\" data-elementor-id=\"27\" class=\"elementor elementor-27\">\n\t\t\t\t\t\t<section class=\"elementor-section elementor-top-section elementor-element elementor-element-49bbb35 elementor-section-boxed elementor-section-height-default elementor-section-height-default\" data-id=\"49bbb35\" data-element_type=\"section\">\n\t\t\t\t\t\t<div class=\"elementor-container elementor-column-gap-default\">\n\t\t\t\t\t<div class=\"elementor-column elementor-col-100 elementor-top-column elementor-element elementor-element-5507d70\" data-id=\"5507d70\" data-element_type=\"column\" data-settings=\"{&quot;background_background&quot;:&quot;classic&quot;}\">\n\t\t\t<div class=\"elementor-widget-wrap elementor-element-populated\">\n\t\t\t\t\t\t\t<\/div>\n\t\t<\/div>\n\t\t\t\t\t<\/div>\n\t\t<\/section>\n\t\t\t\t<section class=\"elementor-section elementor-top-section elementor-element elementor-element-a6b0f28 elementor-section-boxed elementor-section-height-default elementor-section-height-default\" data-id=\"a6b0f28\" data-element_type=\"section\">\n\t\t\t\t\t\t<div class=\"elementor-container elementor-column-gap-default\">\n\t\t\t\t\t<div class=\"elementor-column elementor-col-100 elementor-top-column elementor-element elementor-element-4b8cb8b\" data-id=\"4b8cb8b\" data-element_type=\"column\">\n\t\t\t<div class=\"elementor-widget-wrap elementor-element-populated\">\n\t\t\t\t\t\t<div class=\"elementor-element elementor-element-d79ac66 elementor-widget elementor-widget-heading\" data-id=\"d79ac66\" data-element_type=\"widget\" data-widget_type=\"heading.default\">\n\t\t\t\t<div class=\"elementor-widget-container\">\n\t\t\t<style>\/*! elementor - v3.23.0 - 05-08-2024 *\/\n.elementor-heading-title{padding:0;margin:0;line-height:1}.elementor-widget-heading .elementor-heading-title[class*=elementor-size-]>a{color:inherit;font-size:inherit;line-height:inherit}.elementor-widget-heading .elementor-heading-title.elementor-size-small{font-size:15px}.elementor-widget-heading .elementor-heading-title.elementor-size-medium{font-size:19px}.elementor-widget-heading .elementor-heading-title.elementor-size-large{font-size:29px}.elementor-widget-heading .elementor-heading-title.elementor-size-xl{font-size:39px}.elementor-widget-heading .elementor-heading-title.elementor-size-xxl{font-size:59px}<\/style><h2 class=\"elementor-heading-title elementor-size-xl\">PROGRAMA SOCIAL<\/h2>\t\t<\/div>\n\t\t\t\t<\/div>\n\t\t\t\t\t<\/div>\n\t\t<\/div>\n\t\t\t\t\t<\/div>\n\t\t<\/section>\n\t\t\t\t<section class=\"elementor-section elementor-top-section elementor-element elementor-element-e7d662f elementor-section-boxed elementor-section-height-default elementor-section-height-default\" data-id=\"e7d662f\" data-element_type=\"section\">\n\t\t\t\t\t\t<div class=\"elementor-container elementor-column-gap-default\">\n\t\t\t\t\t<div class=\"elementor-column elementor-col-100 elementor-top-column elementor-element elementor-element-3a676bf\" data-id=\"3a676bf\" data-element_type=\"column\" data-settings=\"{&quot;background_background&quot;:&quot;classic&quot;}\">\n\t\t\t<div class=\"elementor-widget-wrap elementor-element-populated\">\n\t\t\t\t\t\t<div class=\"elementor-element elementor-element-91e0d54 elementor-widget elementor-widget-spacer\" data-id=\"91e0d54\" data-element_type=\"widget\" data-widget_type=\"spacer.default\">\n\t\t\t\t<div class=\"elementor-widget-container\">\n\t\t\t<style>\/*! elementor - v3.23.0 - 05-08-2024 *\/\n.elementor-column .elementor-spacer-inner{height:var(--spacer-size)}.e-con{--container-widget-width:100%}.e-con-inner>.elementor-widget-spacer,.e-con>.elementor-widget-spacer{width:var(--container-widget-width,var(--spacer-size));--align-self:var(--container-widget-align-self,initial);--flex-shrink:0}.e-con-inner>.elementor-widget-spacer>.elementor-widget-container,.e-con>.elementor-widget-spacer>.elementor-widget-container{height:100%;width:100%}.e-con-inner>.elementor-widget-spacer>.elementor-widget-container>.elementor-spacer,.e-con>.elementor-widget-spacer>.elementor-widget-container>.elementor-spacer{height:100%}.e-con-inner>.elementor-widget-spacer>.elementor-widget-container>.elementor-spacer>.elementor-spacer-inner,.e-con>.elementor-widget-spacer>.elementor-widget-container>.elementor-spacer>.elementor-spacer-inner{height:var(--container-widget-height,var(--spacer-size))}.e-con-inner>.elementor-widget-spacer.elementor-widget-empty,.e-con>.elementor-widget-spacer.elementor-widget-empty{position:relative;min-height:22px;min-width:22px}.e-con-inner>.elementor-widget-spacer.elementor-widget-empty .elementor-widget-empty-icon,.e-con>.elementor-widget-spacer.elementor-widget-empty .elementor-widget-empty-icon{position:absolute;top:0;bottom:0;left:0;right:0;margin:auto;padding:0;width:22px;height:22px}<\/style>\t\t<div class=\"elementor-spacer\">\n\t\t\t<div class=\"elementor-spacer-inner\"><\/div>\n\t\t<\/div>\n\t\t\t\t<\/div>\n\t\t\t\t<\/div>\n\t\t\t\t\t<\/div>\n\t\t<\/div>\n\t\t\t\t\t<\/div>\n\t\t<\/section>\n\t\t\t\t<section class=\"elementor-section elementor-top-section elementor-element elementor-element-1a70107 elementor-section-boxed elementor-section-height-default elementor-section-height-default\" data-id=\"1a70107\" data-element_type=\"section\">\n\t\t\t\t\t\t<div class=\"elementor-container elementor-column-gap-default\">\n\t\t\t\t\t<div class=\"elementor-column elementor-col-100 elementor-top-column elementor-element elementor-element-9f70967\" data-id=\"9f70967\" data-element_type=\"column\" data-settings=\"{&quot;background_background&quot;:&quot;classic&quot;}\">\n\t\t\t<div class=\"elementor-widget-wrap elementor-element-populated\">\n\t\t\t\t\t\t<div class=\"elementor-element elementor-element-bc6ddf4 elementor-widget elementor-widget-heading\" data-id=\"bc6ddf4\" data-element_type=\"widget\" data-widget_type=\"heading.default\">\n\t\t\t\t<div class=\"elementor-widget-container\">\n\t\t\t<h4 class=\"elementor-heading-title elementor-size-default\">BIENVENIDA A LAS JORNADAS EN EL PALACIO DE VILLA SUSO<\/h4>\t\t<\/div>\n\t\t\t\t<\/div>\n\t\t\t\t\t<\/div>\n\t\t<\/div>\n\t\t\t\t\t<\/div>\n\t\t<\/section>\n\t\t\t\t<section class=\"elementor-section elementor-top-section elementor-element elementor-element-c6f3337 elementor-section-boxed elementor-section-height-default elementor-section-height-default\" data-id=\"c6f3337\" data-element_type=\"section\">\n\t\t\t\t\t\t<div class=\"elementor-container elementor-column-gap-default\">\n\t\t\t\t\t<div class=\"elementor-column elementor-col-100 elementor-top-column elementor-element elementor-element-774b2ba\" data-id=\"774b2ba\" data-element_type=\"column\">\n\t\t\t<div class=\"elementor-widget-wrap elementor-element-populated\">\n\t\t\t\t\t\t<div class=\"elementor-element elementor-element-6d5b134 elementor-widget elementor-widget-spacer\" data-id=\"6d5b134\" data-element_type=\"widget\" data-widget_type=\"spacer.default\">\n\t\t\t\t<div class=\"elementor-widget-container\">\n\t\t\t\t\t<div class=\"elementor-spacer\">\n\t\t\t<div class=\"elementor-spacer-inner\"><\/div>\n\t\t<\/div>\n\t\t\t\t<\/div>\n\t\t\t\t<\/div>\n\t\t\t\t\t<\/div>\n\t\t<\/div>\n\t\t\t\t\t<\/div>\n\t\t<\/section>\n\t\t\t\t<section class=\"elementor-section elementor-top-section elementor-element elementor-element-da6a1fa elementor-section-boxed elementor-section-height-default elementor-section-height-default\" data-id=\"da6a1fa\" data-element_type=\"section\">\n\t\t\t\t\t\t<div class=\"elementor-container elementor-column-gap-default\">\n\t\t\t\t\t<div class=\"elementor-column elementor-col-100 elementor-top-column elementor-element elementor-element-eb4c085\" data-id=\"eb4c085\" data-element_type=\"column\">\n\t\t\t<div class=\"elementor-widget-wrap elementor-element-populated\">\n\t\t\t\t\t\t<div class=\"elementor-element elementor-element-22e393b elementor-widget elementor-widget-heading\" data-id=\"22e393b\" data-element_type=\"widget\" data-widget_type=\"heading.default\">\n\t\t\t\t<div class=\"elementor-widget-container\">\n\t\t\t<h5 class=\"elementor-heading-title elementor-size-default\">Mi\u00e9rcoles 4 de Junio, 20:00-22:30 h.<\/h5>\t\t<\/div>\n\t\t\t\t<\/div>\n\t\t\t\t<div class=\"elementor-element elementor-element-690309b elementor-widget elementor-widget-heading\" data-id=\"690309b\" data-element_type=\"widget\" data-widget_type=\"heading.default\">\n\t\t\t\t<div class=\"elementor-widget-container\">\n\t\t\t<h5 class=\"elementor-heading-title elementor-size-default\"><a href=\"https:\/\/www.vitoria-gasteiz.org\/wb021\/was\/contenidoAction.do?idioma=es&#038;uid=u2b0713ba_165f0114703__7d82\" target=\"_blank\">Palacio de Villa Suso<\/a><\/h5>\t\t<\/div>\n\t\t\t\t<\/div>\n\t\t\t\t<div class=\"elementor-element elementor-element-84b4ee5 elementor-widget elementor-widget-spacer\" data-id=\"84b4ee5\" data-element_type=\"widget\" data-widget_type=\"spacer.default\">\n\t\t\t\t<div class=\"elementor-widget-container\">\n\t\t\t\t\t<div class=\"elementor-spacer\">\n\t\t\t<div class=\"elementor-spacer-inner\"><\/div>\n\t\t<\/div>\n\t\t\t\t<\/div>\n\t\t\t\t<\/div>\n\t\t\t\t<div class=\"elementor-element elementor-element-19d23f2 elementor-widget elementor-widget-text-editor\" data-id=\"19d23f2\" data-element_type=\"widget\" data-widget_type=\"text-editor.default\">\n\t\t\t\t<div class=\"elementor-widget-container\">\n\t\t\t<style>\/*! elementor - v3.23.0 - 05-08-2024 *\/\n.elementor-widget-text-editor.elementor-drop-cap-view-stacked .elementor-drop-cap{background-color:#69727d;color:#fff}.elementor-widget-text-editor.elementor-drop-cap-view-framed .elementor-drop-cap{color:#69727d;border:3px solid;background-color:transparent}.elementor-widget-text-editor:not(.elementor-drop-cap-view-default) .elementor-drop-cap{margin-top:8px}.elementor-widget-text-editor:not(.elementor-drop-cap-view-default) .elementor-drop-cap-letter{width:1em;height:1em}.elementor-widget-text-editor .elementor-drop-cap{float:left;text-align:center;line-height:1;font-size:50px}.elementor-widget-text-editor .elementor-drop-cap-letter{display:inline-block}<\/style>\t\t\t\t<h4><span style=\"color: #d54b3e; font-family: myrad-regurlar;\">\u00a1Las<strong> JEID25 y ALDEE os dan la bienvenida a Vitoria-Gasteiz por todo lo alto!<\/strong><\/span><\/h4>\n<span style=\"font-family: myrad-regurlar; font-size: 14pt;\">Bello palacio renacentista del siglo XVI. Fue ordenado construir, en la muralla, sobre el a\u00f1o 1539 por D. Mart\u00edn de Salinas, embajador del Emperador Carlos V. Al rehabilitar el edificio en la d\u00e9cada de los ochenta del pasado siglo, encontraron un enterramiento con una l\u00e1pida y existe una leyenda sobre el fantasma que habita en \u00e9l.<\/span>\n\n<span style=\"font-family: myrad-regurlar; font-size: 14pt;\">La construcci\u00f3n de la fachada del edificio, con corte singular en forma de U, tuvo que adaptarse a la muralla de la ciudad y a los desniveles del terreno. Tiene en su haber un escudo de piedra caliza. En el interior del palacio destaca el tapiz flamenco de la escuela de Bruselas (s. XVI) con el tema de la Hu\u00edda de Eneas y su familia de Troya.<\/span>\n<h2><span style=\"font-family: myrad-regurlar; font-size: 14pt;\">Cocktail patrocinado por ALDEE.<\/span><\/h2>\n<span style=\"font-family: myrad-regurlar;\"><span style=\"color: #d54b3e;\"><b>Direcci\u00f3n:<\/b><\/span> Plaza del Machete, 1, 01001 Vitoria-Gasteiz.<\/span>\n\n<span style=\"font-family: myrad-regurlar;\"><span style=\"color: #d54b3e;\"><b>Aforo:<\/b><\/span> 200 personas.<\/span>\n\n<span style=\"font-family: myrad-regurlar;\"><i>Inscr\u00edbete a la bienvenida en el <a href=\"https:\/\/jornadas.fesabid.org\/jeid25\/index.php\/formulario-de-inscripcion-a-las-jornadas\/\">formulario de inscripci\u00f3n a las Jornadas<\/a><\/i>.<\/span>\t\t\t\t\t\t<\/div>\n\t\t\t\t<\/div>\n\t\t\t\t\t<\/div>\n\t\t<\/div>\n\t\t\t\t\t<\/div>\n\t\t<\/section>\n\t\t\t\t<section class=\"elementor-section elementor-top-section elementor-element elementor-element-ec64a18 elementor-section-boxed elementor-section-height-default elementor-section-height-default\" data-id=\"ec64a18\" data-element_type=\"section\">\n\t\t\t\t\t\t<div class=\"elementor-container elementor-column-gap-default\">\n\t\t\t\t\t<div class=\"elementor-column elementor-col-100 elementor-top-column elementor-element elementor-element-cbbe329\" data-id=\"cbbe329\" data-element_type=\"column\">\n\t\t\t<div class=\"elementor-widget-wrap elementor-element-populated\">\n\t\t\t\t\t\t<div class=\"elementor-element elementor-element-95126ef elementor-widget elementor-widget-spacer\" data-id=\"95126ef\" data-element_type=\"widget\" data-widget_type=\"spacer.default\">\n\t\t\t\t<div class=\"elementor-widget-container\">\n\t\t\t\t\t<div class=\"elementor-spacer\">\n\t\t\t<div class=\"elementor-spacer-inner\"><\/div>\n\t\t<\/div>\n\t\t\t\t<\/div>\n\t\t\t\t<\/div>\n\t\t\t\t\t<\/div>\n\t\t<\/div>\n\t\t\t\t\t<\/div>\n\t\t<\/section>\n\t\t\t\t<section class=\"elementor-section elementor-top-section elementor-element elementor-element-7ee9598 elementor-section-boxed elementor-section-height-default elementor-section-height-default\" data-id=\"7ee9598\" data-element_type=\"section\">\n\t\t\t\t\t\t<div class=\"elementor-container elementor-column-gap-default\">\n\t\t\t\t\t<div class=\"elementor-column elementor-col-100 elementor-top-column elementor-element elementor-element-50712d7\" data-id=\"50712d7\" data-element_type=\"column\" data-settings=\"{&quot;background_background&quot;:&quot;classic&quot;}\">\n\t\t\t<div class=\"elementor-widget-wrap elementor-element-populated\">\n\t\t\t\t\t\t<div class=\"elementor-element elementor-element-23348aa elementor-widget elementor-widget-heading\" data-id=\"23348aa\" data-element_type=\"widget\" data-widget_type=\"heading.default\">\n\t\t\t\t<div class=\"elementor-widget-container\">\n\t\t\t<h4 class=\"elementor-heading-title elementor-size-default\">VISITA AL MUSEO ARTIUM MUSEOA<\/h4>\t\t<\/div>\n\t\t\t\t<\/div>\n\t\t\t\t\t<\/div>\n\t\t<\/div>\n\t\t\t\t\t<\/div>\n\t\t<\/section>\n\t\t\t\t<section class=\"elementor-section elementor-top-section elementor-element elementor-element-d27bc9c elementor-section-boxed elementor-section-height-default elementor-section-height-default\" data-id=\"d27bc9c\" data-element_type=\"section\">\n\t\t\t\t\t\t<div class=\"elementor-container elementor-column-gap-default\">\n\t\t\t\t\t<div class=\"elementor-column elementor-col-100 elementor-top-column elementor-element elementor-element-fa22047\" data-id=\"fa22047\" data-element_type=\"column\">\n\t\t\t<div class=\"elementor-widget-wrap elementor-element-populated\">\n\t\t\t\t\t\t<div class=\"elementor-element elementor-element-9491877 elementor-widget elementor-widget-spacer\" data-id=\"9491877\" data-element_type=\"widget\" data-widget_type=\"spacer.default\">\n\t\t\t\t<div class=\"elementor-widget-container\">\n\t\t\t\t\t<div class=\"elementor-spacer\">\n\t\t\t<div class=\"elementor-spacer-inner\"><\/div>\n\t\t<\/div>\n\t\t\t\t<\/div>\n\t\t\t\t<\/div>\n\t\t\t\t\t<\/div>\n\t\t<\/div>\n\t\t\t\t\t<\/div>\n\t\t<\/section>\n\t\t\t\t<section class=\"elementor-section elementor-top-section elementor-element elementor-element-dff71ce elementor-section-boxed elementor-section-height-default elementor-section-height-default\" data-id=\"dff71ce\" data-element_type=\"section\">\n\t\t\t\t\t\t<div class=\"elementor-container elementor-column-gap-default\">\n\t\t\t\t\t<div class=\"elementor-column elementor-col-100 elementor-top-column elementor-element elementor-element-8439fac\" data-id=\"8439fac\" data-element_type=\"column\">\n\t\t\t<div class=\"elementor-widget-wrap elementor-element-populated\">\n\t\t\t\t\t\t<div class=\"elementor-element elementor-element-ff2e954 elementor-widget elementor-widget-heading\" data-id=\"ff2e954\" data-element_type=\"widget\" data-widget_type=\"heading.default\">\n\t\t\t\t<div class=\"elementor-widget-container\">\n\t\t\t<h5 class=\"elementor-heading-title elementor-size-default\">Jueves 5 de Junio, 18:00-20:00 h.<\/h5>\t\t<\/div>\n\t\t\t\t<\/div>\n\t\t\t\t<div class=\"elementor-element elementor-element-8232edf elementor-widget elementor-widget-heading\" data-id=\"8232edf\" data-element_type=\"widget\" data-widget_type=\"heading.default\">\n\t\t\t\t<div class=\"elementor-widget-container\">\n\t\t\t<h5 class=\"elementor-heading-title elementor-size-default\"><a href=\"https:\/\/www.artium.eus\/es\/\" target=\"_blank\">Artium Museoa, Museo de Arte Contempor\u00e1neo del Pa\u00eds Vasco<\/a><\/h5>\t\t<\/div>\n\t\t\t\t<\/div>\n\t\t\t\t<div class=\"elementor-element elementor-element-b9577f8 elementor-widget elementor-widget-spacer\" data-id=\"b9577f8\" data-element_type=\"widget\" data-widget_type=\"spacer.default\">\n\t\t\t\t<div class=\"elementor-widget-container\">\n\t\t\t\t\t<div class=\"elementor-spacer\">\n\t\t\t<div class=\"elementor-spacer-inner\"><\/div>\n\t\t<\/div>\n\t\t\t\t<\/div>\n\t\t\t\t<\/div>\n\t\t\t\t<div class=\"elementor-element elementor-element-d5f85fd elementor-widget elementor-widget-text-editor\" data-id=\"d5f85fd\" data-element_type=\"widget\" data-widget_type=\"text-editor.default\">\n\t\t\t\t<div class=\"elementor-widget-container\">\n\t\t\t\t\t\t\t<span style=\"font-family: myrad-regurlar; font-size: 14pt;\">Junto a la almendra medieval de Vitoria-Gasteiz, con 13.000 m2 construidos, casi el 75% por debajo del nivel de la calle, el edificio se organiza en torno y por debajo de una plaza interna, en la que se encuentra el Lorategi, el jard\u00edn del museo. Del edificio s\u00f3lo son visibles dos vol\u00famenes: un gran cubo de hormig\u00f3n blanco, despojado de vestiduras arquitect\u00f3nicas para reducirlo a mera naturaleza bruta y un segundo volumen, en granito gris, que emerge de la superficie para delimitar la plaza interna. En el subsuelo, el recorrido a trav\u00e9s de las salas permite conocer la colecci\u00f3n y las exposiciones del museo.<\/span><br><br>\n\n<span style=\"font-family: myrad-regurlar;\"><span style=\"color: #d54b3e;\"><b>Direcci\u00f3n:<\/b><\/span> Francia, 24, 01002 Vitoria-Gasteiz.<\/span><br>\n\n<span style=\"font-family: myrad-regurlar;\"><span style=\"color: #d54b3e;\"><b>Aforo limitado:<\/b><\/span> 25 personas.<\/span><br>\n\n<span style=\"font-family: myrad-regurlar;\"><i>Inscr\u00edbete a la visita a trav\u00e9s de <a href=\"https:\/\/jornadas.fesabid.org\/jeid25\/index.php\/formulario-de-inscripcion-a-las-visitas\/\">\u00e9ste formulario<\/a><\/i>.<\/span>\t\t\t\t\t\t<\/div>\n\t\t\t\t<\/div>\n\t\t\t\t\t<\/div>\n\t\t<\/div>\n\t\t\t\t\t<\/div>\n\t\t<\/section>\n\t\t\t\t<section class=\"elementor-section elementor-top-section elementor-element elementor-element-9a5c58e elementor-section-boxed elementor-section-height-default elementor-section-height-default\" data-id=\"9a5c58e\" data-element_type=\"section\">\n\t\t\t\t\t\t<div class=\"elementor-container elementor-column-gap-default\">\n\t\t\t\t\t<div class=\"elementor-column elementor-col-100 elementor-top-column elementor-element elementor-element-b11fb0a\" data-id=\"b11fb0a\" data-element_type=\"column\">\n\t\t\t<div class=\"elementor-widget-wrap elementor-element-populated\">\n\t\t\t\t\t\t<div class=\"elementor-element elementor-element-6011809 elementor-widget elementor-widget-spacer\" data-id=\"6011809\" data-element_type=\"widget\" data-widget_type=\"spacer.default\">\n\t\t\t\t<div class=\"elementor-widget-container\">\n\t\t\t\t\t<div class=\"elementor-spacer\">\n\t\t\t<div class=\"elementor-spacer-inner\"><\/div>\n\t\t<\/div>\n\t\t\t\t<\/div>\n\t\t\t\t<\/div>\n\t\t\t\t\t<\/div>\n\t\t<\/div>\n\t\t\t\t\t<\/div>\n\t\t<\/section>\n\t\t\t\t<section class=\"elementor-section elementor-top-section elementor-element elementor-element-ab04bf9 elementor-section-boxed elementor-section-height-default elementor-section-height-default\" data-id=\"ab04bf9\" data-element_type=\"section\">\n\t\t\t\t\t\t<div class=\"elementor-container elementor-column-gap-default\">\n\t\t\t\t\t<div class=\"elementor-column elementor-col-100 elementor-top-column elementor-element elementor-element-d589a28\" data-id=\"d589a28\" data-element_type=\"column\" data-settings=\"{&quot;background_background&quot;:&quot;classic&quot;}\">\n\t\t\t<div class=\"elementor-widget-wrap elementor-element-populated\">\n\t\t\t\t\t\t<div class=\"elementor-element elementor-element-d2c3255 elementor-widget elementor-widget-heading\" data-id=\"d2c3255\" data-element_type=\"widget\" data-widget_type=\"heading.default\">\n\t\t\t\t<div class=\"elementor-widget-container\">\n\t\t\t<h4 class=\"elementor-heading-title elementor-size-default\">VISITA A FUNDACI\u00d3N SANCHO EL SABIO<\/h4>\t\t<\/div>\n\t\t\t\t<\/div>\n\t\t\t\t\t<\/div>\n\t\t<\/div>\n\t\t\t\t\t<\/div>\n\t\t<\/section>\n\t\t\t\t<section class=\"elementor-section elementor-top-section elementor-element elementor-element-fe753b7 elementor-section-boxed elementor-section-height-default elementor-section-height-default\" data-id=\"fe753b7\" data-element_type=\"section\">\n\t\t\t\t\t\t<div class=\"elementor-container elementor-column-gap-default\">\n\t\t\t\t\t<div class=\"elementor-column elementor-col-100 elementor-top-column elementor-element elementor-element-00aee01\" data-id=\"00aee01\" data-element_type=\"column\">\n\t\t\t<div class=\"elementor-widget-wrap elementor-element-populated\">\n\t\t\t\t\t\t<div class=\"elementor-element elementor-element-cd591e6 elementor-widget elementor-widget-spacer\" data-id=\"cd591e6\" data-element_type=\"widget\" data-widget_type=\"spacer.default\">\n\t\t\t\t<div class=\"elementor-widget-container\">\n\t\t\t\t\t<div class=\"elementor-spacer\">\n\t\t\t<div class=\"elementor-spacer-inner\"><\/div>\n\t\t<\/div>\n\t\t\t\t<\/div>\n\t\t\t\t<\/div>\n\t\t\t\t\t<\/div>\n\t\t<\/div>\n\t\t\t\t\t<\/div>\n\t\t<\/section>\n\t\t\t\t<section class=\"elementor-section elementor-top-section elementor-element elementor-element-7feb23d elementor-section-boxed elementor-section-height-default elementor-section-height-default\" data-id=\"7feb23d\" data-element_type=\"section\">\n\t\t\t\t\t\t<div class=\"elementor-container elementor-column-gap-default\">\n\t\t\t\t\t<div class=\"elementor-column elementor-col-100 elementor-top-column elementor-element elementor-element-af435b2\" data-id=\"af435b2\" data-element_type=\"column\">\n\t\t\t<div class=\"elementor-widget-wrap elementor-element-populated\">\n\t\t\t\t\t\t<div class=\"elementor-element elementor-element-ca59723 elementor-widget elementor-widget-heading\" data-id=\"ca59723\" data-element_type=\"widget\" data-widget_type=\"heading.default\">\n\t\t\t\t<div class=\"elementor-widget-container\">\n\t\t\t<h5 class=\"elementor-heading-title elementor-size-default\">Jueves 5 de Junio, 18:00-20:00h.<\/h5>\t\t<\/div>\n\t\t\t\t<\/div>\n\t\t\t\t<div class=\"elementor-element elementor-element-61856e0 elementor-widget elementor-widget-spacer\" data-id=\"61856e0\" data-element_type=\"widget\" data-widget_type=\"spacer.default\">\n\t\t\t\t<div class=\"elementor-widget-container\">\n\t\t\t\t\t<div class=\"elementor-spacer\">\n\t\t\t<div class=\"elementor-spacer-inner\"><\/div>\n\t\t<\/div>\n\t\t\t\t<\/div>\n\t\t\t\t<\/div>\n\t\t\t\t<div class=\"elementor-element elementor-element-743841b elementor-widget elementor-widget-text-editor\" data-id=\"743841b\" data-element_type=\"widget\" data-widget_type=\"text-editor.default\">\n\t\t\t\t<div class=\"elementor-widget-container\">\n\t\t\t\t\t\t\t<span style=\"font-family: myrad-regurlar; font-size: 14pt;\">Fundaci\u00f3n Sancho el Sabio Vital Fundazioa es uno de los centros de documentaci\u00f3n m\u00e1s importantes del mundo en cuanto a la cultura vasca se refiere, constituida dentro de las Fundaciones Vital (integradas tambi\u00e9n por Fundaci\u00f3n Vital Fundazioa, Fundaci\u00f3n Estadio Vital Fundazioa, Fundaci\u00f3n Idiomas Vital Fundazioa y Fundaci\u00f3n Bancaria Vital-Vital Banku Fundazioa). Conserva la memoria bibliogr\u00e1fica y documental del pueblo vasco a trav\u00e9s de su historia y su biblioteca contiene, desde 1964, un valioso fondo documental en el que se pueden encontrar monograf\u00edas, publicaciones peri\u00f3dicas, fotograf\u00edas, manuscritos, mapas o documentaci\u00f3n familiar; una importante riqueza patrimonial que le ha convertido en un referente obligado para la investigaci\u00f3n sobre la cultura vasca.<\/span><br><br>\n\n<span style=\"font-family: myrad-regurlar;\"><span style=\"color: #d54b3e;\"><b>Direcci\u00f3n:<\/b><\/span> Portal de Beto\u00f1o, 23, 01013 Vitoria-Gasteiz.<\/span><br>\n\n<span style=\"font-family: myrad-regurlar;\"><span style=\"color: #d54b3e;\"><b>Aforo limitado:<\/b><\/span> 25 personas.<\/span><br>\n\n<span style=\"font-family: myrad-regurlar;\"><i>Inscr\u00edbete a la visita a trav\u00e9s de <a href=\"https:\/\/jornadas.fesabid.org\/jeid25\/index.php\/formulario-de-inscripcion-a-las-visitas\/\">\u00e9ste formulario<\/a><\/i>.<\/span>\t\t\t\t\t\t<\/div>\n\t\t\t\t<\/div>\n\t\t\t\t\t<\/div>\n\t\t<\/div>\n\t\t\t\t\t<\/div>\n\t\t<\/section>\n\t\t\t\t<section class=\"elementor-section elementor-top-section elementor-element elementor-element-d011ac7 elementor-section-boxed elementor-section-height-default elementor-section-height-default\" data-id=\"d011ac7\" data-element_type=\"section\">\n\t\t\t\t\t\t<div class=\"elementor-container elementor-column-gap-default\">\n\t\t\t\t\t<div class=\"elementor-column elementor-col-100 elementor-top-column elementor-element elementor-element-d9ef5a1\" data-id=\"d9ef5a1\" data-element_type=\"column\">\n\t\t\t<div class=\"elementor-widget-wrap elementor-element-populated\">\n\t\t\t\t\t\t<div class=\"elementor-element elementor-element-c3cc299 elementor-widget elementor-widget-spacer\" data-id=\"c3cc299\" data-element_type=\"widget\" data-widget_type=\"spacer.default\">\n\t\t\t\t<div class=\"elementor-widget-container\">\n\t\t\t\t\t<div class=\"elementor-spacer\">\n\t\t\t<div class=\"elementor-spacer-inner\"><\/div>\n\t\t<\/div>\n\t\t\t\t<\/div>\n\t\t\t\t<\/div>\n\t\t\t\t\t<\/div>\n\t\t<\/div>\n\t\t\t\t\t<\/div>\n\t\t<\/section>\n\t\t\t\t<section class=\"elementor-section elementor-top-section elementor-element elementor-element-7f896c8 elementor-section-boxed elementor-section-height-default elementor-section-height-default\" data-id=\"7f896c8\" data-element_type=\"section\">\n\t\t\t\t\t\t<div class=\"elementor-container elementor-column-gap-default\">\n\t\t\t\t\t<div class=\"elementor-column elementor-col-100 elementor-top-column elementor-element elementor-element-07a99fc\" data-id=\"07a99fc\" data-element_type=\"column\" data-settings=\"{&quot;background_background&quot;:&quot;classic&quot;}\">\n\t\t\t<div class=\"elementor-widget-wrap elementor-element-populated\">\n\t\t\t\t\t\t<div class=\"elementor-element elementor-element-3f20748 elementor-widget elementor-widget-heading\" data-id=\"3f20748\" data-element_type=\"widget\" data-widget_type=\"heading.default\">\n\t\t\t\t<div class=\"elementor-widget-container\">\n\t\t\t<h4 class=\"elementor-heading-title elementor-size-default\">VISITA A LA BIBLIOTECA DEL PARLAMENTO VASCO<\/h4>\t\t<\/div>\n\t\t\t\t<\/div>\n\t\t\t\t\t<\/div>\n\t\t<\/div>\n\t\t\t\t\t<\/div>\n\t\t<\/section>\n\t\t\t\t<section class=\"elementor-section elementor-top-section elementor-element elementor-element-0dcff2f elementor-section-boxed elementor-section-height-default elementor-section-height-default\" data-id=\"0dcff2f\" data-element_type=\"section\">\n\t\t\t\t\t\t<div class=\"elementor-container elementor-column-gap-default\">\n\t\t\t\t\t<div class=\"elementor-column elementor-col-100 elementor-top-column elementor-element elementor-element-b98be71\" data-id=\"b98be71\" data-element_type=\"column\">\n\t\t\t<div class=\"elementor-widget-wrap elementor-element-populated\">\n\t\t\t\t\t\t<div class=\"elementor-element elementor-element-50e6c1c elementor-widget elementor-widget-spacer\" data-id=\"50e6c1c\" data-element_type=\"widget\" data-widget_type=\"spacer.default\">\n\t\t\t\t<div class=\"elementor-widget-container\">\n\t\t\t\t\t<div class=\"elementor-spacer\">\n\t\t\t<div class=\"elementor-spacer-inner\"><\/div>\n\t\t<\/div>\n\t\t\t\t<\/div>\n\t\t\t\t<\/div>\n\t\t\t\t\t<\/div>\n\t\t<\/div>\n\t\t\t\t\t<\/div>\n\t\t<\/section>\n\t\t\t\t<section class=\"elementor-section elementor-top-section elementor-element elementor-element-00f84a5 elementor-section-boxed elementor-section-height-default elementor-section-height-default\" data-id=\"00f84a5\" data-element_type=\"section\">\n\t\t\t\t\t\t<div class=\"elementor-container elementor-column-gap-default\">\n\t\t\t\t\t<div class=\"elementor-column elementor-col-100 elementor-top-column elementor-element elementor-element-e284b73\" data-id=\"e284b73\" data-element_type=\"column\">\n\t\t\t<div class=\"elementor-widget-wrap elementor-element-populated\">\n\t\t\t\t\t\t<div class=\"elementor-element elementor-element-95451ce elementor-widget elementor-widget-heading\" data-id=\"95451ce\" data-element_type=\"widget\" data-widget_type=\"heading.default\">\n\t\t\t\t<div class=\"elementor-widget-container\">\n\t\t\t<h5 class=\"elementor-heading-title elementor-size-default\">Jueves 5 de Junio, 18:00-20:00h.<\/h5>\t\t<\/div>\n\t\t\t\t<\/div>\n\t\t\t\t<div class=\"elementor-element elementor-element-0ff70cf elementor-widget elementor-widget-spacer\" data-id=\"0ff70cf\" data-element_type=\"widget\" data-widget_type=\"spacer.default\">\n\t\t\t\t<div class=\"elementor-widget-container\">\n\t\t\t\t\t<div class=\"elementor-spacer\">\n\t\t\t<div class=\"elementor-spacer-inner\"><\/div>\n\t\t<\/div>\n\t\t\t\t<\/div>\n\t\t\t\t<\/div>\n\t\t\t\t<div class=\"elementor-element elementor-element-5890618 elementor-widget elementor-widget-text-editor\" data-id=\"5890618\" data-element_type=\"widget\" data-widget_type=\"text-editor.default\">\n\t\t\t\t<div class=\"elementor-widget-container\">\n\t\t\t\t\t\t\t<span style=\"font-family: myrad-regurlar; font-size: 14pt;\"><b>Parlamento Vasco, Eusko Legebiltzarra. Visita 360\u00ba\n<\/b><\/span>\t\t\t\t\t\t<\/div>\n\t\t\t\t<\/div>\n\t\t\t\t<div class=\"elementor-element elementor-element-f6cef0e elementor-widget elementor-widget-text-editor\" data-id=\"f6cef0e\" data-element_type=\"widget\" data-widget_type=\"text-editor.default\">\n\t\t\t\t<div class=\"elementor-widget-container\">\n\t\t\t\t\t\t\t<span style=\"font-family: myrad-regurlar; font-size: 14pt;\">El Parlamento Vasco se cre\u00f3 como consecuencia de la aprobaci\u00f3n, el 25 de octubre de 1979, del Estatuto de Autonom\u00eda de Gernika. A partir del 1 de febrero de 1982, la sede definitiva se fij\u00f3 en el actual edificio de la calle Becerro de Bengoa en Vitoria-Gasteiz. En el a\u00f1o 2000 se ampliaron las instalaciones parlamentarias con una sede administrativa situada al otro lado de la misma calle, donde se encuentra la biblioteca. <\/span>\t\t\t\t\t\t<\/div>\n\t\t\t\t<\/div>\n\t\t\t\t<div class=\"elementor-element elementor-element-0d62d17 elementor-widget elementor-widget-text-editor\" data-id=\"0d62d17\" data-element_type=\"widget\" data-widget_type=\"text-editor.default\">\n\t\t\t\t<div class=\"elementor-widget-container\">\n\t\t\t\t\t\t\t<span style=\"font-family: myrad-regurlar; font-size: 14pt;\">La Biblioteca del Parlamento Vasco aglutina un conjunto de recursos y servicios destinados a satisfacer las necesidades de informaci\u00f3n relacionadas con el desarrollo de la actividad parlamentaria e institucional. Est\u00e1 especializada en derecho p\u00fablico y ciencias sociales. Cuenta adem\u00e1s, fruto de su evoluci\u00f3n hist\u00f3rica, con varias colecciones especiales orientadas al estudio e investigaci\u00f3n:<\/span>\n<ul style=\"font-family: myrad-regurlar; font-size: 14pt;\">\n \t<li>Estudios Vascos. Fondo hist\u00f3rico de tem\u00e1tica vasca, que integra adem\u00e1s impresos antiguos y manuscritos.<\/li>\n \t<li>Fondo Bol\u00edvar. Biblioteca de investigaci\u00f3n dedicada \u00edntegramente a Sim\u00f3n Bol\u00edvar, reunida y donada por Francisco de Abrisqueta.<\/li>\n<\/ul>\n\n<span style=\"font-family: myrad-regurlar;\"><span style=\"color: #d54b3e;\"><b>Direcci\u00f3n:<\/b><\/span> Becerro de Bengoa, s\/n, 01005 Vitoria-Gasteiz.<\/span><br>\n\n<span style=\"font-family: myrad-regurlar;\"><span style=\"color: #d54b3e;\"><b>Aforo limitado:<\/b><\/span> 25 personas.<\/span><br>\n\n<span style=\"font-family: myrad-regurlar;\"><i>Inscr\u00edbete a la visita a trav\u00e9s de <a href=\"https:\/\/jornadas.fesabid.org\/jeid25\/index.php\/formulario-de-inscripcion-a-las-visitas\/\">\u00e9ste formulario<\/a><\/i>.<\/span>\t\t\t\t\t\t<\/div>\n\t\t\t\t<\/div>\n\t\t\t\t\t<\/div>\n\t\t<\/div>\n\t\t\t\t\t<\/div>\n\t\t<\/section>\n\t\t\t\t<section class=\"elementor-section elementor-top-section elementor-element elementor-element-fe71ac0 elementor-section-boxed elementor-section-height-default elementor-section-height-default\" data-id=\"fe71ac0\" data-element_type=\"section\">\n\t\t\t\t\t\t<div class=\"elementor-container elementor-column-gap-default\">\n\t\t\t\t\t<div class=\"elementor-column elementor-col-100 elementor-top-column elementor-element elementor-element-0b80856\" data-id=\"0b80856\" data-element_type=\"column\">\n\t\t\t<div class=\"elementor-widget-wrap elementor-element-populated\">\n\t\t\t\t\t\t<div class=\"elementor-element elementor-element-534b6f4 elementor-widget elementor-widget-spacer\" data-id=\"534b6f4\" data-element_type=\"widget\" data-widget_type=\"spacer.default\">\n\t\t\t\t<div class=\"elementor-widget-container\">\n\t\t\t\t\t<div class=\"elementor-spacer\">\n\t\t\t<div class=\"elementor-spacer-inner\"><\/div>\n\t\t<\/div>\n\t\t\t\t<\/div>\n\t\t\t\t<\/div>\n\t\t\t\t\t<\/div>\n\t\t<\/div>\n\t\t\t\t\t<\/div>\n\t\t<\/section>\n\t\t\t\t<section class=\"elementor-section elementor-top-section elementor-element elementor-element-7ebc3ae elementor-section-boxed elementor-section-height-default elementor-section-height-default\" data-id=\"7ebc3ae\" data-element_type=\"section\">\n\t\t\t\t\t\t<div class=\"elementor-container elementor-column-gap-default\">\n\t\t\t\t\t<div class=\"elementor-column elementor-col-100 elementor-top-column elementor-element elementor-element-79c38eb\" data-id=\"79c38eb\" data-element_type=\"column\" data-settings=\"{&quot;background_background&quot;:&quot;classic&quot;}\">\n\t\t\t<div class=\"elementor-widget-wrap elementor-element-populated\">\n\t\t\t\t\t\t<div class=\"elementor-element elementor-element-06468c0 elementor-widget elementor-widget-heading\" data-id=\"06468c0\" data-element_type=\"widget\" data-widget_type=\"heading.default\">\n\t\t\t\t<div class=\"elementor-widget-container\">\n\t\t\t<h4 class=\"elementor-heading-title elementor-size-default\">VISITA AL DEP\u00d3SITO ROBOTIZADO DEL ARCHIVO GENERAL DEL SECTOR P\u00daBLICO DE LA CAPV<\/h4>\t\t<\/div>\n\t\t\t\t<\/div>\n\t\t\t\t\t<\/div>\n\t\t<\/div>\n\t\t\t\t\t<\/div>\n\t\t<\/section>\n\t\t\t\t<section class=\"elementor-section elementor-top-section elementor-element elementor-element-4b5db79 elementor-section-boxed elementor-section-height-default elementor-section-height-default\" data-id=\"4b5db79\" data-element_type=\"section\">\n\t\t\t\t\t\t<div class=\"elementor-container elementor-column-gap-default\">\n\t\t\t\t\t<div class=\"elementor-column elementor-col-100 elementor-top-column elementor-element elementor-element-56777d3\" data-id=\"56777d3\" data-element_type=\"column\">\n\t\t\t<div class=\"elementor-widget-wrap elementor-element-populated\">\n\t\t\t\t\t\t<div class=\"elementor-element elementor-element-0f2f342 elementor-widget elementor-widget-spacer\" data-id=\"0f2f342\" data-element_type=\"widget\" data-widget_type=\"spacer.default\">\n\t\t\t\t<div class=\"elementor-widget-container\">\n\t\t\t\t\t<div class=\"elementor-spacer\">\n\t\t\t<div class=\"elementor-spacer-inner\"><\/div>\n\t\t<\/div>\n\t\t\t\t<\/div>\n\t\t\t\t<\/div>\n\t\t\t\t\t<\/div>\n\t\t<\/div>\n\t\t\t\t\t<\/div>\n\t\t<\/section>\n\t\t\t\t<section class=\"elementor-section elementor-top-section elementor-element elementor-element-62d479d elementor-section-boxed elementor-section-height-default elementor-section-height-default\" data-id=\"62d479d\" data-element_type=\"section\">\n\t\t\t\t\t\t<div class=\"elementor-container elementor-column-gap-default\">\n\t\t\t\t\t<div class=\"elementor-column elementor-col-100 elementor-top-column elementor-element elementor-element-977354e\" data-id=\"977354e\" data-element_type=\"column\">\n\t\t\t<div class=\"elementor-widget-wrap elementor-element-populated\">\n\t\t\t\t\t\t<div class=\"elementor-element elementor-element-807f9ae elementor-widget elementor-widget-heading\" data-id=\"807f9ae\" data-element_type=\"widget\" data-widget_type=\"heading.default\">\n\t\t\t\t<div class=\"elementor-widget-container\">\n\t\t\t<h5 class=\"elementor-heading-title elementor-size-default\">Jueves 5 de Junio, 18:00-20:00h.<\/h5>\t\t<\/div>\n\t\t\t\t<\/div>\n\t\t\t\t<div class=\"elementor-element elementor-element-d4572f8 elementor-widget elementor-widget-spacer\" data-id=\"d4572f8\" data-element_type=\"widget\" data-widget_type=\"spacer.default\">\n\t\t\t\t<div class=\"elementor-widget-container\">\n\t\t\t\t\t<div class=\"elementor-spacer\">\n\t\t\t<div class=\"elementor-spacer-inner\"><\/div>\n\t\t<\/div>\n\t\t\t\t<\/div>\n\t\t\t\t<\/div>\n\t\t\t\t<div class=\"elementor-element elementor-element-9c9c62a elementor-widget elementor-widget-text-editor\" data-id=\"9c9c62a\" data-element_type=\"widget\" data-widget_type=\"text-editor.default\">\n\t\t\t\t<div class=\"elementor-widget-container\">\n\t\t\t\t\t\t\t<span style=\"font-family: myrad-regurlar; font-size: 14pt;\">Desde 2010, el Archivo General del Sistema de Archivo del Sector P\u00fablico de la CAPV dispone de un edificio robotizado para la custodia de la documentaci\u00f3n.\nEs un edificio de nueva planta con capacidad para 62 kil\u00f3metros de estanter\u00eda y que est\u00e1 dotado de zonas de servicio, muelles de carga y descarga y destructora de papel, en el que dos robots trabajan extrayendo y depositando los contenedores que albergan la documentaci\u00f3n en papel, donde los funcionarios extraen y guardan los expedientes.<\/span><br><br>\n\n<span style=\"font-family: myrad-regurlar;\"><span style=\"color: #d54b3e;\"><b>Direcci\u00f3n:<\/b><\/span> Calle Zubibarri, 10, interior, Pol\u00edgono de Gamarra, 01013 Vitoria-Gasteiz.<\/span><br>\n\n<span style=\"font-family: myrad-regurlar;\"><span style=\"color: #d54b3e;\"><b>Aforo limitado:<\/b><\/span> 25 personas.<\/span><br>\n\n<span style=\"font-family: myrad-regurlar;\"><i>Inscr\u00edbete a la visita a trav\u00e9s de <a href=\"https:\/\/jornadas.fesabid.org\/jeid25\/index.php\/formulario-de-inscripcion-a-las-visitas\/\">\u00e9ste formulario<\/a><\/i>.<\/span>\t\t\t\t\t\t<\/div>\n\t\t\t\t<\/div>\n\t\t\t\t\t<\/div>\n\t\t<\/div>\n\t\t\t\t\t<\/div>\n\t\t<\/section>\n\t\t\t\t<section class=\"elementor-section elementor-top-section elementor-element elementor-element-7db7774 elementor-section-boxed elementor-section-height-default elementor-section-height-default\" data-id=\"7db7774\" data-element_type=\"section\">\n\t\t\t\t\t\t<div class=\"elementor-container elementor-column-gap-default\">\n\t\t\t\t\t<div class=\"elementor-column elementor-col-100 elementor-top-column elementor-element elementor-element-1a275e5\" data-id=\"1a275e5\" data-element_type=\"column\">\n\t\t\t<div class=\"elementor-widget-wrap elementor-element-populated\">\n\t\t\t\t\t\t<div class=\"elementor-element elementor-element-5d22727 elementor-widget elementor-widget-spacer\" data-id=\"5d22727\" data-element_type=\"widget\" data-widget_type=\"spacer.default\">\n\t\t\t\t<div class=\"elementor-widget-container\">\n\t\t\t\t\t<div class=\"elementor-spacer\">\n\t\t\t<div class=\"elementor-spacer-inner\"><\/div>\n\t\t<\/div>\n\t\t\t\t<\/div>\n\t\t\t\t<\/div>\n\t\t\t\t\t<\/div>\n\t\t<\/div>\n\t\t\t\t\t<\/div>\n\t\t<\/section>\n\t\t\t\t<section class=\"elementor-section elementor-top-section elementor-element elementor-element-b4a48cd elementor-section-boxed elementor-section-height-default elementor-section-height-default\" data-id=\"b4a48cd\" data-element_type=\"section\">\n\t\t\t\t\t\t<div class=\"elementor-container elementor-column-gap-default\">\n\t\t\t\t\t<div class=\"elementor-column elementor-col-100 elementor-top-column elementor-element elementor-element-2250401\" data-id=\"2250401\" data-element_type=\"column\" data-settings=\"{&quot;background_background&quot;:&quot;classic&quot;}\">\n\t\t\t<div class=\"elementor-widget-wrap elementor-element-populated\">\n\t\t\t\t\t\t<div class=\"elementor-element elementor-element-1230030 elementor-widget elementor-widget-heading\" data-id=\"1230030\" data-element_type=\"widget\" data-widget_type=\"heading.default\">\n\t\t\t\t<div class=\"elementor-widget-container\">\n\t\t\t<h4 class=\"elementor-heading-title elementor-size-default\">CENA DE LAS JORNADAS EN EL HOTEL NH CANCILLER AYALA<\/h4>\t\t<\/div>\n\t\t\t\t<\/div>\n\t\t\t\t\t<\/div>\n\t\t<\/div>\n\t\t\t\t\t<\/div>\n\t\t<\/section>\n\t\t\t\t<section class=\"elementor-section elementor-top-section elementor-element elementor-element-9e8f385 elementor-section-boxed elementor-section-height-default elementor-section-height-default\" data-id=\"9e8f385\" data-element_type=\"section\">\n\t\t\t\t\t\t<div class=\"elementor-container elementor-column-gap-default\">\n\t\t\t\t\t<div class=\"elementor-column elementor-col-100 elementor-top-column elementor-element elementor-element-955ef35\" data-id=\"955ef35\" data-element_type=\"column\">\n\t\t\t<div class=\"elementor-widget-wrap elementor-element-populated\">\n\t\t\t\t\t\t<div class=\"elementor-element elementor-element-337bd67 elementor-widget elementor-widget-spacer\" data-id=\"337bd67\" data-element_type=\"widget\" data-widget_type=\"spacer.default\">\n\t\t\t\t<div class=\"elementor-widget-container\">\n\t\t\t\t\t<div class=\"elementor-spacer\">\n\t\t\t<div class=\"elementor-spacer-inner\"><\/div>\n\t\t<\/div>\n\t\t\t\t<\/div>\n\t\t\t\t<\/div>\n\t\t\t\t\t<\/div>\n\t\t<\/div>\n\t\t\t\t\t<\/div>\n\t\t<\/section>\n\t\t\t\t<section class=\"elementor-section elementor-top-section elementor-element elementor-element-59b1deb elementor-section-boxed elementor-section-height-default elementor-section-height-default\" data-id=\"59b1deb\" data-element_type=\"section\">\n\t\t\t\t\t\t<div class=\"elementor-container elementor-column-gap-default\">\n\t\t\t\t\t<div class=\"elementor-column elementor-col-100 elementor-top-column elementor-element elementor-element-bc1107a\" data-id=\"bc1107a\" data-element_type=\"column\">\n\t\t\t<div class=\"elementor-widget-wrap elementor-element-populated\">\n\t\t\t\t\t\t<div class=\"elementor-element elementor-element-0cd7d7d elementor-widget elementor-widget-heading\" data-id=\"0cd7d7d\" data-element_type=\"widget\" data-widget_type=\"heading.default\">\n\t\t\t\t<div class=\"elementor-widget-container\">\n\t\t\t<h5 class=\"elementor-heading-title elementor-size-default\">Jueves 5 de Junio, 21:00h.<\/h5>\t\t<\/div>\n\t\t\t\t<\/div>\n\t\t\t\t<div class=\"elementor-element elementor-element-f269f0c elementor-widget elementor-widget-spacer\" data-id=\"f269f0c\" data-element_type=\"widget\" data-widget_type=\"spacer.default\">\n\t\t\t\t<div class=\"elementor-widget-container\">\n\t\t\t\t\t<div class=\"elementor-spacer\">\n\t\t\t<div class=\"elementor-spacer-inner\"><\/div>\n\t\t<\/div>\n\t\t\t\t<\/div>\n\t\t\t\t<\/div>\n\t\t\t\t<div class=\"elementor-element elementor-element-3ae228a elementor-widget elementor-widget-text-editor\" data-id=\"3ae228a\" data-element_type=\"widget\" data-widget_type=\"text-editor.default\">\n\t\t\t\t<div class=\"elementor-widget-container\">\n\t\t\t\t\t\t\t<span style=\"font-family: myrad-regurlar; font-size: 14pt;\">La cena de las JEID25 ser\u00e1 en el Hotel NH Canciller Ayala. Este encantador establecimiento est\u00e1 situado en una zona estrat\u00e9gica de Gasteiz; permite a los visitantes explorar la belleza de la ciudad con facilidad. Desde sus inmensos ventanales puede verse el Parque de La Florida, el m\u00e1s antiguo de la ciudad.<\/span><br><br>\n\n<span style=\"font-family: myrad-regurlar;\"><span style=\"color: #d54b3e;\"><b>Direcci\u00f3n:<\/b><\/span> Ram\u00f3n y Cajal, 5, 01007 Vitoria-Gasteiz.<\/span><br>\n\n<span style=\"font-family: myrad-regurlar;\"><i>Inscr\u00edbete a la bienvenida en el <a href=\"https:\/\/jornadas.fesabid.org\/jeid25\/index.php\/formulario-de-inscripcion-a-las-jornadas\/\">formulario de inscripci\u00f3n a las Jornadas<\/a><\/i>.<\/span>\t\t\t\t\t\t<\/div>\n\t\t\t\t<\/div>\n\t\t\t\t\t<\/div>\n\t\t<\/div>\n\t\t\t\t\t<\/div>\n\t\t<\/section>\n\t\t\t\t<section class=\"elementor-section elementor-top-section elementor-element elementor-element-b9f147d elementor-section-boxed elementor-section-height-default elementor-section-height-default\" data-id=\"b9f147d\" data-element_type=\"section\">\n\t\t\t\t\t\t<div class=\"elementor-container elementor-column-gap-default\">\n\t\t\t\t\t<div class=\"elementor-column elementor-col-100 elementor-top-column elementor-element elementor-element-365794d\" data-id=\"365794d\" data-element_type=\"column\">\n\t\t\t<div class=\"elementor-widget-wrap elementor-element-populated\">\n\t\t\t\t\t\t<div class=\"elementor-element elementor-element-2e4c0b4 elementor-widget elementor-widget-spacer\" data-id=\"2e4c0b4\" data-element_type=\"widget\" data-widget_type=\"spacer.default\">\n\t\t\t\t<div class=\"elementor-widget-container\">\n\t\t\t\t\t<div class=\"elementor-spacer\">\n\t\t\t<div class=\"elementor-spacer-inner\"><\/div>\n\t\t<\/div>\n\t\t\t\t<\/div>\n\t\t\t\t<\/div>\n\t\t\t\t\t<\/div>\n\t\t<\/div>\n\t\t\t\t\t<\/div>\n\t\t<\/section>\n\t\t\t\t<section class=\"elementor-section elementor-top-section elementor-element elementor-element-6b612df elementor-section-boxed elementor-section-height-default elementor-section-height-default\" data-id=\"6b612df\" data-element_type=\"section\">\n\t\t\t\t\t\t<div class=\"elementor-container elementor-column-gap-default\">\n\t\t\t\t\t<div class=\"elementor-column elementor-col-100 elementor-top-column elementor-element elementor-element-8d4537c\" data-id=\"8d4537c\" data-element_type=\"column\" data-settings=\"{&quot;background_background&quot;:&quot;classic&quot;}\">\n\t\t\t<div class=\"elementor-widget-wrap elementor-element-populated\">\n\t\t\t\t\t\t<div class=\"elementor-element elementor-element-1244efe elementor-widget elementor-widget-heading\" data-id=\"1244efe\" data-element_type=\"widget\" data-widget_type=\"heading.default\">\n\t\t\t\t<div class=\"elementor-widget-container\">\n\t\t\t<h4 class=\"elementor-heading-title elementor-size-default\">VISITAS A LA CIUDAD DE VITORIA-GASTEIZ<\/h4>\t\t<\/div>\n\t\t\t\t<\/div>\n\t\t\t\t\t<\/div>\n\t\t<\/div>\n\t\t\t\t\t<\/div>\n\t\t<\/section>\n\t\t\t\t<section class=\"elementor-section elementor-top-section elementor-element elementor-element-f0d5355 elementor-section-boxed elementor-section-height-default elementor-section-height-default\" data-id=\"f0d5355\" data-element_type=\"section\">\n\t\t\t\t\t\t<div class=\"elementor-container elementor-column-gap-default\">\n\t\t\t\t\t<div class=\"elementor-column elementor-col-100 elementor-top-column elementor-element elementor-element-9e8be48\" data-id=\"9e8be48\" data-element_type=\"column\">\n\t\t\t<div class=\"elementor-widget-wrap elementor-element-populated\">\n\t\t\t\t\t\t<div class=\"elementor-element elementor-element-794cb42 elementor-widget elementor-widget-spacer\" data-id=\"794cb42\" data-element_type=\"widget\" data-widget_type=\"spacer.default\">\n\t\t\t\t<div class=\"elementor-widget-container\">\n\t\t\t\t\t<div class=\"elementor-spacer\">\n\t\t\t<div class=\"elementor-spacer-inner\"><\/div>\n\t\t<\/div>\n\t\t\t\t<\/div>\n\t\t\t\t<\/div>\n\t\t\t\t\t<\/div>\n\t\t<\/div>\n\t\t\t\t\t<\/div>\n\t\t<\/section>\n\t\t\t\t<section class=\"elementor-section elementor-top-section elementor-element elementor-element-6f34407 elementor-section-boxed elementor-section-height-default elementor-section-height-default\" data-id=\"6f34407\" data-element_type=\"section\">\n\t\t\t\t\t\t<div class=\"elementor-container elementor-column-gap-default\">\n\t\t\t\t\t<div class=\"elementor-column elementor-col-100 elementor-top-column elementor-element elementor-element-946145a\" data-id=\"946145a\" data-element_type=\"column\">\n\t\t\t<div class=\"elementor-widget-wrap elementor-element-populated\">\n\t\t\t\t\t\t<div class=\"elementor-element elementor-element-67d9ff3 elementor-widget elementor-widget-heading\" data-id=\"67d9ff3\" data-element_type=\"widget\" data-widget_type=\"heading.default\">\n\t\t\t\t<div class=\"elementor-widget-container\">\n\t\t\t<h5 class=\"elementor-heading-title elementor-size-default\">Viernes 6 de Junio, 19.00h.<\/h5>\t\t<\/div>\n\t\t\t\t<\/div>\n\t\t\t\t<div class=\"elementor-element elementor-element-bdceec9 elementor-widget elementor-widget-spacer\" data-id=\"bdceec9\" data-element_type=\"widget\" data-widget_type=\"spacer.default\">\n\t\t\t\t<div class=\"elementor-widget-container\">\n\t\t\t\t\t<div class=\"elementor-spacer\">\n\t\t\t<div class=\"elementor-spacer-inner\"><\/div>\n\t\t<\/div>\n\t\t\t\t<\/div>\n\t\t\t\t<\/div>\n\t\t\t\t<div class=\"elementor-element elementor-element-20112bf elementor-widget elementor-widget-text-editor\" data-id=\"20112bf\" data-element_type=\"widget\" data-widget_type=\"text-editor.default\">\n\t\t\t\t<div class=\"elementor-widget-container\">\n\t\t\t\t\t\t\t<span style=\"font-family: myrad-regurlar; font-size: 14pt;\">Visita al Casco Hist\u00f3rico Monumental de la ciudad.<\/span><br>\n\n<span style=\"font-family: myrad-regurlar;\"><span style=\"color: #d54b3e;\"><b>Punto de encuentro:<\/b><\/span> Plaza de la Virgen Blanca (junto a la escultura verde de VITORIA-GASTEIZ).<\/span>\t\t\t\t\t\t<\/div>\n\t\t\t\t<\/div>\n\t\t\t\t<div class=\"elementor-element elementor-element-35bf92a elementor-widget elementor-widget-text-editor\" data-id=\"35bf92a\" data-element_type=\"widget\" data-widget_type=\"text-editor.default\">\n\t\t\t\t<div class=\"elementor-widget-container\">\n\t\t\t\t\t\t\t<p><span style=\"font-family: myrad-regurlar; font-size: 14pt;\">Visita alternativa: Gasteiz, transformaci\u00f3n de una ciudad en el Siglo XX.<\/span><\/p>\n<p><span style=\"font-family: myrad-regurlar;\"><span style=\"color: #d54b3e;\"><b>Punto de encuentro:<\/b><\/span>&nbsp;Plaza 3 de Marzo.<\/span><\/p>\t\t\t\t\t\t<\/div>\n\t\t\t\t<\/div>\n\t\t\t\t<div class=\"elementor-element elementor-element-1164ed3 elementor-widget elementor-widget-text-editor\" data-id=\"1164ed3\" data-element_type=\"widget\" data-widget_type=\"text-editor.default\">\n\t\t\t\t<div class=\"elementor-widget-container\">\n\t\t\t\t\t\t\t<p><span style=\"font-family: myrad-regurlar;\"><span style=\"color: #d54b3e;\"><b>Aforo limitado:<\/b><\/span> 25 personas.<\/span><\/p><p><span style=\"font-family: myrad-regurlar;\"><i>Inscr\u00edbete a la visita a trav\u00e9s de <a href=\"https:\/\/jornadas.fesabid.org\/jeid25\/index.php\/formulario-de-inscripcion-a-las-visitas\/\">\u00e9ste formulario <\/a><\/i>.<\/span><\/p>\t\t\t\t\t\t<\/div>\n\t\t\t\t<\/div>\n\t\t\t\t\t<\/div>\n\t\t<\/div>\n\t\t\t\t\t<\/div>\n\t\t<\/section>\n\t\t\t\t<section class=\"elementor-section elementor-top-section elementor-element elementor-element-018d0ff elementor-section-boxed elementor-section-height-default elementor-section-height-default\" data-id=\"018d0ff\" data-element_type=\"section\">\n\t\t\t\t\t\t<div class=\"elementor-container elementor-column-gap-default\">\n\t\t\t\t\t<div class=\"elementor-column elementor-col-100 elementor-top-column elementor-element elementor-element-aaaa9af\" data-id=\"aaaa9af\" data-element_type=\"column\">\n\t\t\t<div class=\"elementor-widget-wrap elementor-element-populated\">\n\t\t\t\t\t\t<div class=\"elementor-element elementor-element-7a28f9a elementor-widget elementor-widget-spacer\" data-id=\"7a28f9a\" data-element_type=\"widget\" data-widget_type=\"spacer.default\">\n\t\t\t\t<div class=\"elementor-widget-container\">\n\t\t\t\t\t<div class=\"elementor-spacer\">\n\t\t\t<div class=\"elementor-spacer-inner\"><\/div>\n\t\t<\/div>\n\t\t\t\t<\/div>\n\t\t\t\t<\/div>\n\t\t\t\t\t<\/div>\n\t\t<\/div>\n\t\t\t\t\t<\/div>\n\t\t<\/section>\n\t\t\t\t<section class=\"elementor-section elementor-top-section elementor-element elementor-element-7fd7141 elementor-section-boxed elementor-section-height-default elementor-section-height-default\" data-id=\"7fd7141\" data-element_type=\"section\">\n\t\t\t\t\t\t<div class=\"elementor-container elementor-column-gap-default\">\n\t\t\t\t\t<div class=\"elementor-column elementor-col-100 elementor-top-column elementor-element elementor-element-488a997\" data-id=\"488a997\" data-element_type=\"column\" data-settings=\"{&quot;background_background&quot;:&quot;classic&quot;}\">\n\t\t\t<div class=\"elementor-widget-wrap elementor-element-populated\">\n\t\t\t\t\t\t<div class=\"elementor-element elementor-element-0f6e3e7 elementor-widget elementor-widget-heading\" data-id=\"0f6e3e7\" data-element_type=\"widget\" data-widget_type=\"heading.default\">\n\t\t\t\t<div class=\"elementor-widget-container\">\n\t\t\t<h4 class=\"elementor-heading-title elementor-size-default\">EXCURSI\u00d3N CULTURAL AL VALLE SALADO DE A\u00d1ANA<\/h4>\t\t<\/div>\n\t\t\t\t<\/div>\n\t\t\t\t\t<\/div>\n\t\t<\/div>\n\t\t\t\t\t<\/div>\n\t\t<\/section>\n\t\t\t\t<section class=\"elementor-section elementor-top-section elementor-element elementor-element-0ecc8a6 elementor-section-boxed elementor-section-height-default elementor-section-height-default\" data-id=\"0ecc8a6\" data-element_type=\"section\">\n\t\t\t\t\t\t<div class=\"elementor-container elementor-column-gap-default\">\n\t\t\t\t\t<div class=\"elementor-column elementor-col-100 elementor-top-column elementor-element elementor-element-37f7c21\" data-id=\"37f7c21\" data-element_type=\"column\">\n\t\t\t<div class=\"elementor-widget-wrap elementor-element-populated\">\n\t\t\t\t\t\t<div class=\"elementor-element elementor-element-1d80e84 elementor-widget elementor-widget-spacer\" data-id=\"1d80e84\" data-element_type=\"widget\" data-widget_type=\"spacer.default\">\n\t\t\t\t<div class=\"elementor-widget-container\">\n\t\t\t\t\t<div class=\"elementor-spacer\">\n\t\t\t<div class=\"elementor-spacer-inner\"><\/div>\n\t\t<\/div>\n\t\t\t\t<\/div>\n\t\t\t\t<\/div>\n\t\t\t\t\t<\/div>\n\t\t<\/div>\n\t\t\t\t\t<\/div>\n\t\t<\/section>\n\t\t\t\t<section class=\"elementor-section elementor-top-section elementor-element elementor-element-554e720 elementor-section-boxed elementor-section-height-default elementor-section-height-default\" data-id=\"554e720\" data-element_type=\"section\">\n\t\t\t\t\t\t<div class=\"elementor-container elementor-column-gap-default\">\n\t\t\t\t\t<div class=\"elementor-column elementor-col-100 elementor-top-column elementor-element elementor-element-dbf2738\" data-id=\"dbf2738\" data-element_type=\"column\">\n\t\t\t<div class=\"elementor-widget-wrap elementor-element-populated\">\n\t\t\t\t\t\t<div class=\"elementor-element elementor-element-92790e3 elementor-widget elementor-widget-heading\" data-id=\"92790e3\" data-element_type=\"widget\" data-widget_type=\"heading.default\">\n\t\t\t\t<div class=\"elementor-widget-container\">\n\t\t\t<h5 class=\"elementor-heading-title elementor-size-default\">S\u00e1bado 7 de Junio, 10:00h.<\/h5>\t\t<\/div>\n\t\t\t\t<\/div>\n\t\t\t\t<div class=\"elementor-element elementor-element-2b1412c elementor-widget elementor-widget-spacer\" data-id=\"2b1412c\" data-element_type=\"widget\" data-widget_type=\"spacer.default\">\n\t\t\t\t<div class=\"elementor-widget-container\">\n\t\t\t\t\t<div class=\"elementor-spacer\">\n\t\t\t<div class=\"elementor-spacer-inner\"><\/div>\n\t\t<\/div>\n\t\t\t\t<\/div>\n\t\t\t\t<\/div>\n\t\t\t\t<div class=\"elementor-element elementor-element-0a89516 elementor-widget elementor-widget-text-editor\" data-id=\"0a89516\" data-element_type=\"widget\" data-widget_type=\"text-editor.default\">\n\t\t\t\t<div class=\"elementor-widget-container\">\n\t\t\t\t\t\t\t<p><span style=\"font-family: myrad-regurlar; font-size: 14pt;\">Salida desde Vitoria-Gasteiz en autob\u00fas.<\/span><\/p><p><span style=\"font-family: myrad-regurlar;\"><span style=\"color: #d54b3e;\"><b>Punto de encuentro:<\/b><\/span> frente al Hotel General \u00c1lava.<\/span><\/p><p><span style=\"font-family: myrad-regurlar;\"> Visita a la <a href=\"https:\/\/www.valdegovia.com\/ver_torre_varona.asp\">Casa Torre de Varona<\/a>, <\/span>11:00h.<\/p>\t\t\t\t\t\t<\/div>\n\t\t\t\t<\/div>\n\t\t\t\t<div class=\"elementor-element elementor-element-e696f6a elementor-widget elementor-widget-spacer\" data-id=\"e696f6a\" data-element_type=\"widget\" data-widget_type=\"spacer.default\">\n\t\t\t\t<div class=\"elementor-widget-container\">\n\t\t\t\t\t<div class=\"elementor-spacer\">\n\t\t\t<div class=\"elementor-spacer-inner\"><\/div>\n\t\t<\/div>\n\t\t\t\t<\/div>\n\t\t\t\t<\/div>\n\t\t\t\t<div class=\"elementor-element elementor-element-18262de elementor-widget elementor-widget-heading\" data-id=\"18262de\" data-element_type=\"widget\" data-widget_type=\"heading.default\">\n\t\t\t\t<div class=\"elementor-widget-container\">\n\t\t\t<h5 class=\"elementor-heading-title elementor-size-default\"><a href=\"https:\/\/vallesalado.com\/VALLE-SALADO-HOME\" target=\"_blank\" class=\"broken_link\">Visita al Valle Salado de A\u00f1ana , 13:00h.<\/a><\/h5>\t\t<\/div>\n\t\t\t\t<\/div>\n\t\t\t\t<div class=\"elementor-element elementor-element-079a384 elementor-widget elementor-widget-text-editor\" data-id=\"079a384\" data-element_type=\"widget\" data-widget_type=\"text-editor.default\">\n\t\t\t\t<div class=\"elementor-widget-container\">\n\t\t\t\t\t\t\t<p><span style=\"font-family: myrad-regurlar; font-size: 14pt;\">Comida en el <a href=\"https:\/\/www.palaciodeanana.com\/\">Restaurante Palacio de A\u00f1ana<\/a> , 14:30h.<\/span><\/p><p><span style=\"font-family: myrad-regurlar; font-size: 14pt;\">Retorno a Vitoria-Gasteiz sobre las 19.00h.<\/span><\/p><p><span style=\"font-size: 14pt;\">La Diputaci\u00f3n de \u00c1lava cubrir\u00e1 el traslado y la visita al Valle Salado corre a cargo de la Fundaci\u00f3n Valle Salado de A\u00f1ana, pero la comida correr\u00e1 a cargo de cada cual, con un coste aproximado de 45\u20ac por persona.<\/span><\/p>\t\t\t\t\t\t<\/div>\n\t\t\t\t<\/div>\n\t\t\t\t<div class=\"elementor-element elementor-element-7c33987 elementor-widget elementor-widget-text-editor\" data-id=\"7c33987\" data-element_type=\"widget\" data-widget_type=\"text-editor.default\">\n\t\t\t\t<div class=\"elementor-widget-container\">\n\t\t\t\t\t\t\t<p><span style=\"font-family: myrad-regurlar;\"><span style=\"color: #d54b3e;\"><b>Aforo limitado:<\/b><\/span> 55 personas.<\/span><\/p><p><span style=\"font-family: myrad-regurlar;\"><i>Inscr\u00edbete a la visita a trav\u00e9s de <a href=\"https:\/\/jornadas.fesabid.org\/jeid25\/index.php\/formulario-de-inscripcion-a-las-visitas\/\">\u00e9ste formulario<\/a><\/i>.<\/span><\/p>\t\t\t\t\t\t<\/div>\n\t\t\t\t<\/div>\n\t\t\t\t\t<\/div>\n\t\t<\/div>\n\t\t\t\t\t<\/div>\n\t\t<\/section>\n\t\t\t\t<section class=\"elementor-section elementor-top-section elementor-element elementor-element-6289c01 elementor-section-boxed elementor-section-height-default elementor-section-height-default\" data-id=\"6289c01\" data-element_type=\"section\">\n\t\t\t\t\t\t<div class=\"elementor-container elementor-column-gap-default\">\n\t\t\t\t\t<div class=\"elementor-column elementor-col-100 elementor-top-column elementor-element elementor-element-789c3e1\" data-id=\"789c3e1\" data-element_type=\"column\">\n\t\t\t<div class=\"elementor-widget-wrap elementor-element-populated\">\n\t\t\t\t\t\t<div class=\"elementor-element elementor-element-ba3bbb4 elementor-widget elementor-widget-spacer\" data-id=\"ba3bbb4\" data-element_type=\"widget\" data-widget_type=\"spacer.default\">\n\t\t\t\t<div class=\"elementor-widget-container\">\n\t\t\t\t\t<div class=\"elementor-spacer\">\n\t\t\t<div class=\"elementor-spacer-inner\"><\/div>\n\t\t<\/div>\n\t\t\t\t<\/div>\n\t\t\t\t<\/div>\n\t\t\t\t\t<\/div>\n\t\t<\/div>\n\t\t\t\t\t<\/div>\n\t\t<\/section>\n\t\t\t\t<\/div>\n\t\t","protected":false},"excerpt":{"rendered":"<p>PROGRAMA SOCIAL BIENVENIDA A LAS JORNADAS EN EL PALACIO DE VILLA SUSO Mi\u00e9rcoles 4 de Junio, 20:00-22:30 h. Palacio de Villa Suso \u00a1Las JEID25 y ALDEE os dan la bienvenida a Vitoria-Gasteiz por todo lo alto! Bello palacio renacentista del siglo XVI. Fue ordenado construir, en la muralla, sobre el a\u00f1o 1539 por D. Mart\u00edn [&hellip;]<\/p>\n","protected":false},"author":1,"featured_media":0,"parent":0,"menu_order":0,"comment_status":"closed","ping_status":"closed","template":"","meta":{"inline_featured_image":false,"site-sidebar-layout":"no-sidebar","site-content-layout":"plain-container","ast-site-content-layout":"","site-content-style":"default","site-sidebar-style":"default","ast-global-header-display":"","ast-banner-title-visibility":"","ast-main-header-display":"","ast-hfb-above-header-display":"","ast-hfb-below-header-display":"","ast-hfb-mobile-header-display":"","site-post-title":"disabled","ast-breadcrumbs-content":"","ast-featured-img":"disabled","footer-sml-layout":"","theme-transparent-header-meta":"disabled","adv-header-id-meta":"","stick-header-meta":"","header-above-stick-meta":"","header-main-stick-meta":"","header-below-stick-meta":"","astra-migrate-meta-layouts":"default","ast-page-background-enabled":"default","ast-page-background-meta":{"desktop":{"background-color":"var(--ast-global-color-4)","background-image":"","background-repeat":"repeat","background-position":"center center","background-size":"auto","background-attachment":"scroll","background-type":"","background-media":"","overlay-type":"","overlay-color":"","overlay-opacity":"","overlay-gradient":""},"tablet":{"background-color":"","background-image":"","background-repeat":"repeat","background-position":"center center","background-size":"auto","background-attachment":"scroll","background-type":"","background-media":"","overlay-type":"","overlay-color":"","overlay-opacity":"","overlay-gradient":""},"mobile":{"background-color":"","background-image":"","background-repeat":"repeat","background-position":"center center","background-size":"auto","background-attachment":"scroll","background-type":"","background-media":"","overlay-type":"","overlay-color":"","overlay-opacity":"","overlay-gradient":""}},"ast-content-background-meta":{"desktop":{"background-color":"var(--ast-global-color-5)","background-image":"","background-repeat":"repeat","background-position":"center center","background-size":"auto","background-attachment":"scroll","background-type":"","background-media":"","overlay-type":"","overlay-color":"","overlay-opacity":"","overlay-gradient":""},"tablet":{"background-color":"var(--ast-global-color-5)","background-image":"","background-repeat":"repeat","background-position":"center center","background-size":"auto","background-attachment":"scroll","background-type":"","background-media":"","overlay-type":"","overlay-color":"","overlay-opacity":"","overlay-gradient":""},"mobile":{"background-color":"var(--ast-global-color-5)","background-image":"","background-repeat":"repeat","background-position":"center center","background-size":"auto","background-attachment":"scroll","background-type":"","background-media":"","overlay-type":"","overlay-color":"","overlay-opacity":"","overlay-gradient":""}},"footnotes":""},"class_list":["post-27","page","type-page","status-publish","hentry"],"_links":{"self":[{"href":"https:\/\/jornadas.fesabid.org\/jeid25\/index.php\/wp-json\/wp\/v2\/pages\/27","targetHints":{"allow":["GET"]}}],"collection":[{"href":"https:\/\/jornadas.fesabid.org\/jeid25\/index.php\/wp-json\/wp\/v2\/pages"}],"about":[{"href":"https:\/\/jornadas.fesabid.org\/jeid25\/index.php\/wp-json\/wp\/v2\/types\/page"}],"author":[{"embeddable":true,"href":"https:\/\/jornadas.fesabid.org\/jeid25\/index.php\/wp-json\/wp\/v2\/users\/1"}],"replies":[{"embeddable":true,"href":"https:\/\/jornadas.fesabid.org\/jeid25\/index.php\/wp-json\/wp\/v2\/comments?post=27"}],"version-history":[{"count":320,"href":"https:\/\/jornadas.fesabid.org\/jeid25\/index.php\/wp-json\/wp\/v2\/pages\/27\/revisions"}],"predecessor-version":[{"id":5671,"href":"https:\/\/jornadas.fesabid.org\/jeid25\/index.php\/wp-json\/wp\/v2\/pages\/27\/revisions\/5671"}],"wp:attachment":[{"href":"https:\/\/jornadas.fesabid.org\/jeid25\/index.php\/wp-json\/wp\/v2\/media?parent=27"}],"curies":[{"name":"wp","href":"https:\/\/api.w.org\/{rel}","templated":true}]}}