{"id":29,"date":"2023-01-17T19:03:49","date_gmt":"2023-01-17T19:03:49","guid":{"rendered":"https:\/\/fesabid.org\/jeid23\/?page_id=29"},"modified":"2025-06-02T16:34:27","modified_gmt":"2025-06-02T14:34:27","slug":"ponentes","status":"publish","type":"page","link":"https:\/\/jornadas.fesabid.org\/jeid25\/index.php\/ponentes\/","title":{"rendered":"PONENTES"},"content":{"rendered":"\t\t<div data-elementor-type=\"wp-page\" data-elementor-id=\"29\" class=\"elementor elementor-29\">\n\t\t\t\t\t\t<section class=\"elementor-section elementor-top-section elementor-element elementor-element-643bfb6 elementor-section-boxed elementor-section-height-default elementor-section-height-default\" data-id=\"643bfb6\" data-element_type=\"section\">\n\t\t\t\t\t\t<div class=\"elementor-container elementor-column-gap-default\">\n\t\t\t\t\t<div class=\"elementor-column elementor-col-100 elementor-top-column elementor-element elementor-element-bd59af8\" data-id=\"bd59af8\" data-element_type=\"column\">\n\t\t\t<div class=\"elementor-widget-wrap elementor-element-populated\">\n\t\t\t\t\t\t<div class=\"elementor-element elementor-element-08dee67 elementor-widget elementor-widget-spacer\" data-id=\"08dee67\" data-element_type=\"widget\" data-widget_type=\"spacer.default\">\n\t\t\t\t<div class=\"elementor-widget-container\">\n\t\t\t<style>\/*! elementor - v3.23.0 - 05-08-2024 *\/\n.elementor-column .elementor-spacer-inner{height:var(--spacer-size)}.e-con{--container-widget-width:100%}.e-con-inner>.elementor-widget-spacer,.e-con>.elementor-widget-spacer{width:var(--container-widget-width,var(--spacer-size));--align-self:var(--container-widget-align-self,initial);--flex-shrink:0}.e-con-inner>.elementor-widget-spacer>.elementor-widget-container,.e-con>.elementor-widget-spacer>.elementor-widget-container{height:100%;width:100%}.e-con-inner>.elementor-widget-spacer>.elementor-widget-container>.elementor-spacer,.e-con>.elementor-widget-spacer>.elementor-widget-container>.elementor-spacer{height:100%}.e-con-inner>.elementor-widget-spacer>.elementor-widget-container>.elementor-spacer>.elementor-spacer-inner,.e-con>.elementor-widget-spacer>.elementor-widget-container>.elementor-spacer>.elementor-spacer-inner{height:var(--container-widget-height,var(--spacer-size))}.e-con-inner>.elementor-widget-spacer.elementor-widget-empty,.e-con>.elementor-widget-spacer.elementor-widget-empty{position:relative;min-height:22px;min-width:22px}.e-con-inner>.elementor-widget-spacer.elementor-widget-empty .elementor-widget-empty-icon,.e-con>.elementor-widget-spacer.elementor-widget-empty .elementor-widget-empty-icon{position:absolute;top:0;bottom:0;left:0;right:0;margin:auto;padding:0;width:22px;height:22px}<\/style>\t\t<div class=\"elementor-spacer\">\n\t\t\t<div class=\"elementor-spacer-inner\"><\/div>\n\t\t<\/div>\n\t\t\t\t<\/div>\n\t\t\t\t<\/div>\n\t\t\t\t\t<\/div>\n\t\t<\/div>\n\t\t\t\t\t<\/div>\n\t\t<\/section>\n\t\t\t\t<section class=\"elementor-section elementor-top-section elementor-element elementor-element-6f424fc elementor-section-boxed elementor-section-height-default elementor-section-height-default\" data-id=\"6f424fc\" data-element_type=\"section\">\n\t\t\t\t\t\t<div class=\"elementor-container elementor-column-gap-default\">\n\t\t\t\t\t<div class=\"elementor-column elementor-col-100 elementor-top-column elementor-element elementor-element-135b998\" data-id=\"135b998\" data-element_type=\"column\">\n\t\t\t<div class=\"elementor-widget-wrap elementor-element-populated\">\n\t\t\t\t\t\t<div class=\"elementor-element elementor-element-ff9a844 elementor-widget elementor-widget-heading\" data-id=\"ff9a844\" data-element_type=\"widget\" data-widget_type=\"heading.default\">\n\t\t\t\t<div class=\"elementor-widget-container\">\n\t\t\t<style>\/*! elementor - v3.23.0 - 05-08-2024 *\/\n.elementor-heading-title{padding:0;margin:0;line-height:1}.elementor-widget-heading .elementor-heading-title[class*=elementor-size-]>a{color:inherit;font-size:inherit;line-height:inherit}.elementor-widget-heading .elementor-heading-title.elementor-size-small{font-size:15px}.elementor-widget-heading .elementor-heading-title.elementor-size-medium{font-size:19px}.elementor-widget-heading .elementor-heading-title.elementor-size-large{font-size:29px}.elementor-widget-heading .elementor-heading-title.elementor-size-xl{font-size:39px}.elementor-widget-heading .elementor-heading-title.elementor-size-xxl{font-size:59px}<\/style><h2 class=\"elementor-heading-title elementor-size-xl\">PONENTES<\/h2>\t\t<\/div>\n\t\t\t\t<\/div>\n\t\t\t\t\t<\/div>\n\t\t<\/div>\n\t\t\t\t\t<\/div>\n\t\t<\/section>\n\t\t\t\t<section class=\"elementor-section elementor-top-section elementor-element elementor-element-8d49480 elementor-section-full_width elementor-section-height-default elementor-section-height-default\" data-id=\"8d49480\" data-element_type=\"section\">\n\t\t\t\t\t\t\t<div class=\"elementor-background-overlay\"><\/div>\n\t\t\t\t\t\t\t<div class=\"elementor-container elementor-column-gap-default\">\n\t\t\t\t\t<div class=\"elementor-column elementor-col-50 elementor-top-column elementor-element elementor-element-993e42b\" data-id=\"993e42b\" data-element_type=\"column\" data-settings=\"{&quot;background_background&quot;:&quot;classic&quot;}\">\n\t\t\t<div class=\"elementor-widget-wrap elementor-element-populated\">\n\t\t\t\t\t<div class=\"elementor-background-overlay\"><\/div>\n\t\t\t\t\t\t<div class=\"elementor-element elementor-element-7d55d74 elementor-position-left elementor-vertical-align-top elementor-widget elementor-widget-image-box\" data-id=\"7d55d74\" data-element_type=\"widget\" data-widget_type=\"image-box.default\">\n\t\t\t\t<div class=\"elementor-widget-container\">\n\t\t\t<style>\/*! elementor - v3.23.0 - 05-08-2024 *\/\n.elementor-widget-image-box .elementor-image-box-content{width:100%}@media (min-width:768px){.elementor-widget-image-box.elementor-position-left .elementor-image-box-wrapper,.elementor-widget-image-box.elementor-position-right .elementor-image-box-wrapper{display:flex}.elementor-widget-image-box.elementor-position-right .elementor-image-box-wrapper{text-align:end;flex-direction:row-reverse}.elementor-widget-image-box.elementor-position-left .elementor-image-box-wrapper{text-align:start;flex-direction:row}.elementor-widget-image-box.elementor-position-top .elementor-image-box-img{margin:auto}.elementor-widget-image-box.elementor-vertical-align-top .elementor-image-box-wrapper{align-items:flex-start}.elementor-widget-image-box.elementor-vertical-align-middle .elementor-image-box-wrapper{align-items:center}.elementor-widget-image-box.elementor-vertical-align-bottom .elementor-image-box-wrapper{align-items:flex-end}}@media (max-width:767px){.elementor-widget-image-box .elementor-image-box-img{margin-left:auto!important;margin-right:auto!important;margin-bottom:15px}}.elementor-widget-image-box .elementor-image-box-img{display:inline-block}.elementor-widget-image-box .elementor-image-box-title a{color:inherit}.elementor-widget-image-box .elementor-image-box-wrapper{text-align:center}.elementor-widget-image-box .elementor-image-box-description{margin:0}<\/style><div class=\"elementor-image-box-wrapper\"><figure class=\"elementor-image-box-img\"><img decoding=\"async\" width=\"196\" height=\"196\" src=\"https:\/\/jornadas.fesabid.org\/jeid25\/wp-content\/uploads\/2025\/02\/dolores_lopez_asensi.png\" class=\"attachment-full size-full wp-image-4566\" alt=\"\" srcset=\"https:\/\/jornadas.fesabid.org\/jeid25\/wp-content\/uploads\/2025\/02\/dolores_lopez_asensi.png 196w, https:\/\/jornadas.fesabid.org\/jeid25\/wp-content\/uploads\/2025\/02\/dolores_lopez_asensi-150x150.png 150w\" sizes=\"(max-width: 196px) 100vw, 196px\" \/><\/figure><div class=\"elementor-image-box-content\"><h3 class=\"elementor-image-box-title\">Dolores L\u00f3pez Asensi<\/h3><p class=\"elementor-image-box-description\">Red de bibliotecas de Ll\u00edria. Representante de la Comisi\u00f3n T\u00e9cnica &quot;Biblioteca como gente Social&quot;<\/p><\/div><\/div>\t\t<\/div>\n\t\t\t\t<\/div>\n\t\t\t\t<div class=\"elementor-element elementor-element-2830374 elementor-widget elementor-widget-text-editor\" data-id=\"2830374\" data-element_type=\"widget\" data-widget_type=\"text-editor.default\">\n\t\t\t\t<div class=\"elementor-widget-container\">\n\t\t\t<style>\/*! elementor - v3.23.0 - 05-08-2024 *\/\n.elementor-widget-text-editor.elementor-drop-cap-view-stacked .elementor-drop-cap{background-color:#69727d;color:#fff}.elementor-widget-text-editor.elementor-drop-cap-view-framed .elementor-drop-cap{color:#69727d;border:3px solid;background-color:transparent}.elementor-widget-text-editor:not(.elementor-drop-cap-view-default) .elementor-drop-cap{margin-top:8px}.elementor-widget-text-editor:not(.elementor-drop-cap-view-default) .elementor-drop-cap-letter{width:1em;height:1em}.elementor-widget-text-editor .elementor-drop-cap{float:left;text-align:center;line-height:1;font-size:50px}.elementor-widget-text-editor .elementor-drop-cap-letter{display:inline-block}<\/style>\t\t\t\t<p><span style=\"font-family: myrad-regurlar; font-size: 12pt;\">Sesi\u00f3n: <em><strong>&#8220;TIEMPOS HOSTILES: ASOCIACIONISMO Y ACTIVISMO BIBLIOTECARIO FRENTE A LA CENSURA EN BIBLIOTECAS&#8221;<\/strong><\/em><\/span><\/p>\t\t\t\t\t\t<\/div>\n\t\t\t\t<\/div>\n\t\t\t\t<div class=\"elementor-element elementor-element-f708d15 elementor-widget elementor-widget-toggle\" data-id=\"f708d15\" data-element_type=\"widget\" data-widget_type=\"toggle.default\">\n\t\t\t\t<div class=\"elementor-widget-container\">\n\t\t\t<style>\/*! elementor - v3.23.0 - 05-08-2024 *\/\n.elementor-toggle{text-align:start}.elementor-toggle .elementor-tab-title{font-weight:700;line-height:1;margin:0;padding:15px;border-bottom:1px solid #d5d8dc;cursor:pointer;outline:none}.elementor-toggle .elementor-tab-title .elementor-toggle-icon{display:inline-block;width:1em}.elementor-toggle .elementor-tab-title .elementor-toggle-icon svg{margin-inline-start:-5px;width:1em;height:1em}.elementor-toggle .elementor-tab-title .elementor-toggle-icon.elementor-toggle-icon-right{float:right;text-align:right}.elementor-toggle .elementor-tab-title .elementor-toggle-icon.elementor-toggle-icon-left{float:left;text-align:left}.elementor-toggle .elementor-tab-title .elementor-toggle-icon .elementor-toggle-icon-closed{display:block}.elementor-toggle .elementor-tab-title .elementor-toggle-icon .elementor-toggle-icon-opened{display:none}.elementor-toggle .elementor-tab-title.elementor-active{border-bottom:none}.elementor-toggle .elementor-tab-title.elementor-active .elementor-toggle-icon-closed{display:none}.elementor-toggle .elementor-tab-title.elementor-active .elementor-toggle-icon-opened{display:block}.elementor-toggle .elementor-tab-content{padding:15px;border-bottom:1px solid #d5d8dc;display:none}@media (max-width:767px){.elementor-toggle .elementor-tab-title{padding:12px}.elementor-toggle .elementor-tab-content{padding:12px 10px}}.e-con-inner>.elementor-widget-toggle,.e-con>.elementor-widget-toggle{width:var(--container-widget-width);--flex-grow:var(--container-widget-flex-grow)}<\/style>\t\t<div class=\"elementor-toggle\">\n\t\t\t\t\t\t\t<div class=\"elementor-toggle-item\">\n\t\t\t\t\t<div id=\"elementor-tab-title-2591\" class=\"elementor-tab-title\" data-tab=\"1\" role=\"button\" aria-controls=\"elementor-tab-content-2591\" aria-expanded=\"false\">\n\t\t\t\t\t\t\t\t\t\t\t\t<span class=\"elementor-toggle-icon elementor-toggle-icon-left\" aria-hidden=\"true\">\n\t\t\t\t\t\t\t\t\t\t\t\t\t\t\t<span class=\"elementor-toggle-icon-closed\"><i class=\"fas fa-caret-right\"><\/i><\/span>\n\t\t\t\t\t\t\t\t<span class=\"elementor-toggle-icon-opened\"><i class=\"elementor-toggle-icon-opened fas fa-caret-up\"><\/i><\/span>\n\t\t\t\t\t\t\t\t\t\t\t\t\t<\/span>\n\t\t\t\t\t\t\t\t\t\t\t\t<a class=\"elementor-toggle-title\" tabindex=\"0\">Mas informacion<\/a>\n\t\t\t\t\t<\/div>\n\n\t\t\t\t\t<div id=\"elementor-tab-content-2591\" class=\"elementor-tab-content elementor-clearfix\" data-tab=\"1\" role=\"region\" aria-labelledby=\"elementor-tab-title-2591\"><p><span style=\"font-size: 12pt;\">Es licenciada en Geograf\u00eda e Historia por la Universitat de Val\u00e8ncia, m\u00e1ster de bibliotecas por la Generalitat Valenciana y m\u00e1ster en gesti\u00f3n cultural por el SARC de la Diputaci\u00f3n de Valencia.<br \/>Su trayectoria profesional la ha desarrollado como t\u00e9cnica de gesti\u00f3n responsable de la Red de Bibliotecas de Ll\u00edria (Valencia).<br \/>Ha formado parte de la Junta del COBDCV desde 2019 y ha sido vicepresidenta desde 2022 hasta febrero de 2025. Actualmente, forma parte del grupo de trabajo del colegio \u201cBiblioteca como agente social\u201d que trabaja en la defensa de las bibliotecas y los bibliotecarios frente a la censura.<\/span><\/p><\/div>\n\t\t\t\t<\/div>\n\t\t\t\t\t\t\t\t<\/div>\n\t\t\t\t<\/div>\n\t\t\t\t<\/div>\n\t\t\t\t<div class=\"elementor-element elementor-element-ffe92c1 e-grid-align-right e-grid-align-mobile-center elementor-shape-rounded elementor-grid-0 elementor-widget elementor-widget-social-icons\" data-id=\"ffe92c1\" data-element_type=\"widget\" data-widget_type=\"social-icons.default\">\n\t\t\t\t<div class=\"elementor-widget-container\">\n\t\t\t<style>\/*! elementor - v3.23.0 - 05-08-2024 *\/\n.elementor-widget-social-icons.elementor-grid-0 .elementor-widget-container,.elementor-widget-social-icons.elementor-grid-mobile-0 .elementor-widget-container,.elementor-widget-social-icons.elementor-grid-tablet-0 .elementor-widget-container{line-height:1;font-size:0}.elementor-widget-social-icons:not(.elementor-grid-0):not(.elementor-grid-tablet-0):not(.elementor-grid-mobile-0) .elementor-grid{display:inline-grid}.elementor-widget-social-icons .elementor-grid{grid-column-gap:var(--grid-column-gap,5px);grid-row-gap:var(--grid-row-gap,5px);grid-template-columns:var(--grid-template-columns);justify-content:var(--justify-content,center);justify-items:var(--justify-content,center)}.elementor-icon.elementor-social-icon{font-size:var(--icon-size,25px);line-height:var(--icon-size,25px);width:calc(var(--icon-size, 25px) + 2 * var(--icon-padding, .5em));height:calc(var(--icon-size, 25px) + 2 * var(--icon-padding, .5em))}.elementor-social-icon{--e-social-icon-icon-color:#fff;display:inline-flex;background-color:#69727d;align-items:center;justify-content:center;text-align:center;cursor:pointer}.elementor-social-icon i{color:var(--e-social-icon-icon-color)}.elementor-social-icon svg{fill:var(--e-social-icon-icon-color)}.elementor-social-icon:last-child{margin:0}.elementor-social-icon:hover{opacity:.9;color:#fff}.elementor-social-icon-android{background-color:#a4c639}.elementor-social-icon-apple{background-color:#999}.elementor-social-icon-behance{background-color:#1769ff}.elementor-social-icon-bitbucket{background-color:#205081}.elementor-social-icon-codepen{background-color:#000}.elementor-social-icon-delicious{background-color:#39f}.elementor-social-icon-deviantart{background-color:#05cc47}.elementor-social-icon-digg{background-color:#005be2}.elementor-social-icon-dribbble{background-color:#ea4c89}.elementor-social-icon-elementor{background-color:#d30c5c}.elementor-social-icon-envelope{background-color:#ea4335}.elementor-social-icon-facebook,.elementor-social-icon-facebook-f{background-color:#3b5998}.elementor-social-icon-flickr{background-color:#0063dc}.elementor-social-icon-foursquare{background-color:#2d5be3}.elementor-social-icon-free-code-camp,.elementor-social-icon-freecodecamp{background-color:#006400}.elementor-social-icon-github{background-color:#333}.elementor-social-icon-gitlab{background-color:#e24329}.elementor-social-icon-globe{background-color:#69727d}.elementor-social-icon-google-plus,.elementor-social-icon-google-plus-g{background-color:#dd4b39}.elementor-social-icon-houzz{background-color:#7ac142}.elementor-social-icon-instagram{background-color:#262626}.elementor-social-icon-jsfiddle{background-color:#487aa2}.elementor-social-icon-link{background-color:#818a91}.elementor-social-icon-linkedin,.elementor-social-icon-linkedin-in{background-color:#0077b5}.elementor-social-icon-medium{background-color:#00ab6b}.elementor-social-icon-meetup{background-color:#ec1c40}.elementor-social-icon-mixcloud{background-color:#273a4b}.elementor-social-icon-odnoklassniki{background-color:#f4731c}.elementor-social-icon-pinterest{background-color:#bd081c}.elementor-social-icon-product-hunt{background-color:#da552f}.elementor-social-icon-reddit{background-color:#ff4500}.elementor-social-icon-rss{background-color:#f26522}.elementor-social-icon-shopping-cart{background-color:#4caf50}.elementor-social-icon-skype{background-color:#00aff0}.elementor-social-icon-slideshare{background-color:#0077b5}.elementor-social-icon-snapchat{background-color:#fffc00}.elementor-social-icon-soundcloud{background-color:#f80}.elementor-social-icon-spotify{background-color:#2ebd59}.elementor-social-icon-stack-overflow{background-color:#fe7a15}.elementor-social-icon-steam{background-color:#00adee}.elementor-social-icon-stumbleupon{background-color:#eb4924}.elementor-social-icon-telegram{background-color:#2ca5e0}.elementor-social-icon-threads{background-color:#000}.elementor-social-icon-thumb-tack{background-color:#1aa1d8}.elementor-social-icon-tripadvisor{background-color:#589442}.elementor-social-icon-tumblr{background-color:#35465c}.elementor-social-icon-twitch{background-color:#6441a5}.elementor-social-icon-twitter{background-color:#1da1f2}.elementor-social-icon-viber{background-color:#665cac}.elementor-social-icon-vimeo{background-color:#1ab7ea}.elementor-social-icon-vk{background-color:#45668e}.elementor-social-icon-weibo{background-color:#dd2430}.elementor-social-icon-weixin{background-color:#31a918}.elementor-social-icon-whatsapp{background-color:#25d366}.elementor-social-icon-wordpress{background-color:#21759b}.elementor-social-icon-x-twitter{background-color:#000}.elementor-social-icon-xing{background-color:#026466}.elementor-social-icon-yelp{background-color:#af0606}.elementor-social-icon-youtube{background-color:#cd201f}.elementor-social-icon-500px{background-color:#0099e5}.elementor-shape-rounded .elementor-icon.elementor-social-icon{border-radius:10%}.elementor-shape-circle .elementor-icon.elementor-social-icon{border-radius:50%}<\/style>\t\t<div class=\"elementor-social-icons-wrapper elementor-grid\">\n\t\t\t\t\t\t\t<span class=\"elementor-grid-item\">\n\t\t\t\t\t<a class=\"elementor-icon elementor-social-icon elementor-social-icon-linkedin elementor-animation-grow elementor-repeater-item-12f5c2d\" href=\"https:\/\/www.linkedin.com\/in\/dolores-l%C3%B3pez-asensi-a208b244\/?originalSubdomain=es\" target=\"_blank\">\n\t\t\t\t\t\t<span class=\"elementor-screen-only\">Linkedin<\/span>\n\t\t\t\t\t\t<i class=\"fab fa-linkedin\"><\/i>\t\t\t\t\t<\/a>\n\t\t\t\t<\/span>\n\t\t\t\t\t<\/div>\n\t\t\t\t<\/div>\n\t\t\t\t<\/div>\n\t\t\t\t\t<\/div>\n\t\t<\/div>\n\t\t\t\t<div class=\"elementor-column elementor-col-50 elementor-top-column elementor-element elementor-element-f681df4\" data-id=\"f681df4\" data-element_type=\"column\" data-settings=\"{&quot;background_background&quot;:&quot;classic&quot;}\">\n\t\t\t<div class=\"elementor-widget-wrap elementor-element-populated\">\n\t\t\t\t\t<div class=\"elementor-background-overlay\"><\/div>\n\t\t\t\t\t\t<div class=\"elementor-element elementor-element-0678a65 elementor-position-left elementor-vertical-align-top elementor-widget elementor-widget-image-box\" data-id=\"0678a65\" data-element_type=\"widget\" data-widget_type=\"image-box.default\">\n\t\t\t\t<div class=\"elementor-widget-container\">\n\t\t\t<div class=\"elementor-image-box-wrapper\"><figure class=\"elementor-image-box-img\"><img decoding=\"async\" width=\"150\" height=\"150\" src=\"https:\/\/jornadas.fesabid.org\/jeid25\/wp-content\/uploads\/2025\/02\/efrain_foglia-150x150.png\" class=\"attachment-thumbnail size-thumbnail wp-image-4603\" alt=\"\" srcset=\"https:\/\/jornadas.fesabid.org\/jeid25\/wp-content\/uploads\/2025\/02\/efrain_foglia-150x150.png 150w, https:\/\/jornadas.fesabid.org\/jeid25\/wp-content\/uploads\/2025\/02\/efrain_foglia.png 196w\" sizes=\"(max-width: 150px) 100vw, 150px\" \/><\/figure><div class=\"elementor-image-box-content\"><h3 class=\"elementor-image-box-title\">Efra\u00edn Foglia<\/h3><p class=\"elementor-image-box-description\">Coordinador cient\u00edfico del Medialab de la Universitat Oberta de Catalunya (UOC) en Barcelona<br><\/p><\/div><\/div>\t\t<\/div>\n\t\t\t\t<\/div>\n\t\t\t\t<div class=\"elementor-element elementor-element-7c68c8e elementor-widget elementor-widget-text-editor\" data-id=\"7c68c8e\" data-element_type=\"widget\" data-widget_type=\"text-editor.default\">\n\t\t\t\t<div class=\"elementor-widget-container\">\n\t\t\t\t\t\t\t<p><span style=\"font-family: myrad-regurlar; font-size: 12pt;\">Sesi\u00f3n:<strong style=\"font-style: italic;\"> <strong>&#8220;TIEMPOS HOSTILES: ASOCIACIONISMO Y ACTIVISMO BIBLIOTECARIO FRENTE A LA CENSURA EN BIBLIOTECAS&#8221;<\/strong><\/strong><br><\/span><\/p>\t\t\t\t\t\t<\/div>\n\t\t\t\t<\/div>\n\t\t\t\t<div class=\"elementor-element elementor-element-7427d6b elementor-widget elementor-widget-toggle\" data-id=\"7427d6b\" data-element_type=\"widget\" data-widget_type=\"toggle.default\">\n\t\t\t\t<div class=\"elementor-widget-container\">\n\t\t\t\t\t<div class=\"elementor-toggle\">\n\t\t\t\t\t\t\t<div class=\"elementor-toggle-item\">\n\t\t\t\t\t<div id=\"elementor-tab-title-1211\" class=\"elementor-tab-title\" data-tab=\"1\" role=\"button\" aria-controls=\"elementor-tab-content-1211\" aria-expanded=\"false\">\n\t\t\t\t\t\t\t\t\t\t\t\t<span class=\"elementor-toggle-icon elementor-toggle-icon-left\" aria-hidden=\"true\">\n\t\t\t\t\t\t\t\t\t\t\t\t\t\t\t<span class=\"elementor-toggle-icon-closed\"><i class=\"fas fa-caret-right\"><\/i><\/span>\n\t\t\t\t\t\t\t\t<span class=\"elementor-toggle-icon-opened\"><i class=\"elementor-toggle-icon-opened fas fa-caret-up\"><\/i><\/span>\n\t\t\t\t\t\t\t\t\t\t\t\t\t<\/span>\n\t\t\t\t\t\t\t\t\t\t\t\t<a class=\"elementor-toggle-title\" tabindex=\"0\">Mas informacion<\/a>\n\t\t\t\t\t<\/div>\n\n\t\t\t\t\t<div id=\"elementor-tab-content-1211\" class=\"elementor-tab-content elementor-clearfix\" data-tab=\"1\" role=\"region\" aria-labelledby=\"elementor-tab-title-1211\"><span style=\"color: #333333; font-size: 16px;\">Efra\u00edn Foglia es dise\u00f1ador, investigador y docente. Doctor en Bellas Artes por la Universidad de Barcelona. Su trabajo se posiciona en la intersecci\u00f3n entre el dise\u00f1o, el activismo de base y las tecnolog\u00edas en red. Se ha centrado en trabajar en el dise\u00f1o de infraestructuras descentralizadas en red, y en los nuevos paradigmas del dise\u00f1o tecnopol\u00edtico. Su trabajo como dise\u00f1ador se focaliza en la Contracultura del Dise\u00f1o entendida como la proyecci\u00f3n del dise\u00f1o hacia una perspectiva pol\u00edtica en todas sus dimensiones. Forma parte del grupo de investigaci\u00f3n Mediaccions (Grup de Recerca en Cultura i Comunicacio Digital), de la Universitat Oberta de Catalunya. Es profesor de Dise\u00f1o y Arte en los Estudios de Ciencias de la Informaci\u00f3n y Comunicaci\u00f3n de la Universitat Oberta de Catalunya.<\/span><\/div>\n\t\t\t\t<\/div>\n\t\t\t\t\t\t\t\t<\/div>\n\t\t\t\t<\/div>\n\t\t\t\t<\/div>\n\t\t\t\t<div class=\"elementor-element elementor-element-f4ad659 e-grid-align-right e-grid-align-mobile-center elementor-shape-rounded elementor-grid-0 elementor-widget elementor-widget-social-icons\" data-id=\"f4ad659\" data-element_type=\"widget\" data-widget_type=\"social-icons.default\">\n\t\t\t\t<div class=\"elementor-widget-container\">\n\t\t\t\t\t<div class=\"elementor-social-icons-wrapper elementor-grid\">\n\t\t\t\t\t\t\t<span class=\"elementor-grid-item\">\n\t\t\t\t\t<a class=\"elementor-icon elementor-social-icon elementor-social-icon-linkedin elementor-animation-grow elementor-repeater-item-574dc36\" href=\"https:\/\/www.linkedin.com\/in\/efra%C3%ADn-foglia-aa28051b\/?originalSubdomain=es\" target=\"_blank\">\n\t\t\t\t\t\t<span class=\"elementor-screen-only\">Linkedin<\/span>\n\t\t\t\t\t\t<i class=\"fab fa-linkedin\"><\/i>\t\t\t\t\t<\/a>\n\t\t\t\t<\/span>\n\t\t\t\t\t<\/div>\n\t\t\t\t<\/div>\n\t\t\t\t<\/div>\n\t\t\t\t\t<\/div>\n\t\t<\/div>\n\t\t\t\t\t<\/div>\n\t\t<\/section>\n\t\t\t\t<section class=\"elementor-section elementor-top-section elementor-element elementor-element-3ef549e elementor-section-full_width elementor-section-height-default elementor-section-height-default\" data-id=\"3ef549e\" data-element_type=\"section\">\n\t\t\t\t\t\t\t<div class=\"elementor-background-overlay\"><\/div>\n\t\t\t\t\t\t\t<div class=\"elementor-container elementor-column-gap-default\">\n\t\t\t\t\t<div class=\"elementor-column elementor-col-50 elementor-top-column elementor-element elementor-element-974d3e6\" data-id=\"974d3e6\" data-element_type=\"column\" data-settings=\"{&quot;background_background&quot;:&quot;classic&quot;}\">\n\t\t\t<div class=\"elementor-widget-wrap elementor-element-populated\">\n\t\t\t\t\t<div class=\"elementor-background-overlay\"><\/div>\n\t\t\t\t\t\t<div class=\"elementor-element elementor-element-0c67c72 elementor-position-left elementor-vertical-align-top elementor-widget elementor-widget-image-box\" data-id=\"0c67c72\" data-element_type=\"widget\" data-widget_type=\"image-box.default\">\n\t\t\t\t<div class=\"elementor-widget-container\">\n\t\t\t<div class=\"elementor-image-box-wrapper\"><figure class=\"elementor-image-box-img\"><img decoding=\"async\" width=\"196\" height=\"196\" src=\"https:\/\/jornadas.fesabid.org\/jeid25\/wp-content\/uploads\/2025\/02\/blanca_bacazo.png\" class=\"attachment-full size-full wp-image-4602\" alt=\"\" srcset=\"https:\/\/jornadas.fesabid.org\/jeid25\/wp-content\/uploads\/2025\/02\/blanca_bacazo.png 196w, https:\/\/jornadas.fesabid.org\/jeid25\/wp-content\/uploads\/2025\/02\/blanca_bacazo-150x150.png 150w\" sizes=\"(max-width: 196px) 100vw, 196px\" \/><\/figure><div class=\"elementor-image-box-content\"><h3 class=\"elementor-image-box-title\">Blanca I. Bazaco Palacios<\/h3><p class=\"elementor-image-box-description\">Jefa de Referencias y Atenci\u00f3n al Usuario en Archivo Regional de la Comunidad de Madrid<\/p><\/div><\/div>\t\t<\/div>\n\t\t\t\t<\/div>\n\t\t\t\t<div class=\"elementor-element elementor-element-42fc945 elementor-widget elementor-widget-text-editor\" data-id=\"42fc945\" data-element_type=\"widget\" data-widget_type=\"text-editor.default\">\n\t\t\t\t<div class=\"elementor-widget-container\">\n\t\t\t\t\t\t\t<span style=\"font-family: myrad-regurlar; font-size: 12pt;\">Sesi\u00f3n: <b style=\"font-style: italic;\">ARCHIVISTAS \u00a1A DECLARAR!<\/b><\/span>\t\t\t\t\t\t<\/div>\n\t\t\t\t<\/div>\n\t\t\t\t<div class=\"elementor-element elementor-element-26eeabb elementor-widget elementor-widget-toggle\" data-id=\"26eeabb\" data-element_type=\"widget\" data-widget_type=\"toggle.default\">\n\t\t\t\t<div class=\"elementor-widget-container\">\n\t\t\t\t\t<div class=\"elementor-toggle\">\n\t\t\t\t\t\t\t<div class=\"elementor-toggle-item\">\n\t\t\t\t\t<div id=\"elementor-tab-title-4081\" class=\"elementor-tab-title\" data-tab=\"1\" role=\"button\" aria-controls=\"elementor-tab-content-4081\" aria-expanded=\"false\">\n\t\t\t\t\t\t\t\t\t\t\t\t<span class=\"elementor-toggle-icon elementor-toggle-icon-left\" aria-hidden=\"true\">\n\t\t\t\t\t\t\t\t\t\t\t\t\t\t\t<span class=\"elementor-toggle-icon-closed\"><i class=\"fas fa-caret-right\"><\/i><\/span>\n\t\t\t\t\t\t\t\t<span class=\"elementor-toggle-icon-opened\"><i class=\"elementor-toggle-icon-opened fas fa-caret-up\"><\/i><\/span>\n\t\t\t\t\t\t\t\t\t\t\t\t\t<\/span>\n\t\t\t\t\t\t\t\t\t\t\t\t<a class=\"elementor-toggle-title\" tabindex=\"0\">Mas informacion<\/a>\n\t\t\t\t\t<\/div>\n\n\t\t\t\t\t<div id=\"elementor-tab-content-4081\" class=\"elementor-tab-content elementor-clearfix\" data-tab=\"1\" role=\"region\" aria-labelledby=\"elementor-tab-title-4081\"><p><span style=\"font-family: myrad-regurlar; font-size: 12pt;\">Licenciada en Geograf\u00eda e Historia por la Universidad Complutense de Madrid, posee un M\u00e1ster en Archiv\u00edstica y Biblioteconom\u00eda y un t\u00edtulo de Especialista en Documentaci\u00f3n por la misma Universidad, as\u00ed como otro de Archivos y Derechos Humanos por la Universitat Aut\u00f2noma de Barcelona. Ha trabajado como archivera, en el Congreso de los Diputados y en el BOE, despu\u00e9s en la empresa privada, m\u00e1s tarde como contratada laboral en la administraci\u00f3n local (Ayuntamiento de Fuenlabrada y de Fuente el Saz de Jarama), y desde hace a\u00f1os es funcionaria de carrera de la Comunidad de Madrid, habiendo prestado servicio en el Registro Territorial de la Propiedad Intelectual de Madrid, en la Subdirecci\u00f3n General de Archivos de la Comunidad de Madrid y en la actualidad como Jefa del Servicio de Referencias y Atenci\u00f3n al Usuario del Archivo Regional de Madrid. Es miembro de la Junta Directiva de Archivos y Derechos Humanos del Consejo Internacional de Archivos (ICA-SAHR), y es la presidenta de Archiveros Espa\u00f1oles en la Funci\u00f3n P\u00fablica (AEFP). Ha participado como ponente en diversos congresos y conferencias, tanto a nivel nacional como internacional, y colaborado en diversas publicaciones, tanto del \u00e1mbito de los archivos, como de la historia o los derechos humanos. Tambi\u00e9n es docente fundamentalmente de cursos de gesti\u00f3n documental.<\/span><\/p><\/div>\n\t\t\t\t<\/div>\n\t\t\t\t\t\t\t\t<\/div>\n\t\t\t\t<\/div>\n\t\t\t\t<\/div>\n\t\t\t\t<div class=\"elementor-element elementor-element-1a578a0 e-grid-align-right e-grid-align-mobile-center elementor-shape-rounded elementor-grid-0 elementor-widget elementor-widget-social-icons\" data-id=\"1a578a0\" data-element_type=\"widget\" data-widget_type=\"social-icons.default\">\n\t\t\t\t<div class=\"elementor-widget-container\">\n\t\t\t\t\t<div class=\"elementor-social-icons-wrapper elementor-grid\">\n\t\t\t\t\t\t\t<span class=\"elementor-grid-item\">\n\t\t\t\t\t<a class=\"elementor-icon elementor-social-icon elementor-social-icon-linkedin elementor-animation-grow elementor-repeater-item-0ac3790\" href=\"https:\/\/www.linkedin.com\/in\/blanca-i-bazaco-palacios-774015177\/?originalSubdomain=es\" target=\"_blank\">\n\t\t\t\t\t\t<span class=\"elementor-screen-only\">Linkedin<\/span>\n\t\t\t\t\t\t<i class=\"fab fa-linkedin\"><\/i>\t\t\t\t\t<\/a>\n\t\t\t\t<\/span>\n\t\t\t\t\t<\/div>\n\t\t\t\t<\/div>\n\t\t\t\t<\/div>\n\t\t\t\t\t<\/div>\n\t\t<\/div>\n\t\t\t\t<div class=\"elementor-column elementor-col-50 elementor-top-column elementor-element elementor-element-295c130\" data-id=\"295c130\" data-element_type=\"column\" data-settings=\"{&quot;background_background&quot;:&quot;classic&quot;}\">\n\t\t\t<div class=\"elementor-widget-wrap elementor-element-populated\">\n\t\t\t\t\t<div class=\"elementor-background-overlay\"><\/div>\n\t\t\t\t\t\t<div class=\"elementor-element elementor-element-5845f77 elementor-position-left elementor-vertical-align-top elementor-widget elementor-widget-image-box\" data-id=\"5845f77\" data-element_type=\"widget\" data-widget_type=\"image-box.default\">\n\t\t\t\t<div class=\"elementor-widget-container\">\n\t\t\t<div class=\"elementor-image-box-wrapper\"><figure class=\"elementor-image-box-img\"><img loading=\"lazy\" decoding=\"async\" width=\"196\" height=\"196\" src=\"https:\/\/jornadas.fesabid.org\/jeid25\/wp-content\/uploads\/2025\/02\/fernando_izquierdo.png\" class=\"attachment-full size-full wp-image-4604\" alt=\"\" srcset=\"https:\/\/jornadas.fesabid.org\/jeid25\/wp-content\/uploads\/2025\/02\/fernando_izquierdo.png 196w, https:\/\/jornadas.fesabid.org\/jeid25\/wp-content\/uploads\/2025\/02\/fernando_izquierdo-150x150.png 150w\" sizes=\"(max-width: 196px) 100vw, 196px\" \/><\/figure><div class=\"elementor-image-box-content\"><h3 class=\"elementor-image-box-title\">Fernando Izquierdo Franco<\/h3><p class=\"elementor-image-box-description\">BIBLIOTECARIO. PRESIDENTE DE LA ASOCIACI\u00d3N DE PROFESIONALES DE BIBLIOTECAS DE BURGOS\n<\/p><\/div><\/div>\t\t<\/div>\n\t\t\t\t<\/div>\n\t\t\t\t<div class=\"elementor-element elementor-element-a74d9f1 elementor-widget elementor-widget-text-editor\" data-id=\"a74d9f1\" data-element_type=\"widget\" data-widget_type=\"text-editor.default\">\n\t\t\t\t<div class=\"elementor-widget-container\">\n\t\t\t\t\t\t\t<p><span style=\"font-family: myrad-regurlar; font-size: 12pt;\">Sesi\u00f3n:\u00a0<strong style=\"font-style: italic;\">DOS APUESTAS PARA EL FUTURO<\/strong><br \/><\/span><\/p>\t\t\t\t\t\t<\/div>\n\t\t\t\t<\/div>\n\t\t\t\t<div class=\"elementor-element elementor-element-c2513ef elementor-widget elementor-widget-toggle\" data-id=\"c2513ef\" data-element_type=\"widget\" data-widget_type=\"toggle.default\">\n\t\t\t\t<div class=\"elementor-widget-container\">\n\t\t\t\t\t<div class=\"elementor-toggle\">\n\t\t\t\t\t\t\t<div class=\"elementor-toggle-item\">\n\t\t\t\t\t<div id=\"elementor-tab-title-2031\" class=\"elementor-tab-title\" data-tab=\"1\" role=\"button\" aria-controls=\"elementor-tab-content-2031\" aria-expanded=\"false\">\n\t\t\t\t\t\t\t\t\t\t\t\t<span class=\"elementor-toggle-icon elementor-toggle-icon-left\" aria-hidden=\"true\">\n\t\t\t\t\t\t\t\t\t\t\t\t\t\t\t<span class=\"elementor-toggle-icon-closed\"><i class=\"fas fa-caret-right\"><\/i><\/span>\n\t\t\t\t\t\t\t\t<span class=\"elementor-toggle-icon-opened\"><i class=\"elementor-toggle-icon-opened fas fa-caret-up\"><\/i><\/span>\n\t\t\t\t\t\t\t\t\t\t\t\t\t<\/span>\n\t\t\t\t\t\t\t\t\t\t\t\t<a class=\"elementor-toggle-title\" tabindex=\"0\">Mas informacion<\/a>\n\t\t\t\t\t<\/div>\n\n\t\t\t\t\t<div id=\"elementor-tab-content-2031\" class=\"elementor-tab-content elementor-clearfix\" data-tab=\"1\" role=\"region\" aria-labelledby=\"elementor-tab-title-2031\"><span style=\"font-size: 12pt; font-family: myrad-regurlar; color: #333333;\">Licenciado en Geograf\u00eda e Historia por la Universidad de Valladolid (Facultad de Geograf\u00eda e Historia de Burgos), reciclado al mundo de la informaci\u00f3n a base de kil\u00f3metros y fe en la formaci\u00f3n que imparten los estupendos bibliotecarios que pueblan nuestra geograf\u00eda.<br \/>\nHe trabajado (por ahora) en biblioteca escolar, universitaria y p\u00fablica. Bibliotecario desde 2001 en las Bibliotecas Municipales del Ayuntamiento de Burgos, antes trabaj\u00e9 en biblioteca escolar, Biblioteca Municipal de Lerma y Biblioteca de la Universidad de Burgos. He compaginado estos a\u00f1os mi labor profesional con otras actividades vinculadas al \u00e1mbito bibliotecario. Voluntario en bibliotecas escolares entre 2012 y 2017 (organizaci\u00f3n de la biblioteca y actividades de animaci\u00f3n lectora). <br \/>\nActualmente tengo el placer de presidir una joven asociaci\u00f3n de bibliotecarios en la provincia de Burgos (APBB) que trabaja con intensidad y determinaci\u00f3n para que nuestros lectores tengan las mejores bibliotecas a su alcance, tarea m\u00e1s que dif\u00edcil, pero muy gratificante.<\/span><\/div>\n\t\t\t\t<\/div>\n\t\t\t\t\t\t\t\t<\/div>\n\t\t\t\t<\/div>\n\t\t\t\t<\/div>\n\t\t\t\t<div data-ra-element-link=\"{&quot;url&quot;:&quot;https:\\\/\\\/www.apbiblioburgos.es\\\/&quot;,&quot;is_external&quot;:&quot;&quot;,&quot;nofollow&quot;:&quot;&quot;,&quot;custom_attributes&quot;:&quot;&quot;}\" style=\"cursor: pointer\" target=\"_self\" onClick=\"window.open(&#039;https:\/\/www.apbiblioburgos.es\/&#039;, &#039;_self&#039;)\" class=\"elementor-element elementor-element-2cd2721 e-grid-align-right e-grid-align-mobile-center elementor-shape-rounded elementor-grid-0 elementor-widget elementor-widget-social-icons\" data-id=\"2cd2721\" data-element_type=\"widget\" data-widget_type=\"social-icons.default\">\n\t\t\t\t<div class=\"elementor-widget-container\">\n\t\t\t\t\t<div class=\"elementor-social-icons-wrapper elementor-grid\">\n\t\t\t\t\t\t\t<span class=\"elementor-grid-item\">\n\t\t\t\t\t<a class=\"elementor-icon elementor-social-icon elementor-social-icon-linkedin elementor-animation-grow elementor-repeater-item-ac39527\" href=\"https:\/\/www.linkedin.com\/in\/fernando-izquierdo-franco-516b59352\/\" target=\"_blank\">\n\t\t\t\t\t\t<span class=\"elementor-screen-only\">Linkedin<\/span>\n\t\t\t\t\t\t<i class=\"fab fa-linkedin\"><\/i>\t\t\t\t\t<\/a>\n\t\t\t\t<\/span>\n\t\t\t\t\t\t\t<span class=\"elementor-grid-item\">\n\t\t\t\t\t<a class=\"elementor-icon elementor-social-icon elementor-social-icon-twitter elementor-animation-grow elementor-repeater-item-736ef8d broken_link\" href=\"http:\/\/@APBiblioBurgos\" target=\"_blank\">\n\t\t\t\t\t\t<span class=\"elementor-screen-only\">Twitter<\/span>\n\t\t\t\t\t\t<i class=\"fab fa-twitter\"><\/i>\t\t\t\t\t<\/a>\n\t\t\t\t<\/span>\n\t\t\t\t\t\t\t<span class=\"elementor-grid-item\">\n\t\t\t\t\t<a class=\"elementor-icon elementor-social-icon elementor-social-icon-link elementor-animation-grow elementor-repeater-item-2a0286a broken_link\" href=\"https:\/\/www.apbiblioburgos.es\/\" target=\"_blank\">\n\t\t\t\t\t\t<span class=\"elementor-screen-only\">Link<\/span>\n\t\t\t\t\t\t<i class=\"fas fa-link\"><\/i>\t\t\t\t\t<\/a>\n\t\t\t\t<\/span>\n\t\t\t\t\t<\/div>\n\t\t\t\t<\/div>\n\t\t\t\t<\/div>\n\t\t\t\t\t<\/div>\n\t\t<\/div>\n\t\t\t\t\t<\/div>\n\t\t<\/section>\n\t\t\t\t<section class=\"elementor-section elementor-top-section elementor-element elementor-element-cbdb087 elementor-section-full_width elementor-section-height-default elementor-section-height-default\" data-id=\"cbdb087\" data-element_type=\"section\">\n\t\t\t\t\t\t\t<div class=\"elementor-background-overlay\"><\/div>\n\t\t\t\t\t\t\t<div class=\"elementor-container elementor-column-gap-default\">\n\t\t\t\t\t<div class=\"elementor-column elementor-col-50 elementor-top-column elementor-element elementor-element-de79131\" data-id=\"de79131\" data-element_type=\"column\" data-settings=\"{&quot;background_background&quot;:&quot;classic&quot;}\">\n\t\t\t<div class=\"elementor-widget-wrap elementor-element-populated\">\n\t\t\t\t\t<div class=\"elementor-background-overlay\"><\/div>\n\t\t\t\t\t\t<div class=\"elementor-element elementor-element-80b44c6 elementor-position-left elementor-vertical-align-top elementor-widget elementor-widget-image-box\" data-id=\"80b44c6\" data-element_type=\"widget\" data-widget_type=\"image-box.default\">\n\t\t\t\t<div class=\"elementor-widget-container\">\n\t\t\t<div class=\"elementor-image-box-wrapper\"><figure class=\"elementor-image-box-img\"><img loading=\"lazy\" decoding=\"async\" width=\"196\" height=\"196\" src=\"https:\/\/jornadas.fesabid.org\/jeid25\/wp-content\/uploads\/2025\/02\/lorena_fernandez.png\" class=\"attachment-full size-full wp-image-4605\" alt=\"\" srcset=\"https:\/\/jornadas.fesabid.org\/jeid25\/wp-content\/uploads\/2025\/02\/lorena_fernandez.png 196w, https:\/\/jornadas.fesabid.org\/jeid25\/wp-content\/uploads\/2025\/02\/lorena_fernandez-150x150.png 150w\" sizes=\"(max-width: 196px) 100vw, 196px\" \/><\/figure><div class=\"elementor-image-box-content\"><h3 class=\"elementor-image-box-title\">Lorena Fern\u00e1ndez \u00c1lvarez<\/h3><p class=\"elementor-image-box-description\">Directora de comunicaci\u00f3n digital de la Universidad de Deusto<\/p><\/div><\/div>\t\t<\/div>\n\t\t\t\t<\/div>\n\t\t\t\t<div class=\"elementor-element elementor-element-c26ed8c elementor-widget elementor-widget-text-editor\" data-id=\"c26ed8c\" data-element_type=\"widget\" data-widget_type=\"text-editor.default\">\n\t\t\t\t<div class=\"elementor-widget-container\">\n\t\t\t\t\t\t\t<span style=\"font-family: myrad-regurlar; font-size: 12pt;\">Sesi\u00f3n: <strong><em>INTELIGENCIA ARTIFICIAL<\/em><\/strong>\n<\/span>\t\t\t\t\t\t<\/div>\n\t\t\t\t<\/div>\n\t\t\t\t<div class=\"elementor-element elementor-element-5517556 elementor-widget elementor-widget-toggle\" data-id=\"5517556\" data-element_type=\"widget\" data-widget_type=\"toggle.default\">\n\t\t\t\t<div class=\"elementor-widget-container\">\n\t\t\t\t\t<div class=\"elementor-toggle\">\n\t\t\t\t\t\t\t<div class=\"elementor-toggle-item\">\n\t\t\t\t\t<div id=\"elementor-tab-title-8921\" class=\"elementor-tab-title\" data-tab=\"1\" role=\"button\" aria-controls=\"elementor-tab-content-8921\" aria-expanded=\"false\">\n\t\t\t\t\t\t\t\t\t\t\t\t<span class=\"elementor-toggle-icon elementor-toggle-icon-left\" aria-hidden=\"true\">\n\t\t\t\t\t\t\t\t\t\t\t\t\t\t\t<span class=\"elementor-toggle-icon-closed\"><i class=\"fas fa-caret-right\"><\/i><\/span>\n\t\t\t\t\t\t\t\t<span class=\"elementor-toggle-icon-opened\"><i class=\"elementor-toggle-icon-opened fas fa-caret-up\"><\/i><\/span>\n\t\t\t\t\t\t\t\t\t\t\t\t\t<\/span>\n\t\t\t\t\t\t\t\t\t\t\t\t<a class=\"elementor-toggle-title\" tabindex=\"0\">Mas informacion<\/a>\n\t\t\t\t\t<\/div>\n\n\t\t\t\t\t<div id=\"elementor-tab-content-8921\" class=\"elementor-tab-content elementor-clearfix\" data-tab=\"1\" role=\"region\" aria-labelledby=\"elementor-tab-title-8921\"><span style=\"font-size: 16px;\">Ingeniera inform\u00e1tica, m\u00e1ster en seguridad de la informaci\u00f3n y programa Experto en \u00c9tica de la Digitalizaci\u00f3n y de la Inteligencia Artificial Aplicada. Actualmente, directora de comunicaci\u00f3n digital de la Universidad de Deusto. Sus \u00e1reas de trabajo est\u00e1n centradas en el an\u00e1lisis de c\u00f3mo incorporar la perspectiva de g\u00e9nero en la investigaci\u00f3n, estudio de sesgos interseccionales en la Inteligencia Artificial as\u00ed como la divulgaci\u00f3n de la \u201ctuber\u00eda que gotea\u201d (leaky pipeline) y por la que perdemos el talento femenino en las titulaciones STEM.\nMiembro del grupo experto de la Comisi\u00f3n Europea Gendered Innovations, liderado por la Universidad de Stanford, para analizar el impacto de no incorporar la perspectiva de g\u00e9nero en la Inteligencia Artificial.\nForma parte del Comit\u00e9 de Sabias da C\u00e1tedra de Feminismos 4.0 da Universidade de Vigo y del Consejo de Personas Expertas de BBK Kuna Institutoa, presidido por Daniel Innerarity, y de la Junta de Patronato de la Fundaci\u00f3n EDE.\nColabora en el programa de radio \u201cHoy por Hoy Bilbao\u201d de la Cadena SER desde 2009 con una secci\u00f3n sobre tecnolog\u00eda. Ha creado junto a Pablo Garaizar e I\u00f1igo Maestro Nobel Run, un juego de mesa con enfoque l\u00fadico e innovador, que busca cuestionar y transformar los estereotipos de g\u00e9nero y la desigualdad en la ciencia. Ha creado el calendario de mujeres cient\u00edficas. Adem\u00e1s es autora, junto a Pablo Garaizar, del libro &#8220;La inteligencia artificial explicada a todos los p\u00fablicos&#8221; (editorial A Fin de Cuentos), tambi\u00e9n disponible en catal\u00e0 y euskara.<\/span><\/div>\n\t\t\t\t<\/div>\n\t\t\t\t\t\t\t\t<\/div>\n\t\t\t\t<\/div>\n\t\t\t\t<\/div>\n\t\t\t\t<div class=\"elementor-element elementor-element-3231657 e-grid-align-right e-grid-align-mobile-center elementor-shape-rounded elementor-grid-0 elementor-widget elementor-widget-social-icons\" data-id=\"3231657\" data-element_type=\"widget\" data-widget_type=\"social-icons.default\">\n\t\t\t\t<div class=\"elementor-widget-container\">\n\t\t\t\t\t<div class=\"elementor-social-icons-wrapper elementor-grid\">\n\t\t\t\t\t\t\t<span class=\"elementor-grid-item\">\n\t\t\t\t\t<a class=\"elementor-icon elementor-social-icon elementor-social-icon- elementor-animation-grow elementor-repeater-item-6571699\" href=\"https:\/\/bsky.app\/profile\/loretahur.bsky.social\" target=\"_blank\">\n\t\t\t\t\t\t<span class=\"elementor-screen-only\"><\/span>\n\t\t\t\t\t\t\t\t\t\t\t<\/a>\n\t\t\t\t<\/span>\n\t\t\t\t\t\t\t<span class=\"elementor-grid-item\">\n\t\t\t\t\t<a class=\"elementor-icon elementor-social-icon elementor-social-icon-linkedin elementor-animation-grow elementor-repeater-item-d6dd5a8\" href=\"http:\/\/www.linkedin.com\/in\/loretahur\" target=\"_blank\">\n\t\t\t\t\t\t<span class=\"elementor-screen-only\">Linkedin<\/span>\n\t\t\t\t\t\t<i class=\"fab fa-linkedin\"><\/i>\t\t\t\t\t<\/a>\n\t\t\t\t<\/span>\n\t\t\t\t\t\t\t<span class=\"elementor-grid-item\">\n\t\t\t\t\t<a class=\"elementor-icon elementor-social-icon elementor-social-icon-instagram elementor-animation-grow elementor-repeater-item-d7afab6\" href=\"http:\/\/instagram.com\/loretahur\" target=\"_blank\">\n\t\t\t\t\t\t<span class=\"elementor-screen-only\">Instagram<\/span>\n\t\t\t\t\t\t<i class=\"fab fa-instagram\"><\/i>\t\t\t\t\t<\/a>\n\t\t\t\t<\/span>\n\t\t\t\t\t\t\t<span class=\"elementor-grid-item\">\n\t\t\t\t\t<a class=\"elementor-icon elementor-social-icon elementor-social-icon-link elementor-animation-grow elementor-repeater-item-1402191\" href=\"http:\/\/www.loretahur.net\" target=\"_blank\">\n\t\t\t\t\t\t<span class=\"elementor-screen-only\">Link<\/span>\n\t\t\t\t\t\t<i class=\"fas fa-link\"><\/i>\t\t\t\t\t<\/a>\n\t\t\t\t<\/span>\n\t\t\t\t\t\t\t<span class=\"elementor-grid-item\">\n\t\t\t\t\t<a class=\"elementor-icon elementor-social-icon elementor-social-icon-blog elementor-animation-grow elementor-repeater-item-b9e2b53\" href=\"http:\/\/blog.loretahur.net\" target=\"_blank\">\n\t\t\t\t\t\t<span class=\"elementor-screen-only\">Blog<\/span>\n\t\t\t\t\t\t<i class=\"fas fa-blog\"><\/i>\t\t\t\t\t<\/a>\n\t\t\t\t<\/span>\n\t\t\t\t\t<\/div>\n\t\t\t\t<\/div>\n\t\t\t\t<\/div>\n\t\t\t\t\t<\/div>\n\t\t<\/div>\n\t\t\t\t<div class=\"elementor-column elementor-col-50 elementor-top-column elementor-element elementor-element-ae91d94\" data-id=\"ae91d94\" data-element_type=\"column\" data-settings=\"{&quot;background_background&quot;:&quot;classic&quot;}\">\n\t\t\t<div class=\"elementor-widget-wrap elementor-element-populated\">\n\t\t\t\t\t<div class=\"elementor-background-overlay\"><\/div>\n\t\t\t\t\t\t<div class=\"elementor-element elementor-element-24a83fa elementor-position-left elementor-vertical-align-top elementor-widget elementor-widget-image-box\" data-id=\"24a83fa\" data-element_type=\"widget\" data-widget_type=\"image-box.default\">\n\t\t\t\t<div class=\"elementor-widget-container\">\n\t\t\t<div class=\"elementor-image-box-wrapper\"><figure class=\"elementor-image-box-img\"><img loading=\"lazy\" decoding=\"async\" width=\"196\" height=\"196\" src=\"https:\/\/jornadas.fesabid.org\/jeid25\/wp-content\/uploads\/2025\/02\/mariaolivera.png\" class=\"attachment-full size-full wp-image-4704\" alt=\"\" srcset=\"https:\/\/jornadas.fesabid.org\/jeid25\/wp-content\/uploads\/2025\/02\/mariaolivera.png 196w, https:\/\/jornadas.fesabid.org\/jeid25\/wp-content\/uploads\/2025\/02\/mariaolivera-150x150.png 150w\" sizes=\"(max-width: 196px) 100vw, 196px\" \/><\/figure><div class=\"elementor-image-box-content\"><h3 class=\"elementor-image-box-title\">Mar\u00eda Olivera Zaldua<\/h3><p class=\"elementor-image-box-description\">Profesora en la Facultad de Ciencias de la Documentaci\u00f3n de la Universidad Complutense de Madrid<\/p><\/div><\/div>\t\t<\/div>\n\t\t\t\t<\/div>\n\t\t\t\t<div class=\"elementor-element elementor-element-5dff4d0 elementor-widget elementor-widget-text-editor\" data-id=\"5dff4d0\" data-element_type=\"widget\" data-widget_type=\"text-editor.default\">\n\t\t\t\t<div class=\"elementor-widget-container\">\n\t\t\t\t\t\t\t<p><span style=\"font-family: myrad-regurlar; font-size: 12pt;\">Sesi\u00f3n: <strong><em>DOS APUESTAS DE FUTURO<\/em><\/strong><br \/><\/span><\/p>\t\t\t\t\t\t<\/div>\n\t\t\t\t<\/div>\n\t\t\t\t<div class=\"elementor-element elementor-element-e0a682f elementor-widget elementor-widget-toggle\" data-id=\"e0a682f\" data-element_type=\"widget\" data-widget_type=\"toggle.default\">\n\t\t\t\t<div class=\"elementor-widget-container\">\n\t\t\t\t\t<div class=\"elementor-toggle\">\n\t\t\t\t\t\t\t<div class=\"elementor-toggle-item\">\n\t\t\t\t\t<div id=\"elementor-tab-title-2351\" class=\"elementor-tab-title\" data-tab=\"1\" role=\"button\" aria-controls=\"elementor-tab-content-2351\" aria-expanded=\"false\">\n\t\t\t\t\t\t\t\t\t\t\t\t<span class=\"elementor-toggle-icon elementor-toggle-icon-left\" aria-hidden=\"true\">\n\t\t\t\t\t\t\t\t\t\t\t\t\t\t\t<span class=\"elementor-toggle-icon-closed\"><i class=\"fas fa-caret-right\"><\/i><\/span>\n\t\t\t\t\t\t\t\t<span class=\"elementor-toggle-icon-opened\"><i class=\"elementor-toggle-icon-opened fas fa-caret-up\"><\/i><\/span>\n\t\t\t\t\t\t\t\t\t\t\t\t\t<\/span>\n\t\t\t\t\t\t\t\t\t\t\t\t<a class=\"elementor-toggle-title\" tabindex=\"0\">Mas informacion<\/a>\n\t\t\t\t\t<\/div>\n\n\t\t\t\t\t<div id=\"elementor-tab-content-2351\" class=\"elementor-tab-content elementor-clearfix\" data-tab=\"1\" role=\"region\" aria-labelledby=\"elementor-tab-title-2351\"><span style=\"font-size: 16px; font-family: myrad-regurlar;\">Decana de la Facultad de Ciencias de la Documentaci\u00f3n de la Universidad Complutense de Madrid y Doctora en Documentaci\u00f3n por dicha Universidad. Documentalista de la editorial Espasa y documentalista gr\u00e1fica de la revista \u00cdnsula. Miembro del grupo del grupo de investigaci\u00f3n Fotodoc (Fotograf\u00eda y Documentaci\u00f3n). Participa en varios proyectos de investigaci\u00f3n para la recuperaci\u00f3n, gesti\u00f3n y an\u00e1lisis de fondos y colecciones fotogr\u00e1ficas que se desarrollan en diversas instituciones. Imparte docencia relacionada con la documentaci\u00f3n fotogr\u00e1fica y la industria editorial.<\/span><\/div>\n\t\t\t\t<\/div>\n\t\t\t\t\t\t\t\t<\/div>\n\t\t\t\t<\/div>\n\t\t\t\t<\/div>\n\t\t\t\t<div class=\"elementor-element elementor-element-c58e0ec e-grid-align-right e-grid-align-mobile-center elementor-shape-rounded elementor-grid-0 elementor-widget elementor-widget-social-icons\" data-id=\"c58e0ec\" data-element_type=\"widget\" data-widget_type=\"social-icons.default\">\n\t\t\t\t<div class=\"elementor-widget-container\">\n\t\t\t\t\t<div class=\"elementor-social-icons-wrapper elementor-grid\">\n\t\t\t\t\t\t\t<span class=\"elementor-grid-item\">\n\t\t\t\t\t<a class=\"elementor-icon elementor-social-icon elementor-social-icon-linkedin elementor-animation-grow elementor-repeater-item-574dc36\" href=\"https:\/\/www.linkedin.com\/in\/mar%C3%ADa-olivera-zaldua-25a1b638\/?originalSubdomain=es\" target=\"_blank\">\n\t\t\t\t\t\t<span class=\"elementor-screen-only\">Linkedin<\/span>\n\t\t\t\t\t\t<i class=\"fab fa-linkedin\"><\/i>\t\t\t\t\t<\/a>\n\t\t\t\t<\/span>\n\t\t\t\t\t<\/div>\n\t\t\t\t<\/div>\n\t\t\t\t<\/div>\n\t\t\t\t\t<\/div>\n\t\t<\/div>\n\t\t\t\t\t<\/div>\n\t\t<\/section>\n\t\t\t\t<section class=\"elementor-section elementor-top-section elementor-element elementor-element-1253b0e elementor-section-full_width elementor-section-height-default elementor-section-height-default\" data-id=\"1253b0e\" data-element_type=\"section\">\n\t\t\t\t\t\t\t<div class=\"elementor-background-overlay\"><\/div>\n\t\t\t\t\t\t\t<div class=\"elementor-container elementor-column-gap-default\">\n\t\t\t\t\t<div class=\"elementor-column elementor-col-50 elementor-top-column elementor-element elementor-element-29ab867\" data-id=\"29ab867\" data-element_type=\"column\" data-settings=\"{&quot;background_background&quot;:&quot;classic&quot;}\">\n\t\t\t<div class=\"elementor-widget-wrap elementor-element-populated\">\n\t\t\t\t\t<div class=\"elementor-background-overlay\"><\/div>\n\t\t\t\t\t\t<div class=\"elementor-element elementor-element-2cf7706 elementor-position-left elementor-vertical-align-top elementor-widget elementor-widget-image-box\" data-id=\"2cf7706\" data-element_type=\"widget\" data-widget_type=\"image-box.default\">\n\t\t\t\t<div class=\"elementor-widget-container\">\n\t\t\t<div class=\"elementor-image-box-wrapper\"><figure class=\"elementor-image-box-img\"><img loading=\"lazy\" decoding=\"async\" width=\"196\" height=\"196\" src=\"https:\/\/jornadas.fesabid.org\/jeid25\/wp-content\/uploads\/2025\/02\/isabel_medrano.png\" class=\"attachment-full size-full wp-image-4904\" alt=\"\" srcset=\"https:\/\/jornadas.fesabid.org\/jeid25\/wp-content\/uploads\/2025\/02\/isabel_medrano.png 196w, https:\/\/jornadas.fesabid.org\/jeid25\/wp-content\/uploads\/2025\/02\/isabel_medrano-150x150.png 150w\" sizes=\"(max-width: 196px) 100vw, 196px\" \/><\/figure><div class=\"elementor-image-box-content\"><h3 class=\"elementor-image-box-title\">Isabel Medrano<\/h3><p class=\"elementor-image-box-description\">Jefa de la Unidad de Archivo y documentaci\u00f3n de la Agencia de Obra P\u00fablica de la Junta de Andaluc\u00eda y Delegada de Protecci\u00f3n de Datos<\/p><\/div><\/div>\t\t<\/div>\n\t\t\t\t<\/div>\n\t\t\t\t<div class=\"elementor-element elementor-element-daa155f elementor-widget elementor-widget-text-editor\" data-id=\"daa155f\" data-element_type=\"widget\" data-widget_type=\"text-editor.default\">\n\t\t\t\t<div class=\"elementor-widget-container\">\n\t\t\t\t\t\t\t<span style=\"font-family: myrad-regurlar; font-size: 12pt;\">Sesi\u00f3n:<b><i>\u00a0BIM, CUANDO LA DIGITALIZACI\u00d3N GENERA ACCESIBILIDAD<\/i><\/b>\n<\/span>\t\t\t\t\t\t<\/div>\n\t\t\t\t<\/div>\n\t\t\t\t<div class=\"elementor-element elementor-element-1c4ff99 elementor-widget elementor-widget-toggle\" data-id=\"1c4ff99\" data-element_type=\"widget\" data-widget_type=\"toggle.default\">\n\t\t\t\t<div class=\"elementor-widget-container\">\n\t\t\t\t\t<div class=\"elementor-toggle\">\n\t\t\t\t\t\t\t<div class=\"elementor-toggle-item\">\n\t\t\t\t\t<div id=\"elementor-tab-title-2961\" class=\"elementor-tab-title\" data-tab=\"1\" role=\"button\" aria-controls=\"elementor-tab-content-2961\" aria-expanded=\"false\">\n\t\t\t\t\t\t\t\t\t\t\t\t<span class=\"elementor-toggle-icon elementor-toggle-icon-left\" aria-hidden=\"true\">\n\t\t\t\t\t\t\t\t\t\t\t\t\t\t\t<span class=\"elementor-toggle-icon-closed\"><i class=\"fas fa-caret-right\"><\/i><\/span>\n\t\t\t\t\t\t\t\t<span class=\"elementor-toggle-icon-opened\"><i class=\"elementor-toggle-icon-opened fas fa-caret-up\"><\/i><\/span>\n\t\t\t\t\t\t\t\t\t\t\t\t\t<\/span>\n\t\t\t\t\t\t\t\t\t\t\t\t<a class=\"elementor-toggle-title\" tabindex=\"0\">Mas informacion<\/a>\n\t\t\t\t\t<\/div>\n\n\t\t\t\t\t<div id=\"elementor-tab-content-2961\" class=\"elementor-tab-content elementor-clearfix\" data-tab=\"1\" role=\"region\" aria-labelledby=\"elementor-tab-title-2961\"><p><span style=\"font-size: 16px;\">Archivera. Jefa de la Unidad de Archivo y documentaci\u00f3n de la Agencia de Obra P\u00fablica de la Junta de Andaluc\u00eda y Delegada de Protecci\u00f3n de Datos. Participa en el proceso de implantaci\u00f3n de la metodolog\u00eda BIM de digitalizaci\u00f3n de la construcci\u00f3n.<\/span><\/p>\n<p><span style=\"font-size: 16px;\">Ha impartido cursos y publicado art\u00edculos sobre gesti\u00f3n documental y sus relaciones con la transparencia y protecci\u00f3n de datos personales. Es vicepresidenta de la Asociaci\u00f3n de Archiveros de Andaluc\u00eda. Defensora y participante activa en proyectos colaborativos interdisciplinares: La Digitalizadora de la Memoria Colectiva, Comunidad de pr\u00e1ctica Carpe Diex y la nueva Comunidad de pr\u00e1ctica Desaf\u00edo TPD (Transparencia y Protecci\u00f3n de Datos desde el dise\u00f1o y por defecto). Miembro del Consejo editorial de la revista Tabula (ACAL).<\/span><\/p><\/div>\n\t\t\t\t<\/div>\n\t\t\t\t\t\t\t\t<\/div>\n\t\t\t\t<\/div>\n\t\t\t\t<\/div>\n\t\t\t\t\t<\/div>\n\t\t<\/div>\n\t\t\t\t<div class=\"elementor-column elementor-col-50 elementor-top-column elementor-element elementor-element-5e898a2\" data-id=\"5e898a2\" data-element_type=\"column\" data-settings=\"{&quot;background_background&quot;:&quot;classic&quot;}\">\n\t\t\t<div class=\"elementor-widget-wrap elementor-element-populated\">\n\t\t\t\t\t<div class=\"elementor-background-overlay\"><\/div>\n\t\t\t\t\t\t<div class=\"elementor-element elementor-element-d132852 elementor-position-left elementor-vertical-align-top elementor-widget elementor-widget-image-box\" data-id=\"d132852\" data-element_type=\"widget\" data-widget_type=\"image-box.default\">\n\t\t\t\t<div class=\"elementor-widget-container\">\n\t\t\t<div class=\"elementor-image-box-wrapper\"><figure class=\"elementor-image-box-img\"><img loading=\"lazy\" decoding=\"async\" width=\"196\" height=\"196\" src=\"https:\/\/jornadas.fesabid.org\/jeid25\/wp-content\/uploads\/2025\/02\/inmaculada_de_melo.png\" class=\"attachment-full size-full wp-image-4903\" alt=\"\" srcset=\"https:\/\/jornadas.fesabid.org\/jeid25\/wp-content\/uploads\/2025\/02\/inmaculada_de_melo.png 196w, https:\/\/jornadas.fesabid.org\/jeid25\/wp-content\/uploads\/2025\/02\/inmaculada_de_melo-150x150.png 150w\" sizes=\"(max-width: 196px) 100vw, 196px\" \/><\/figure><div class=\"elementor-image-box-content\"><h3 class=\"elementor-image-box-title\">Inmaculada de Melo<\/h3><p class=\"elementor-image-box-description\">Catedr\u00e1tica de \u00e9tica m\u00e9dica en la Facultad de Medicina de Cornell University en Nueva York<\/p><\/div><\/div>\t\t<\/div>\n\t\t\t\t<\/div>\n\t\t\t\t<div class=\"elementor-element elementor-element-213a503 elementor-widget elementor-widget-text-editor\" data-id=\"213a503\" data-element_type=\"widget\" data-widget_type=\"text-editor.default\">\n\t\t\t\t<div class=\"elementor-widget-container\">\n\t\t\t\t\t\t\t<span style=\"font-family: myrad-regurlar; font-size: 12pt;\">Sesi\u00f3n inaugural: <em><strong>BIEN INFORMADAS SOBRE LA DESINFORMACI\u00d3N CIENT\u00cdFICA\u00a0<\/strong><\/em><\/span><span style=\"font-family: myrad-regurlar; font-size: 12pt;\">\n<\/span>\t\t\t\t\t\t<\/div>\n\t\t\t\t<\/div>\n\t\t\t\t<div class=\"elementor-element elementor-element-b1651be elementor-widget elementor-widget-toggle\" data-id=\"b1651be\" data-element_type=\"widget\" data-widget_type=\"toggle.default\">\n\t\t\t\t<div class=\"elementor-widget-container\">\n\t\t\t\t\t<div class=\"elementor-toggle\">\n\t\t\t\t\t\t\t<div class=\"elementor-toggle-item\">\n\t\t\t\t\t<div id=\"elementor-tab-title-1861\" class=\"elementor-tab-title\" data-tab=\"1\" role=\"button\" aria-controls=\"elementor-tab-content-1861\" aria-expanded=\"false\">\n\t\t\t\t\t\t\t\t\t\t\t\t<span class=\"elementor-toggle-icon elementor-toggle-icon-left\" aria-hidden=\"true\">\n\t\t\t\t\t\t\t\t\t\t\t\t\t\t\t<span class=\"elementor-toggle-icon-closed\"><i class=\"fas fa-caret-right\"><\/i><\/span>\n\t\t\t\t\t\t\t\t<span class=\"elementor-toggle-icon-opened\"><i class=\"elementor-toggle-icon-opened fas fa-caret-up\"><\/i><\/span>\n\t\t\t\t\t\t\t\t\t\t\t\t\t<\/span>\n\t\t\t\t\t\t\t\t\t\t\t\t<a class=\"elementor-toggle-title\" tabindex=\"0\">Mas informacion<\/a>\n\t\t\t\t\t<\/div>\n\n\t\t\t\t\t<div id=\"elementor-tab-content-1861\" class=\"elementor-tab-content elementor-clearfix\" data-tab=\"1\" role=\"region\" aria-labelledby=\"elementor-tab-title-1861\"><p><span style=\"font-size: 16px;\">Doctora en filosof\u00eda y tiene un m\u00e1ster en biolog\u00eda molecular. Su trabajo, informado por valores feministas, se centra en cuestiones \u00e9ticas y epist\u00e9micas relacionadas con las ciencias biom\u00e9dicas y ha publicado extensamente en estas \u00e1reas. Est\u00e1 interesada no s\u00f3lo en temas tradicionales relacionadas con la realizaci\u00f3n responsable de la investigaci\u00f3n, sino tambi\u00e9n en cuestiones sobre el papel de los valores en la ciencia y la tecnolog\u00eda, las obligaciones \u00e9ticas de las comunidades cient\u00edficas y las formas en que las pr\u00e1cticas cient\u00edficas e instituciones de investigaci\u00f3n pueden ser m\u00e1s o menos conducentes a la producci\u00f3n de conocimientos cient\u00edficos y tecnol\u00f3gicos socialmente relevantes. Su investigaci\u00f3n ha sido financiada por los National Institutes of Health, la National Science Foundation, y la National Endowment for the Humanities. Es Fellow del Hastings Center y miembro de la European Academy of Sciences. Ha sido presidenta de la Society for Philosophy and Technology y miembro de las juntas directivas de la American Society for Bioethics and the Humanities y del Center for Practical Bioethics. Es autora de varios libros, entre ellos Rethinking Reprogenetics (Oxford, 2017) y, con Kristen Intemann, The Fight Against Doubt (Oxford, 2018).<\/span><\/p><\/div>\n\t\t\t\t<\/div>\n\t\t\t\t\t\t\t\t<\/div>\n\t\t\t\t<\/div>\n\t\t\t\t<\/div>\n\t\t\t\t\t<\/div>\n\t\t<\/div>\n\t\t\t\t\t<\/div>\n\t\t<\/section>\n\t\t\t\t<section class=\"elementor-section elementor-top-section elementor-element elementor-element-a969994 elementor-section-full_width elementor-section-height-default elementor-section-height-default\" data-id=\"a969994\" data-element_type=\"section\">\n\t\t\t\t\t\t\t<div class=\"elementor-background-overlay\"><\/div>\n\t\t\t\t\t\t\t<div class=\"elementor-container elementor-column-gap-default\">\n\t\t\t\t\t<div class=\"elementor-column elementor-col-50 elementor-top-column elementor-element elementor-element-77cc44c\" data-id=\"77cc44c\" data-element_type=\"column\" data-settings=\"{&quot;background_background&quot;:&quot;classic&quot;}\">\n\t\t\t<div class=\"elementor-widget-wrap elementor-element-populated\">\n\t\t\t\t\t<div class=\"elementor-background-overlay\"><\/div>\n\t\t\t\t\t\t<div class=\"elementor-element elementor-element-e669afb elementor-position-left elementor-vertical-align-top elementor-widget elementor-widget-image-box\" data-id=\"e669afb\" data-element_type=\"widget\" data-widget_type=\"image-box.default\">\n\t\t\t\t<div class=\"elementor-widget-container\">\n\t\t\t<div class=\"elementor-image-box-wrapper\"><figure class=\"elementor-image-box-img\"><img loading=\"lazy\" decoding=\"async\" width=\"196\" height=\"196\" src=\"https:\/\/jornadas.fesabid.org\/jeid25\/wp-content\/uploads\/2025\/06\/rafa_resines.png\" class=\"attachment-full size-full wp-image-6190\" alt=\"\" srcset=\"https:\/\/jornadas.fesabid.org\/jeid25\/wp-content\/uploads\/2025\/06\/rafa_resines.png 196w, https:\/\/jornadas.fesabid.org\/jeid25\/wp-content\/uploads\/2025\/06\/rafa_resines-150x150.png 150w\" sizes=\"(max-width: 196px) 100vw, 196px\" \/><\/figure><div class=\"elementor-image-box-content\"><h3 class=\"elementor-image-box-title\">Rafael Resines Pradera<\/h3><p class=\"elementor-image-box-description\">T\u00e9cnico de archivo de la Fundaci\u00f3n Sancho el Sabio<\/p><\/div><\/div>\t\t<\/div>\n\t\t\t\t<\/div>\n\t\t\t\t<div class=\"elementor-element elementor-element-7b1cbbf elementor-widget elementor-widget-text-editor\" data-id=\"7b1cbbf\" data-element_type=\"widget\" data-widget_type=\"text-editor.default\">\n\t\t\t\t<div class=\"elementor-widget-container\">\n\t\t\t\t\t\t\t<span style=\"font-family: myrad-regurlar; font-size: 12pt;\">Sesi\u00f3n: <b style=\"font-style: italic;\">60 A\u00d1OS RECOPILANDO BIBLIOGRAF\u00cdA VASCA: DE GUARDIANES DEL CONOCIMIENTO A FACILITADORES DE INFORMACI\u00d3N<\/b><\/span>\t\t\t\t\t\t<\/div>\n\t\t\t\t<\/div>\n\t\t\t\t<div class=\"elementor-element elementor-element-b702b74 elementor-widget elementor-widget-toggle\" data-id=\"b702b74\" data-element_type=\"widget\" data-widget_type=\"toggle.default\">\n\t\t\t\t<div class=\"elementor-widget-container\">\n\t\t\t\t\t<div class=\"elementor-toggle\">\n\t\t\t\t\t\t\t<div class=\"elementor-toggle-item\">\n\t\t\t\t\t<div id=\"elementor-tab-title-1911\" class=\"elementor-tab-title\" data-tab=\"1\" role=\"button\" aria-controls=\"elementor-tab-content-1911\" aria-expanded=\"false\">\n\t\t\t\t\t\t\t\t\t\t\t\t<span class=\"elementor-toggle-icon elementor-toggle-icon-left\" aria-hidden=\"true\">\n\t\t\t\t\t\t\t\t\t\t\t\t\t\t\t<span class=\"elementor-toggle-icon-closed\"><i class=\"fas fa-caret-right\"><\/i><\/span>\n\t\t\t\t\t\t\t\t<span class=\"elementor-toggle-icon-opened\"><i class=\"elementor-toggle-icon-opened fas fa-caret-up\"><\/i><\/span>\n\t\t\t\t\t\t\t\t\t\t\t\t\t<\/span>\n\t\t\t\t\t\t\t\t\t\t\t\t<a class=\"elementor-toggle-title\" tabindex=\"0\">Mas informacion<\/a>\n\t\t\t\t\t<\/div>\n\n\t\t\t\t\t<div id=\"elementor-tab-content-1911\" class=\"elementor-tab-content elementor-clearfix\" data-tab=\"1\" role=\"region\" aria-labelledby=\"elementor-tab-title-1911\"><p><span style=\"font-size: 16px;\">Historiador del Arte, muse\u00f3logo y archivero. T\u00e9cnico de archivo de la Fundaci\u00f3n Sancho el Sabio.<br \/>Licenciado en Historia del Arte por la Universidad del Pa\u00eds Vasco y M\u00e1ster en Dise\u00f1o y Gesti\u00f3n de Exposiciones por la Fundaci\u00f3n Camu\u00f1as y Universidad San Pablo CEU.<\/span><\/p><p><span style=\"font-size: 16px;\">Con m\u00e1s de 15 a\u00f1os de experiencia en catalogaci\u00f3n, descripci\u00f3n, digitalizaci\u00f3n y gesti\u00f3n de archivos tanto en la empresa privada como en instituciones como el Instituto Foral de Bienestar Social de \u00c1lava, Archivo del Territorio Hist\u00f3rico de \u00c1lava, Museo Nacional del Teatro de Almagro&#8230;<\/span><\/p><p><span style=\"font-size: 16px;\">Su experiencia en museos abarca trabajos en dise\u00f1o, registro y montaje de exposiciones en el Centro Museo Vasco de Arte Contempor\u00e1neo ARTIUM, Museo Guggenheim Bilbao, Museo del Caballero de Olmedo, etc.<\/span><\/p><\/div>\n\t\t\t\t<\/div>\n\t\t\t\t\t\t\t\t<\/div>\n\t\t\t\t<\/div>\n\t\t\t\t<\/div>\n\t\t\t\t\t<\/div>\n\t\t<\/div>\n\t\t\t\t<div class=\"elementor-column elementor-col-50 elementor-top-column elementor-element elementor-element-62d4320\" data-id=\"62d4320\" data-element_type=\"column\" data-settings=\"{&quot;background_background&quot;:&quot;classic&quot;}\">\n\t\t\t<div class=\"elementor-widget-wrap elementor-element-populated\">\n\t\t\t\t\t<div class=\"elementor-background-overlay\"><\/div>\n\t\t\t\t\t\t<div class=\"elementor-element elementor-element-6d890db elementor-position-left elementor-vertical-align-top elementor-widget elementor-widget-image-box\" data-id=\"6d890db\" data-element_type=\"widget\" data-widget_type=\"image-box.default\">\n\t\t\t\t<div class=\"elementor-widget-container\">\n\t\t\t<div class=\"elementor-image-box-wrapper\"><figure class=\"elementor-image-box-img\"><img loading=\"lazy\" decoding=\"async\" width=\"196\" height=\"196\" src=\"https:\/\/jornadas.fesabid.org\/jeid25\/wp-content\/uploads\/2025\/02\/julian_prior.png\" class=\"attachment-full size-full wp-image-4946\" alt=\"\" srcset=\"https:\/\/jornadas.fesabid.org\/jeid25\/wp-content\/uploads\/2025\/02\/julian_prior.png 196w, https:\/\/jornadas.fesabid.org\/jeid25\/wp-content\/uploads\/2025\/02\/julian_prior-150x150.png 150w\" sizes=\"(max-width: 196px) 100vw, 196px\" \/><\/figure><div class=\"elementor-image-box-content\"><h3 class=\"elementor-image-box-title\">Juli\u00e1n Antonio Prior Cabanillas<\/h3><p class=\"elementor-image-box-description\">Subdirector Adjunto de Transparencia y Buen Gobierno en el Consejo de Transparencia y Buen Gobierno estatal\n<\/p><\/div><\/div>\t\t<\/div>\n\t\t\t\t<\/div>\n\t\t\t\t<div class=\"elementor-element elementor-element-bf4ab16 elementor-widget elementor-widget-text-editor\" data-id=\"bf4ab16\" data-element_type=\"widget\" data-widget_type=\"text-editor.default\">\n\t\t\t\t<div class=\"elementor-widget-container\">\n\t\t\t\t\t\t\t<span style=\"font-family: myrad-regurlar; font-size: 12pt;\">Sesi\u00f3n:\u00a0<strong style=\"font-style: italic;\">SCAPE ROOM: EL C\u00d3DIGO DEL ACCESO: EN BUSCA DE LA VERDAD DOCUMENTAL<\/strong>\n<\/span>\t\t\t\t\t\t<\/div>\n\t\t\t\t<\/div>\n\t\t\t\t<div class=\"elementor-element elementor-element-e7bf3f7 elementor-widget elementor-widget-toggle\" data-id=\"e7bf3f7\" data-element_type=\"widget\" data-widget_type=\"toggle.default\">\n\t\t\t\t<div class=\"elementor-widget-container\">\n\t\t\t\t\t<div class=\"elementor-toggle\">\n\t\t\t\t\t\t\t<div class=\"elementor-toggle-item\">\n\t\t\t\t\t<div id=\"elementor-tab-title-2431\" class=\"elementor-tab-title\" data-tab=\"1\" role=\"button\" aria-controls=\"elementor-tab-content-2431\" aria-expanded=\"false\">\n\t\t\t\t\t\t\t\t\t\t\t\t<span class=\"elementor-toggle-icon elementor-toggle-icon-left\" aria-hidden=\"true\">\n\t\t\t\t\t\t\t\t\t\t\t\t\t\t\t<span class=\"elementor-toggle-icon-closed\"><i class=\"fas fa-caret-right\"><\/i><\/span>\n\t\t\t\t\t\t\t\t<span class=\"elementor-toggle-icon-opened\"><i class=\"elementor-toggle-icon-opened fas fa-caret-up\"><\/i><\/span>\n\t\t\t\t\t\t\t\t\t\t\t\t\t<\/span>\n\t\t\t\t\t\t\t\t\t\t\t\t<a class=\"elementor-toggle-title\" tabindex=\"0\">Mas informacion<\/a>\n\t\t\t\t\t<\/div>\n\n\t\t\t\t\t<div id=\"elementor-tab-content-2431\" class=\"elementor-tab-content elementor-clearfix\" data-tab=\"1\" role=\"region\" aria-labelledby=\"elementor-tab-title-2431\"><p><span style=\"font-size: 12pt; font-family: myrad-regurlar; color: #333333;\">Licenciado en Derecho por la Universidad Aut\u00f3noma de Madrid y Doctor en Historia por la Universidad Complutense de Madrid.<\/span><\/p>\n<p><span style=\"font-size: 12pt; font-family: myrad-regurlar; color: #333333;\">Funcionario del Cuerpo Facultativo de Archiveros, Bibliotecarios y Arque\u00f3logos del Estado desde 2004, ha desarrollado su carrera como funcionario del Estado en el Archivo Hist\u00f3rico Nacional (2004-2009), en la unidad de coordinaci\u00f3n de archivos del Ministerio de Defensa (2009-2015), en la Oficina de la Transparencia y Acceso a la Informaci\u00f3n del Ministerio de la Presidencia (2015-2017), en la Direcci\u00f3n General de Gobernanza P\u00fablica del Ministerio de Hacienda y Funci\u00f3n P\u00fablica (2017-2024). Desde el 1 de abril de 2024 es Subdirector Adjunto de Transparencia y Buen Gobierno en el Consejo de Transparencia y Buen Gobierno.<\/span><\/p>\n<p><span style=\"font-size: 12pt; font-family: myrad-regurlar; color: #333333;\">Toda su carrera administrativa la ha desarrollado en el \u00e1mbito del acceso a la informaci\u00f3n (archivos) y la transparencia de la actividad p\u00fablica.<\/span><\/p><\/div>\n\t\t\t\t<\/div>\n\t\t\t\t\t\t\t\t<\/div>\n\t\t\t\t<\/div>\n\t\t\t\t<\/div>\n\t\t\t\t\t<\/div>\n\t\t<\/div>\n\t\t\t\t\t<\/div>\n\t\t<\/section>\n\t\t\t\t<section class=\"elementor-section elementor-top-section elementor-element elementor-element-eba9921 elementor-section-full_width elementor-section-height-default elementor-section-height-default\" data-id=\"eba9921\" data-element_type=\"section\">\n\t\t\t\t\t\t\t<div class=\"elementor-background-overlay\"><\/div>\n\t\t\t\t\t\t\t<div class=\"elementor-container elementor-column-gap-default\">\n\t\t\t\t\t<div class=\"elementor-column elementor-col-50 elementor-top-column elementor-element elementor-element-e771016\" data-id=\"e771016\" data-element_type=\"column\" data-settings=\"{&quot;background_background&quot;:&quot;classic&quot;}\">\n\t\t\t<div class=\"elementor-widget-wrap elementor-element-populated\">\n\t\t\t\t\t<div class=\"elementor-background-overlay\"><\/div>\n\t\t\t\t\t\t<div class=\"elementor-element elementor-element-d83e443 elementor-position-left elementor-vertical-align-top elementor-widget elementor-widget-image-box\" data-id=\"d83e443\" data-element_type=\"widget\" data-widget_type=\"image-box.default\">\n\t\t\t\t<div class=\"elementor-widget-container\">\n\t\t\t<div class=\"elementor-image-box-wrapper\"><figure class=\"elementor-image-box-img\"><img loading=\"lazy\" decoding=\"async\" width=\"196\" height=\"196\" src=\"https:\/\/jornadas.fesabid.org\/jeid25\/wp-content\/uploads\/2025\/03\/sergio_galvez.png\" class=\"attachment-full size-full wp-image-5013\" alt=\"\" srcset=\"https:\/\/jornadas.fesabid.org\/jeid25\/wp-content\/uploads\/2025\/03\/sergio_galvez.png 196w, https:\/\/jornadas.fesabid.org\/jeid25\/wp-content\/uploads\/2025\/03\/sergio_galvez-150x150.png 150w\" sizes=\"(max-width: 196px) 100vw, 196px\" \/><\/figure><div class=\"elementor-image-box-content\"><h3 class=\"elementor-image-box-title\">Sergio G\u00e1lvez Biesca<\/h3><p class=\"elementor-image-box-description\">Jefe de Servicio del Archivo Central del Ministerio de Trabajo y Econom\u00eda Social<\/p><\/div><\/div>\t\t<\/div>\n\t\t\t\t<\/div>\n\t\t\t\t<div class=\"elementor-element elementor-element-96487fe elementor-widget elementor-widget-text-editor\" data-id=\"96487fe\" data-element_type=\"widget\" data-widget_type=\"text-editor.default\">\n\t\t\t\t<div class=\"elementor-widget-container\">\n\t\t\t\t\t\t\t<p><span style=\"font-family: myrad-regurlar; font-size: 12pt;\">Sesi\u00f3n: <strong style=\"font-style: italic;\">SCAPE ROOM: EL C\u00d3DIGO DEL ACCESO: EN BUSCA DE LA VERDAD DOCUMENTAL<\/strong><br \/><\/span><\/p>\t\t\t\t\t\t<\/div>\n\t\t\t\t<\/div>\n\t\t\t\t<div class=\"elementor-element elementor-element-b3c14cb elementor-widget elementor-widget-toggle\" data-id=\"b3c14cb\" data-element_type=\"widget\" data-widget_type=\"toggle.default\">\n\t\t\t\t<div class=\"elementor-widget-container\">\n\t\t\t\t\t<div class=\"elementor-toggle\">\n\t\t\t\t\t\t\t<div class=\"elementor-toggle-item\">\n\t\t\t\t\t<div id=\"elementor-tab-title-1881\" class=\"elementor-tab-title\" data-tab=\"1\" role=\"button\" aria-controls=\"elementor-tab-content-1881\" aria-expanded=\"false\">\n\t\t\t\t\t\t\t\t\t\t\t\t<span class=\"elementor-toggle-icon elementor-toggle-icon-left\" aria-hidden=\"true\">\n\t\t\t\t\t\t\t\t\t\t\t\t\t\t\t<span class=\"elementor-toggle-icon-closed\"><i class=\"fas fa-caret-right\"><\/i><\/span>\n\t\t\t\t\t\t\t\t<span class=\"elementor-toggle-icon-opened\"><i class=\"elementor-toggle-icon-opened fas fa-caret-up\"><\/i><\/span>\n\t\t\t\t\t\t\t\t\t\t\t\t\t<\/span>\n\t\t\t\t\t\t\t\t\t\t\t\t<a class=\"elementor-toggle-title\" tabindex=\"0\">Mas informacion<\/a>\n\t\t\t\t\t<\/div>\n\n\t\t\t\t\t<div id=\"elementor-tab-content-1881\" class=\"elementor-tab-content elementor-clearfix\" data-tab=\"1\" role=\"region\" aria-labelledby=\"elementor-tab-title-1881\"><span style=\"font-size: 16px;\">Doctor en Historia Contempor\u00e1nea. Entre otras membres\u00edas es investigador del Ibero American Institute of the Hague, as\u00ed como forma parte de la Section on Archives and Human Rights on the International Council on Archives (SAHR-ICA). Ha dirigido diversos proyectos I+D relacionados con el proceso de recuperaci\u00f3n de la memoria e historia democr\u00e1ticas y la Justicia Transicional. Parte de su producci\u00f3n bibliogr\u00e1fica se puede consultar <a href=\"https:\/\/dialnet.unirioja.es\/servlet\/autor?codigo=748227\" target=\"_blank\">aqu\u00ed<\/a>. Y sobre la cuesti\u00f3n del acceso a los archivos en formato o no de scape room: <\/span>\n<ul>\n \t<li>Antonio Gonz\u00e1lez Quintana, Sergio G\u00e1lvez Biesca y Luis Castro Berrojo (coords.), El acceso a los archivos en Espa\u00f1a, Madrid, Fundaci\u00f3n Francisco Largo Caballero \/ Fundaci\u00f3n 1\u00ba de Mayo, 2019.<\/li>\n \t<li>Manuel Bueno Lluch, Henar Alonso Rodr\u00edguez y Sergio G\u00e1lvez Biesca (coords.), El \u00abderecho al olvido\u00bb: uso, abuso e instrumentalizaci\u00f3n frente a la investigaci\u00f3n hist\u00f3rica. Dossier monogr\u00e1fico Nuestra Historia, 12 (2021).<\/li>\n \t<li>Sergio G\u00e1lvez Biesca, \u201cEl acceso a los archivos en Espa\u00f1a: una yincana en un laberinto de hormig\u00f3n armado\u201d, Marisa Gonz\u00e1lez de Oleaga y Miguel Martorell (eds.), Archivos y poder. Un encuentro con la historia, Madrid \/ Buenos Aires, Postmetropolis Editorial y Tren en movimiento, 2024, pp. 159-221.<\/li>\n<\/ul>\n&nbsp;<\/div>\n\t\t\t\t<\/div>\n\t\t\t\t\t\t\t\t<\/div>\n\t\t\t\t<\/div>\n\t\t\t\t<\/div>\n\t\t\t\t<div class=\"elementor-element elementor-element-7bf97df e-grid-align-right e-grid-align-mobile-center elementor-shape-rounded elementor-grid-0 elementor-widget elementor-widget-social-icons\" data-id=\"7bf97df\" data-element_type=\"widget\" data-widget_type=\"social-icons.default\">\n\t\t\t\t<div class=\"elementor-widget-container\">\n\t\t\t\t\t<div class=\"elementor-social-icons-wrapper elementor-grid\">\n\t\t\t\t\t\t\t<span class=\"elementor-grid-item\">\n\t\t\t\t\t<a class=\"elementor-icon elementor-social-icon elementor-social-icon- elementor-animation-grow elementor-repeater-item-6571699\" href=\"https:\/\/bsky.app\/profile\/segalvez.bsky.social\" target=\"_blank\">\n\t\t\t\t\t\t<span class=\"elementor-screen-only\"><\/span>\n\t\t\t\t\t\t\t\t\t\t\t<\/a>\n\t\t\t\t<\/span>\n\t\t\t\t\t\t\t<span class=\"elementor-grid-item\">\n\t\t\t\t\t<a class=\"elementor-icon elementor-social-icon elementor-social-icon-x-twitter elementor-animation-grow elementor-repeater-item-d6dd5a8\" href=\"https:\/\/x.com\/segalvez1\/\" target=\"_blank\">\n\t\t\t\t\t\t<span class=\"elementor-screen-only\">X-twitter<\/span>\n\t\t\t\t\t\t<i class=\"fab fa-x-twitter\"><\/i>\t\t\t\t\t<\/a>\n\t\t\t\t<\/span>\n\t\t\t\t\t<\/div>\n\t\t\t\t<\/div>\n\t\t\t\t<\/div>\n\t\t\t\t\t<\/div>\n\t\t<\/div>\n\t\t\t\t<div class=\"elementor-column elementor-col-50 elementor-top-column elementor-element elementor-element-12a8e7b\" data-id=\"12a8e7b\" data-element_type=\"column\" data-settings=\"{&quot;background_background&quot;:&quot;classic&quot;}\">\n\t\t\t<div class=\"elementor-widget-wrap elementor-element-populated\">\n\t\t\t\t\t<div class=\"elementor-background-overlay\"><\/div>\n\t\t\t\t\t\t<div class=\"elementor-element elementor-element-bbe167a elementor-position-left elementor-vertical-align-top elementor-widget elementor-widget-image-box\" data-id=\"bbe167a\" data-element_type=\"widget\" data-widget_type=\"image-box.default\">\n\t\t\t\t<div class=\"elementor-widget-container\">\n\t\t\t<div class=\"elementor-image-box-wrapper\"><figure class=\"elementor-image-box-img\"><img loading=\"lazy\" decoding=\"async\" width=\"196\" height=\"196\" src=\"https:\/\/jornadas.fesabid.org\/jeid25\/wp-content\/uploads\/2025\/03\/montse_fortino.png\" class=\"attachment-full size-full wp-image-5124\" alt=\"\" srcset=\"https:\/\/jornadas.fesabid.org\/jeid25\/wp-content\/uploads\/2025\/03\/montse_fortino.png 196w, https:\/\/jornadas.fesabid.org\/jeid25\/wp-content\/uploads\/2025\/03\/montse_fortino-150x150.png 150w\" sizes=\"(max-width: 196px) 100vw, 196px\" \/><\/figure><div class=\"elementor-image-box-content\"><h3 class=\"elementor-image-box-title\">Montserrat Bailac Puigdellivol<\/h3><p class=\"elementor-image-box-description\">Documentalista en TV3. Responsable del Archivo Hist\u00f3rico y Relaciones externas<\/p><\/div><\/div>\t\t<\/div>\n\t\t\t\t<\/div>\n\t\t\t\t<div class=\"elementor-element elementor-element-0dc9a54 elementor-widget elementor-widget-text-editor\" data-id=\"0dc9a54\" data-element_type=\"widget\" data-widget_type=\"text-editor.default\">\n\t\t\t\t<div class=\"elementor-widget-container\">\n\t\t\t\t\t\t\t<p><span data-mce-type=\"bookmark\" style=\"display: inline-block; width: 0px; overflow: hidden; line-height: 0;\" class=\"mce_SELRES_start\">\ufeff<\/span><span style=\"font-family: myrad-regurlar; font-size: 12pt;\">Sesi\u00f3n: <strong style=\"font-style: italic;\">SCAPE ROOM: EL C\u00d3DIGO DEL ACCESO: EN BUSCA DE LA VERDAD DOCUMENTAL<\/strong><br \/><\/span><\/p>\t\t\t\t\t\t<\/div>\n\t\t\t\t<\/div>\n\t\t\t\t<div class=\"elementor-element elementor-element-3cdc6b1 elementor-widget elementor-widget-toggle\" data-id=\"3cdc6b1\" data-element_type=\"widget\" data-widget_type=\"toggle.default\">\n\t\t\t\t<div class=\"elementor-widget-container\">\n\t\t\t\t\t<div class=\"elementor-toggle\">\n\t\t\t\t\t\t\t<div class=\"elementor-toggle-item\">\n\t\t\t\t\t<div id=\"elementor-tab-title-6381\" class=\"elementor-tab-title\" data-tab=\"1\" role=\"button\" aria-controls=\"elementor-tab-content-6381\" aria-expanded=\"false\">\n\t\t\t\t\t\t\t\t\t\t\t\t<span class=\"elementor-toggle-icon elementor-toggle-icon-left\" aria-hidden=\"true\">\n\t\t\t\t\t\t\t\t\t\t\t\t\t\t\t<span class=\"elementor-toggle-icon-closed\"><i class=\"fas fa-caret-right\"><\/i><\/span>\n\t\t\t\t\t\t\t\t<span class=\"elementor-toggle-icon-opened\"><i class=\"elementor-toggle-icon-opened fas fa-caret-up\"><\/i><\/span>\n\t\t\t\t\t\t\t\t\t\t\t\t\t<\/span>\n\t\t\t\t\t\t\t\t\t\t\t\t<a class=\"elementor-toggle-title\" tabindex=\"0\">Mas informacion<\/a>\n\t\t\t\t\t<\/div>\n\n\t\t\t\t\t<div id=\"elementor-tab-content-6381\" class=\"elementor-tab-content elementor-clearfix\" data-tab=\"1\" role=\"region\" aria-labelledby=\"elementor-tab-title-6381\"><span style=\"font-size: 16px; font-family: myrad-regurlar;\">Diplomada en biblioteconomia i documentaci\u00f3n por l'&#8221;Escola Universit\u00e0ria de biblioteconomia i documentaci\u00f3 Jordi Rubi\u00f3 i Balaguer&#8221; y licenciada en Filologia Inglesa por la Universitat de Barcelona. Licenciada en Ciencias Pol\u00edticas y Sociologia por la Universitat Aut\u00f2noma de Barcelona. Miembro de la Comisi\u00f3n de &#8220;Value, use and copyright&#8221; de la Organizaci\u00f3n Internacional FIAT IFTA. Especializada en la b\u00fasqueda documental para programas de car\u00e1cter hist\u00f3rico y documentales basados en materiales de archivo. Mi centro de inter\u00e9s pasa tambi\u00e9n por la recuperaci\u00f3n del patrimonio f\u00edlmico, especialmente de los archivos particulares y la difusi\u00f3n de \u00e9stos.<\/span><\/div>\n\t\t\t\t<\/div>\n\t\t\t\t\t\t\t\t<\/div>\n\t\t\t\t<\/div>\n\t\t\t\t<\/div>\n\t\t\t\t<div class=\"elementor-element elementor-element-548deec e-grid-align-right e-grid-align-mobile-center elementor-shape-rounded elementor-grid-0 elementor-widget elementor-widget-social-icons\" data-id=\"548deec\" data-element_type=\"widget\" data-widget_type=\"social-icons.default\">\n\t\t\t\t<div class=\"elementor-widget-container\">\n\t\t\t\t\t<div class=\"elementor-social-icons-wrapper elementor-grid\">\n\t\t\t\t\t\t\t<span class=\"elementor-grid-item\">\n\t\t\t\t\t<a class=\"elementor-icon elementor-social-icon elementor-social-icon-x-twitter elementor-animation-grow elementor-repeater-item-574dc36\" href=\"https:\/\/x.com\/mbailac\/\" target=\"_blank\">\n\t\t\t\t\t\t<span class=\"elementor-screen-only\">X-twitter<\/span>\n\t\t\t\t\t\t<i class=\"fab fa-x-twitter\"><\/i>\t\t\t\t\t<\/a>\n\t\t\t\t<\/span>\n\t\t\t\t\t\t\t<span class=\"elementor-grid-item\">\n\t\t\t\t\t<a class=\"elementor-icon elementor-social-icon elementor-social-icon-linkedin elementor-animation-grow elementor-repeater-item-a778b95\" href=\"https:\/\/www.linkedin.com\/in\/montserrat-bailac-puigdell%C3%ADvol-73a09891\" target=\"_blank\">\n\t\t\t\t\t\t<span class=\"elementor-screen-only\">Linkedin<\/span>\n\t\t\t\t\t\t<i class=\"fab fa-linkedin\"><\/i>\t\t\t\t\t<\/a>\n\t\t\t\t<\/span>\n\t\t\t\t\t<\/div>\n\t\t\t\t<\/div>\n\t\t\t\t<\/div>\n\t\t\t\t\t<\/div>\n\t\t<\/div>\n\t\t\t\t\t<\/div>\n\t\t<\/section>\n\t\t\t\t<section class=\"elementor-section elementor-top-section elementor-element elementor-element-6dc01dc elementor-section-full_width elementor-section-height-default elementor-section-height-default\" data-id=\"6dc01dc\" data-element_type=\"section\">\n\t\t\t\t\t\t\t<div class=\"elementor-background-overlay\"><\/div>\n\t\t\t\t\t\t\t<div class=\"elementor-container elementor-column-gap-default\">\n\t\t\t\t\t<div class=\"elementor-column elementor-col-50 elementor-top-column elementor-element elementor-element-01599c5\" data-id=\"01599c5\" data-element_type=\"column\" data-settings=\"{&quot;background_background&quot;:&quot;classic&quot;}\">\n\t\t\t<div class=\"elementor-widget-wrap elementor-element-populated\">\n\t\t\t\t\t<div class=\"elementor-background-overlay\"><\/div>\n\t\t\t\t\t\t<div class=\"elementor-element elementor-element-1343fcf elementor-position-left elementor-vertical-align-top elementor-widget elementor-widget-image-box\" data-id=\"1343fcf\" data-element_type=\"widget\" data-widget_type=\"image-box.default\">\n\t\t\t\t<div class=\"elementor-widget-container\">\n\t\t\t<div class=\"elementor-image-box-wrapper\"><figure class=\"elementor-image-box-img\"><img loading=\"lazy\" decoding=\"async\" width=\"196\" height=\"196\" src=\"https:\/\/jornadas.fesabid.org\/jeid25\/wp-content\/uploads\/2025\/03\/miguel_angel_garcia.png\" class=\"attachment-full size-full wp-image-5123\" alt=\"\" srcset=\"https:\/\/jornadas.fesabid.org\/jeid25\/wp-content\/uploads\/2025\/03\/miguel_angel_garcia.png 196w, https:\/\/jornadas.fesabid.org\/jeid25\/wp-content\/uploads\/2025\/03\/miguel_angel_garcia-150x150.png 150w\" sizes=\"(max-width: 196px) 100vw, 196px\" \/><\/figure><div class=\"elementor-image-box-content\"><h3 class=\"elementor-image-box-title\">Miguel \u00c1ngel Garfia Garc\u00eda<\/h3><p class=\"elementor-image-box-description\">Director de la Red Municipal de Bibliotecas P\u00fablicas de Sevilla.<br>\nProfesor-Tutor en la UNED-Sevilla<\/p><\/div><\/div>\t\t<\/div>\n\t\t\t\t<\/div>\n\t\t\t\t<div class=\"elementor-element elementor-element-38bbf85 elementor-widget elementor-widget-text-editor\" data-id=\"38bbf85\" data-element_type=\"widget\" data-widget_type=\"text-editor.default\">\n\t\t\t\t<div class=\"elementor-widget-container\">\n\t\t\t\t\t\t\t<span style=\"font-family: myrad-regurlar; font-size: 12pt;\">Sesi\u00f3n:<b><i>\u00a0TALLER BIBLIOKEPOS. BIBLIOTECAS ACTIVAS COMO \u00c1GORA CLIM\u00c1TICA: CONSTRUYENDO JUNTOS UN FUTURO SOSTENIBLE<\/i><\/b>\n<\/span>\t\t\t\t\t\t<\/div>\n\t\t\t\t<\/div>\n\t\t\t\t<div class=\"elementor-element elementor-element-7039e2b elementor-widget elementor-widget-toggle\" data-id=\"7039e2b\" data-element_type=\"widget\" data-widget_type=\"toggle.default\">\n\t\t\t\t<div class=\"elementor-widget-container\">\n\t\t\t\t\t<div class=\"elementor-toggle\">\n\t\t\t\t\t\t\t<div class=\"elementor-toggle-item\">\n\t\t\t\t\t<div id=\"elementor-tab-title-1171\" class=\"elementor-tab-title\" data-tab=\"1\" role=\"button\" aria-controls=\"elementor-tab-content-1171\" aria-expanded=\"false\">\n\t\t\t\t\t\t\t\t\t\t\t\t<span class=\"elementor-toggle-icon elementor-toggle-icon-left\" aria-hidden=\"true\">\n\t\t\t\t\t\t\t\t\t\t\t\t\t\t\t<span class=\"elementor-toggle-icon-closed\"><i class=\"fas fa-caret-right\"><\/i><\/span>\n\t\t\t\t\t\t\t\t<span class=\"elementor-toggle-icon-opened\"><i class=\"elementor-toggle-icon-opened fas fa-caret-up\"><\/i><\/span>\n\t\t\t\t\t\t\t\t\t\t\t\t\t<\/span>\n\t\t\t\t\t\t\t\t\t\t\t\t<a class=\"elementor-toggle-title\" tabindex=\"0\">Mas informacion<\/a>\n\t\t\t\t\t<\/div>\n\n\t\t\t\t\t<div id=\"elementor-tab-content-1171\" class=\"elementor-tab-content elementor-clearfix\" data-tab=\"1\" role=\"region\" aria-labelledby=\"elementor-tab-title-1171\"><span style=\"font-size: 16px;\"><b>Director de la Red Municipal de Bibliotecas P\u00fablicas de Sevilla<\/b><br>Lidera la Red Municipal de Bibliotecas P\u00fablicas de Sevilla con m\u00e1s de 30\na\u00f1os de experiencia en la gesti\u00f3n de servicios p\u00fablicos en el Ayuntamiento\nde Sevilla, incluyendo la direcci\u00f3n de Centros C\u00edvicos. Ha impulsado la\nmodernizaci\u00f3n de la Red de Bibliotecas a trav\u00e9s del primer Plan Estrat\u00e9gico,\ncon el objetivo de convertirlas en espacios del siglo XXI: integradores,\ninclusivos, igualitarios, accesibles y diversos.<\/span><br><br>\n<span style=\"font-size: 16px;\"><b>Profesor-Tutor en la UNED-Sevilla<\/b><br>Comparte su experiencia en la gesti\u00f3n y organizaci\u00f3n de bibliotecas como\nProfesor-Tutor en la UNED-Sevilla. Imparte cursos y ha publicado art\u00edculos y\ncomunicaciones sobre temas como el fomento de la lectura y el an\u00e1lisis\ndocumental.<\/span><br><br>\n<span style=\"font-size: 16px;\"><b>Compromiso con el desarrollo profesional<\/b><br>Activamente involucrado en el desarrollo profesional del sector bibliotecario\ncomo miembro de la Junta Directiva de AAPID y del grupo de trabajo de\nDesarrollo Profesional del CCB.<\/span><\/div>\n\t\t\t\t<\/div>\n\t\t\t\t\t\t\t\t<\/div>\n\t\t\t\t<\/div>\n\t\t\t\t<\/div>\n\t\t\t\t\t<\/div>\n\t\t<\/div>\n\t\t\t\t<div class=\"elementor-column elementor-col-50 elementor-top-column elementor-element elementor-element-ce548f0\" data-id=\"ce548f0\" data-element_type=\"column\" data-settings=\"{&quot;background_background&quot;:&quot;classic&quot;}\">\n\t\t\t<div class=\"elementor-widget-wrap elementor-element-populated\">\n\t\t\t\t\t<div class=\"elementor-background-overlay\"><\/div>\n\t\t\t\t\t\t<div class=\"elementor-element elementor-element-dbeecec elementor-position-left elementor-vertical-align-top elementor-widget elementor-widget-image-box\" data-id=\"dbeecec\" data-element_type=\"widget\" data-widget_type=\"image-box.default\">\n\t\t\t\t<div class=\"elementor-widget-container\">\n\t\t\t<div class=\"elementor-image-box-wrapper\"><figure class=\"elementor-image-box-img\"><img loading=\"lazy\" decoding=\"async\" width=\"196\" height=\"196\" src=\"https:\/\/jornadas.fesabid.org\/jeid25\/wp-content\/uploads\/2025\/03\/luis_hernandez.png\" class=\"attachment-full size-full wp-image-5122\" alt=\"\" srcset=\"https:\/\/jornadas.fesabid.org\/jeid25\/wp-content\/uploads\/2025\/03\/luis_hernandez.png 196w, https:\/\/jornadas.fesabid.org\/jeid25\/wp-content\/uploads\/2025\/03\/luis_hernandez-150x150.png 150w\" sizes=\"(max-width: 196px) 100vw, 196px\" \/><\/figure><div class=\"elementor-image-box-content\"><h3 class=\"elementor-image-box-title\">Luis Hern\u00e1ndez Olivera<\/h3><p class=\"elementor-image-box-description\">Profesor Titular de Archiv\u00edstica de la Universidad de Salamanca, jubilado.  Director de las revistas T\u00e1bula y Archivamos<\/p><\/div><\/div>\t\t<\/div>\n\t\t\t\t<\/div>\n\t\t\t\t<div class=\"elementor-element elementor-element-220b546 elementor-widget elementor-widget-text-editor\" data-id=\"220b546\" data-element_type=\"widget\" data-widget_type=\"text-editor.default\">\n\t\t\t\t<div class=\"elementor-widget-container\">\n\t\t\t\t\t\t\t<span style=\"font-family: myrad-regurlar; font-size: 12pt;\">Sesi\u00f3n: <em><strong>PRESENTACI\u00d3N DEL LIBRO: &#8220;INCLUSI\u00d3N Y CULTURA, GU\u00cdA DE COMUNICACI\u00d3N Y TRATO INCLUSIVO EN ARCHIVOS, BIBLIOTECAS Y MUSEO&#8221;<\/strong><\/em><\/span><span style=\"font-family: myrad-regurlar; font-size: 12pt;\">\n<\/span>\t\t\t\t\t\t<\/div>\n\t\t\t\t<\/div>\n\t\t\t\t<div class=\"elementor-element elementor-element-c987b86 elementor-widget elementor-widget-toggle\" data-id=\"c987b86\" data-element_type=\"widget\" data-widget_type=\"toggle.default\">\n\t\t\t\t<div class=\"elementor-widget-container\">\n\t\t\t\t\t<div class=\"elementor-toggle\">\n\t\t\t\t\t\t\t<div class=\"elementor-toggle-item\">\n\t\t\t\t\t<div id=\"elementor-tab-title-2111\" class=\"elementor-tab-title\" data-tab=\"1\" role=\"button\" aria-controls=\"elementor-tab-content-2111\" aria-expanded=\"false\">\n\t\t\t\t\t\t\t\t\t\t\t\t<span class=\"elementor-toggle-icon elementor-toggle-icon-left\" aria-hidden=\"true\">\n\t\t\t\t\t\t\t\t\t\t\t\t\t\t\t<span class=\"elementor-toggle-icon-closed\"><i class=\"fas fa-caret-right\"><\/i><\/span>\n\t\t\t\t\t\t\t\t<span class=\"elementor-toggle-icon-opened\"><i class=\"elementor-toggle-icon-opened fas fa-caret-up\"><\/i><\/span>\n\t\t\t\t\t\t\t\t\t\t\t\t\t<\/span>\n\t\t\t\t\t\t\t\t\t\t\t\t<a class=\"elementor-toggle-title\" tabindex=\"0\">Mas informacion<\/a>\n\t\t\t\t\t<\/div>\n\n\t\t\t\t\t<div id=\"elementor-tab-content-2111\" class=\"elementor-tab-content elementor-clearfix\" data-tab=\"1\" role=\"region\" aria-labelledby=\"elementor-tab-title-2111\"><span style=\"font-size: 16px;\">Licenciado en Historia por la Universidad de Salamanca.. Doctor en Documentaci\u00f3n por la Universidad de Salamanca.<\/span><br>\n<span style=\"font-size: 16px;\">Durante m\u00e1s de 35 a\u00f1os ha sido profesor titular de Archiv\u00edstica en la Facultad de Documentaci\u00f3n de la Universidad de Salamanca.<\/span><br>\n<span style=\"font-size: 16px;\">Su labor profesional se ha centrado en la investigaci\u00f3n, docencia y consultor\u00eda en el \u00e1rea de archivos, documentos y memoria social. Es vocal de la Comisi\u00f3n Superior Calificadora de Documentos Administrativos (AGE) y anteriormente lo fue  del Consejo de Archivos de Castilla y Le\u00f3n, \u00f3rganos encargados de dictaminar sobre la conservaci\u00f3n y eliminaci\u00f3n de documentos.<\/span><br>\n<span style=\"font-size: 16px;\">Socio fundador de la Asociaci\u00f3n de Archiveros de Castilla y Le\u00f3n  de la que fue presidente. Actualmente es responsable del \u00c1rea de Publicaciones de la Asociaci\u00f3n donde adem\u00e1s de la edici\u00f3n de monograf\u00edas dirige las revistas de actualidad (Archivamos ) y de estudios (Tabula).<\/span><\/div>\n\t\t\t\t<\/div>\n\t\t\t\t\t\t\t\t<\/div>\n\t\t\t\t<\/div>\n\t\t\t\t<\/div>\n\t\t\t\t<div class=\"elementor-element elementor-element-52a081a e-grid-align-right e-grid-align-mobile-center elementor-shape-rounded elementor-grid-0 elementor-widget elementor-widget-social-icons\" data-id=\"52a081a\" data-element_type=\"widget\" data-widget_type=\"social-icons.default\">\n\t\t\t\t<div class=\"elementor-widget-container\">\n\t\t\t\t\t<div class=\"elementor-social-icons-wrapper elementor-grid\">\n\t\t\t\t\t\t\t<span class=\"elementor-grid-item\">\n\t\t\t\t\t<a class=\"elementor-icon elementor-social-icon elementor-social-icon-x-twitter elementor-animation-grow elementor-repeater-item-d6dd5a8\" href=\"https:\/\/x.com\/LuisHOlivera\/\" target=\"_blank\">\n\t\t\t\t\t\t<span class=\"elementor-screen-only\">X-twitter<\/span>\n\t\t\t\t\t\t<i class=\"fab fa-x-twitter\"><\/i>\t\t\t\t\t<\/a>\n\t\t\t\t<\/span>\n\t\t\t\t\t<\/div>\n\t\t\t\t<\/div>\n\t\t\t\t<\/div>\n\t\t\t\t\t<\/div>\n\t\t<\/div>\n\t\t\t\t\t<\/div>\n\t\t<\/section>\n\t\t\t\t<section class=\"elementor-section elementor-top-section elementor-element elementor-element-6a776e6 elementor-section-full_width elementor-section-height-default elementor-section-height-default\" data-id=\"6a776e6\" data-element_type=\"section\">\n\t\t\t\t\t\t\t<div class=\"elementor-background-overlay\"><\/div>\n\t\t\t\t\t\t\t<div class=\"elementor-container elementor-column-gap-default\">\n\t\t\t\t\t<div class=\"elementor-column elementor-col-50 elementor-top-column elementor-element elementor-element-9021e99\" data-id=\"9021e99\" data-element_type=\"column\" data-settings=\"{&quot;background_background&quot;:&quot;classic&quot;}\">\n\t\t\t<div class=\"elementor-widget-wrap elementor-element-populated\">\n\t\t\t\t\t<div class=\"elementor-background-overlay\"><\/div>\n\t\t\t\t\t\t<div class=\"elementor-element elementor-element-830966f elementor-position-left elementor-vertical-align-top elementor-widget elementor-widget-image-box\" data-id=\"830966f\" data-element_type=\"widget\" data-widget_type=\"image-box.default\">\n\t\t\t\t<div class=\"elementor-widget-container\">\n\t\t\t<div class=\"elementor-image-box-wrapper\"><figure class=\"elementor-image-box-img\"><img loading=\"lazy\" decoding=\"async\" width=\"196\" height=\"196\" src=\"https:\/\/jornadas.fesabid.org\/jeid25\/wp-content\/uploads\/2025\/03\/jose_angel_gallego.png\" class=\"attachment-full size-full wp-image-5144\" alt=\"\" srcset=\"https:\/\/jornadas.fesabid.org\/jeid25\/wp-content\/uploads\/2025\/03\/jose_angel_gallego.png 196w, https:\/\/jornadas.fesabid.org\/jeid25\/wp-content\/uploads\/2025\/03\/jose_angel_gallego-150x150.png 150w\" sizes=\"(max-width: 196px) 100vw, 196px\" \/><\/figure><div class=\"elementor-image-box-content\"><h3 class=\"elementor-image-box-title\">Jos\u00e9 \u00c1ngel Gallego Gonz\u00e1lez<\/h3><p class=\"elementor-image-box-description\">Responsable de \u00c1rea T\u00e9cnica I en el Centro de Recuperaci\u00f3n de personas con discapacidad f\u00edsica y sensorial (CRMF) del IMSERSO en Salamanca<\/p><\/div><\/div>\t\t<\/div>\n\t\t\t\t<\/div>\n\t\t\t\t<div class=\"elementor-element elementor-element-8f48bb3 elementor-widget elementor-widget-text-editor\" data-id=\"8f48bb3\" data-element_type=\"widget\" data-widget_type=\"text-editor.default\">\n\t\t\t\t<div class=\"elementor-widget-container\">\n\t\t\t\t\t\t\t<span style=\"font-family: myrad-regurlar; font-size: 12pt;\">Sesi\u00f3n: <b style=\"font-style: italic;\">PRESENTACI\u00d3N DEL LIBRO: &#8220;INCLUSI\u00d3N Y CULTURAL, GU\u00cdA DE COMUNICACI\u00d3N Y TRATO INCLUSIVO EN ARCHIVOS, BIBLIOTECAS Y MUSEO&#8221;<\/b><\/span>\t\t\t\t\t\t<\/div>\n\t\t\t\t<\/div>\n\t\t\t\t<div class=\"elementor-element elementor-element-82e9df1 elementor-widget elementor-widget-toggle\" data-id=\"82e9df1\" data-element_type=\"widget\" data-widget_type=\"toggle.default\">\n\t\t\t\t<div class=\"elementor-widget-container\">\n\t\t\t\t\t<div class=\"elementor-toggle\">\n\t\t\t\t\t\t\t<div class=\"elementor-toggle-item\">\n\t\t\t\t\t<div id=\"elementor-tab-title-1371\" class=\"elementor-tab-title\" data-tab=\"1\" role=\"button\" aria-controls=\"elementor-tab-content-1371\" aria-expanded=\"false\">\n\t\t\t\t\t\t\t\t\t\t\t\t<span class=\"elementor-toggle-icon elementor-toggle-icon-left\" aria-hidden=\"true\">\n\t\t\t\t\t\t\t\t\t\t\t\t\t\t\t<span class=\"elementor-toggle-icon-closed\"><i class=\"fas fa-caret-right\"><\/i><\/span>\n\t\t\t\t\t\t\t\t<span class=\"elementor-toggle-icon-opened\"><i class=\"elementor-toggle-icon-opened fas fa-caret-up\"><\/i><\/span>\n\t\t\t\t\t\t\t\t\t\t\t\t\t<\/span>\n\t\t\t\t\t\t\t\t\t\t\t\t<a class=\"elementor-toggle-title\" tabindex=\"0\">Mas informacion<\/a>\n\t\t\t\t\t<\/div>\n\n\t\t\t\t\t<div id=\"elementor-tab-content-1371\" class=\"elementor-tab-content elementor-clearfix\" data-tab=\"1\" role=\"region\" aria-labelledby=\"elementor-tab-title-1371\"><span style=\"font-family: myrad-regurlar; font-size: 12pt;\">Jos\u00e9 \u00c1ngel Gallego Gonz\u00e1lez es un profesional con una s\u00f3lida trayectoria en el \u00e1mbito del Trabajo Social, la Sociolog\u00eda y la Inclusi\u00f3n de Personas con Discapacidad. Su formaci\u00f3n acad\u00e9mica incluye un Diplomado en Trabajo Social, una Licenciatura en Sociolog\u00eda, diversos m\u00e1steres y especializaciones en Educaci\u00f3n Sexual e Integraci\u00f3n de Personas con Discapacidad, as\u00ed como un programa de doctorado en el \u00e1rea.<\/span><br>\n<span style=\"font-family: myrad-regurlar; font-size: 12pt;\">Actualmente, desempe\u00f1a el cargo de Responsable de \u00c1rea T\u00e9cnica I en el Centro de Recuperaci\u00f3n de personas con discapacidad f\u00edsica y sensorial (CRMF) del IMSERSO en Salamanca, en el a\u00f1o 2024 desempe\u00f1o similar cargo en el Centro de Referencia Estatal de Alzheimer (IMSERSO), donde lidera equipos de trabajo, coordina programas de formaci\u00f3n y desarrolla estrategias de rehabilitaci\u00f3n y autonom\u00eda para los usuarios.<\/span><br>\n<span style=\"font-family: myrad-regurlar; font-size: 12pt;\">Anteriormente, trabaj\u00f3 durante m\u00e1s de 20 a\u00f1os en la Universidad de Salamanca (USAL) como T\u00e9cnico Especialista en Discapacidad, desempe\u00f1ando funciones clave en la inclusi\u00f3n del alumnado con discapacidad. Fue coordinador de programas como UniverUSAL y Tutor\u00eda entre compa\u00f1eros con discapacidad, particip\u00f3 en redes de cooperaci\u00f3n con entidades p\u00fablicas y privadas y ejerci\u00f3 la docencia como profesor asociado en diversas asignaturas y pr\u00e1cticum.<\/span><br>\n<span style=\"font-family: myrad-regurlar; font-size: 12pt;\">Adem\u00e1s, cuenta con una destacada trayectoria en el tercer sector, habiendo sido Director del Centro de D\u00eda de la Asociaci\u00f3n Salmantina de Esclerosis M\u00faltiple (ASDEM) y responsable de programas de atenci\u00f3n domiciliaria para personas con discapacidad. Tambi\u00e9n ha trabajado en la creaci\u00f3n y fortalecimiento de asociaciones a nivel local y nacional en el \u00e1mbito sociosanitario.<\/span><br>\n<span style=\"font-family: myrad-regurlar; font-size: 12pt;\">Su experiencia abarca la gesti\u00f3n de proyectos inclusivos, la formaci\u00f3n en accesibilidad y la asesor\u00eda en pol\u00edticas de inclusi\u00f3n. Su compromiso con la mejora de la calidad de vida de las personas con discapacidad se refleja en su trabajo en investigaci\u00f3n, docencia y coordinaci\u00f3n de programas innovadores.<\/span><\/div>\n\t\t\t\t<\/div>\n\t\t\t\t\t\t\t\t<\/div>\n\t\t\t\t<\/div>\n\t\t\t\t<\/div>\n\t\t\t\t\t<\/div>\n\t\t<\/div>\n\t\t\t\t<div class=\"elementor-column elementor-col-50 elementor-top-column elementor-element elementor-element-16272a5\" data-id=\"16272a5\" data-element_type=\"column\" data-settings=\"{&quot;background_background&quot;:&quot;classic&quot;}\">\n\t\t\t<div class=\"elementor-widget-wrap elementor-element-populated\">\n\t\t\t\t\t<div class=\"elementor-background-overlay\"><\/div>\n\t\t\t\t\t\t<div class=\"elementor-element elementor-element-3855792 elementor-position-left elementor-vertical-align-top elementor-widget elementor-widget-image-box\" data-id=\"3855792\" data-element_type=\"widget\" data-widget_type=\"image-box.default\">\n\t\t\t\t<div class=\"elementor-widget-container\">\n\t\t\t<div class=\"elementor-image-box-wrapper\"><figure class=\"elementor-image-box-img\"><img loading=\"lazy\" decoding=\"async\" width=\"196\" height=\"196\" src=\"https:\/\/jornadas.fesabid.org\/jeid25\/wp-content\/uploads\/2025\/03\/gloria_exposito.png\" class=\"attachment-full size-full wp-image-5157\" alt=\"\" srcset=\"https:\/\/jornadas.fesabid.org\/jeid25\/wp-content\/uploads\/2025\/03\/gloria_exposito.png 196w, https:\/\/jornadas.fesabid.org\/jeid25\/wp-content\/uploads\/2025\/03\/gloria_exposito-150x150.png 150w\" sizes=\"(max-width: 196px) 100vw, 196px\" \/><\/figure><div class=\"elementor-image-box-content\"><h3 class=\"elementor-image-box-title\">Gloria Exp\u00f3sito \u00c1lvarez<\/h3><p class=\"elementor-image-box-description\">Directora de Procesos y Servicios Digitales de la Biblioteca Nacional de Espa\u00f1a\n<\/p><\/div><\/div>\t\t<\/div>\n\t\t\t\t<\/div>\n\t\t\t\t<div class=\"elementor-element elementor-element-e943178 elementor-widget elementor-widget-text-editor\" data-id=\"e943178\" data-element_type=\"widget\" data-widget_type=\"text-editor.default\">\n\t\t\t\t<div class=\"elementor-widget-container\">\n\t\t\t\t\t\t\t<span style=\"font-family: myrad-regurlar; font-size: 12pt;\">Sesi\u00f3n:\u00a0<strong style=\"font-style: italic;\">TRANSFORMACI\u00d3N DIGITAL EN LA BIBLIOTECA NACIONAL DE ESPA\u00d1A: TECNOLOG\u00cdA, INFRAESTRUCTURA Y MIRADA AL FUTURO<\/strong>\n<\/span>\t\t\t\t\t\t<\/div>\n\t\t\t\t<\/div>\n\t\t\t\t<div class=\"elementor-element elementor-element-b8a6a2d elementor-widget elementor-widget-toggle\" data-id=\"b8a6a2d\" data-element_type=\"widget\" data-widget_type=\"toggle.default\">\n\t\t\t\t<div class=\"elementor-widget-container\">\n\t\t\t\t\t<div class=\"elementor-toggle\">\n\t\t\t\t\t\t\t<div class=\"elementor-toggle-item\">\n\t\t\t\t\t<div id=\"elementor-tab-title-1931\" class=\"elementor-tab-title\" data-tab=\"1\" role=\"button\" aria-controls=\"elementor-tab-content-1931\" aria-expanded=\"false\">\n\t\t\t\t\t\t\t\t\t\t\t\t<span class=\"elementor-toggle-icon elementor-toggle-icon-left\" aria-hidden=\"true\">\n\t\t\t\t\t\t\t\t\t\t\t\t\t\t\t<span class=\"elementor-toggle-icon-closed\"><i class=\"fas fa-caret-right\"><\/i><\/span>\n\t\t\t\t\t\t\t\t<span class=\"elementor-toggle-icon-opened\"><i class=\"elementor-toggle-icon-opened fas fa-caret-up\"><\/i><\/span>\n\t\t\t\t\t\t\t\t\t\t\t\t\t<\/span>\n\t\t\t\t\t\t\t\t\t\t\t\t<a class=\"elementor-toggle-title\" tabindex=\"0\">Mas informacion<\/a>\n\t\t\t\t\t<\/div>\n\n\t\t\t\t\t<div id=\"elementor-tab-content-1931\" class=\"elementor-tab-content elementor-clearfix\" data-tab=\"1\" role=\"region\" aria-labelledby=\"elementor-tab-title-1931\"><span style=\"font-size: 12pt; font-family: myrad-regurlar; color: #333333;\">Ingeniera Aeron\u00e1utica por la Universidad Polit\u00e9cnica de Madrid. Comenz\u00f3 su actividad profesional en la empresa privada, en el sector aeroespacial, participando en el desarrollo de proyectos internacionales para agencias p\u00fablicas (ESA) y privadas. Desde 2017 pertenece al Cuerpo de Ingenieros Aeron\u00e1uticos del Estado, iniciando su actividad profesional en el sector p\u00fablico en la Agencia de Seguridad A\u00e9rea, en el \u00e1rea de desarrollo software y sistemas.\nEn 2022 se incorpora a la Biblioteca Nacional como Coordinadora de Inform\u00e1tica, dirigiendo los proyectos de desarrollo software, comunicaciones, sistemas y ciberseguridad, y por tanto participando en la mayor\u00eda de l\u00edneas de trabajo de la BNE, y desde 2023 ocupa el cargo de Directora de Procesos y Servicios Digitales de la BNE. En esa direcci\u00f3n se llevan a cabo los proyectos de digitalizaci\u00f3n, preservaci\u00f3n digital, innovaci\u00f3n, reutilizaci\u00f3n de datos, gesti\u00f3n del cat\u00e1logo y aplicaciones internas y externas, web, dep\u00f3sito legal electr\u00f3nico, archivo de la web espa\u00f1ola, sistemas de c\u00f3mputo y almacenamiento, desarrollo software o ciberseguridad. Adem\u00e1s, en la actualidad se est\u00e1 impulsando el desarrollo de la IA y participando en proyectos de LLM  a nivel nacional, ya que la BNE es la principal fuente de datos textuales en espa\u00f1ol. Es miembro del Comit\u00e9 Cient\u00edfico de la BNE.<\/span><\/div>\n\t\t\t\t<\/div>\n\t\t\t\t\t\t\t\t<\/div>\n\t\t\t\t<\/div>\n\t\t\t\t<\/div>\n\t\t\t\t\t<\/div>\n\t\t<\/div>\n\t\t\t\t\t<\/div>\n\t\t<\/section>\n\t\t\t\t<section class=\"elementor-section elementor-top-section elementor-element elementor-element-73092fd elementor-section-full_width elementor-section-height-default elementor-section-height-default\" data-id=\"73092fd\" data-element_type=\"section\">\n\t\t\t\t\t\t\t<div class=\"elementor-background-overlay\"><\/div>\n\t\t\t\t\t\t\t<div class=\"elementor-container elementor-column-gap-default\">\n\t\t\t\t\t<div class=\"elementor-column elementor-col-50 elementor-top-column elementor-element elementor-element-f6eb03a\" data-id=\"f6eb03a\" data-element_type=\"column\" data-settings=\"{&quot;background_background&quot;:&quot;classic&quot;}\">\n\t\t\t<div class=\"elementor-widget-wrap elementor-element-populated\">\n\t\t\t\t\t<div class=\"elementor-background-overlay\"><\/div>\n\t\t\t\t\t\t<div class=\"elementor-element elementor-element-d7e196a elementor-position-left elementor-vertical-align-top elementor-widget elementor-widget-image-box\" data-id=\"d7e196a\" data-element_type=\"widget\" data-widget_type=\"image-box.default\">\n\t\t\t\t<div class=\"elementor-widget-container\">\n\t\t\t<div class=\"elementor-image-box-wrapper\"><figure class=\"elementor-image-box-img\"><img loading=\"lazy\" decoding=\"async\" width=\"196\" height=\"196\" src=\"https:\/\/jornadas.fesabid.org\/jeid25\/wp-content\/uploads\/2025\/04\/lourdes_moreno.png\" class=\"attachment-full size-full wp-image-5372\" alt=\"\" srcset=\"https:\/\/jornadas.fesabid.org\/jeid25\/wp-content\/uploads\/2025\/04\/lourdes_moreno.png 196w, https:\/\/jornadas.fesabid.org\/jeid25\/wp-content\/uploads\/2025\/04\/lourdes_moreno-150x150.png 150w\" sizes=\"(max-width: 196px) 100vw, 196px\" \/><\/figure><div class=\"elementor-image-box-content\"><h3 class=\"elementor-image-box-title\">Lourdes Moreno L\u00f3pez<\/h3><p class=\"elementor-image-box-description\">PROFESORA TITULAR EN LA UNIVERSIDAD CARLOS III DE MADRID, INVESTIGADORA DEL GRUPO HUMAN LANGUAGE AND ACCESSIBILITY TECHNOLOGIES (HULAT)<\/p><\/div><\/div>\t\t<\/div>\n\t\t\t\t<\/div>\n\t\t\t\t<div class=\"elementor-element elementor-element-b79ec32 elementor-widget elementor-widget-text-editor\" data-id=\"b79ec32\" data-element_type=\"widget\" data-widget_type=\"text-editor.default\">\n\t\t\t\t<div class=\"elementor-widget-container\">\n\t\t\t\t\t\t\t<span style=\"font-family: myrad-regurlar; font-size: 12pt;\">Sesi\u00f3n: <b style=\"font-style: italic;\"><span style=\"font-family: myrad-regurlar;\"><b><i>TRANSFORMACI\u00d3N DIGITAL ACCESIBLE EN BIBLIOTECAS, ARCHIVOS Y MUSEOS: UN PUENTE ENTRE LEGISLACI\u00d3N, EMPAT\u00cdA Y APRENDIZAJE<\/i><\/b><\/span><\/b><\/span><span style=\"font-family: myrad-regurlar; font-size: 12pt;\">\n<\/span>\t\t\t\t\t\t<\/div>\n\t\t\t\t<\/div>\n\t\t\t\t<div class=\"elementor-element elementor-element-b017a5a elementor-widget elementor-widget-toggle\" data-id=\"b017a5a\" data-element_type=\"widget\" data-widget_type=\"toggle.default\">\n\t\t\t\t<div class=\"elementor-widget-container\">\n\t\t\t\t\t<div class=\"elementor-toggle\">\n\t\t\t\t\t\t\t<div class=\"elementor-toggle-item\">\n\t\t\t\t\t<div id=\"elementor-tab-title-1841\" class=\"elementor-tab-title\" data-tab=\"1\" role=\"button\" aria-controls=\"elementor-tab-content-1841\" aria-expanded=\"false\">\n\t\t\t\t\t\t\t\t\t\t\t\t<span class=\"elementor-toggle-icon elementor-toggle-icon-left\" aria-hidden=\"true\">\n\t\t\t\t\t\t\t\t\t\t\t\t\t\t\t<span class=\"elementor-toggle-icon-closed\"><i class=\"fas fa-caret-right\"><\/i><\/span>\n\t\t\t\t\t\t\t\t<span class=\"elementor-toggle-icon-opened\"><i class=\"elementor-toggle-icon-opened fas fa-caret-up\"><\/i><\/span>\n\t\t\t\t\t\t\t\t\t\t\t\t\t<\/span>\n\t\t\t\t\t\t\t\t\t\t\t\t<a class=\"elementor-toggle-title\" tabindex=\"0\">Mas informacion<\/a>\n\t\t\t\t\t<\/div>\n\n\t\t\t\t\t<div id=\"elementor-tab-content-1841\" class=\"elementor-tab-content elementor-clearfix\" data-tab=\"1\" role=\"region\" aria-labelledby=\"elementor-tab-title-1841\"><span style=\"font-size: 16px;\">Profesora Titular en el Departamento de Inform\u00e1tica de la Universidad Carlos III de Madrid (UC3M) e investigadora del grupo Human Language and Accessibility Technologies (HULAT). Doctora en Ciencia y Tecnolog\u00eda Inform\u00e1tica por la UC3M y licenciada en Ciencias Matem\u00e1ticas por la UCM. Presidenta de la Asociaci\u00f3n Cient\u00edfica Interacci\u00f3n Persona-Ordenador (AIPO), e investigadora del CESyA, centro estatal de referencia en accesibilidad.<\/span>\n\n<span style=\"font-size: 16px;\">Su investigaci\u00f3n se centra en el dise\u00f1o, desarrollo y validaci\u00f3n de tecnolog\u00eda accesible para personas mayores y con discapacidad (sensorial, f\u00edsica y cognitiva), en distintos dominios de aplicaci\u00f3n. En sus trabajos integra Interacci\u00f3n Persona-Ordenador (IPO) con Inteligencia Artificial (IA) y Procesamiento de Lenguaje Natural (PLN), desde un enfoque interdisciplinar y centrado en las personas.<\/span>\n\n<span style=\"font-size: 16px;\">Con una dilatada trayectoria en accesibilidad y tecnolog\u00edas, coordina y participa en proyectos desde hace m\u00e1s de dos d\u00e9cadas, con presencia continuada en foros cient\u00edficos y publicaciones de impacto. Su trabajo combina la producci\u00f3n cient\u00edfica con una intensa labor de transferencia a empresas y organismos, impulsando soluciones. Como experta en accesibilidad, participa en comit\u00e9s de normalizaci\u00f3n nacionales e internacionales como el AEN 71\/SC36 (TIC para el aprendizaje), el CTN 153 (Productos de apoyo para personas con discapacidad) de UNE, y como miembro experto del comit\u00e9 internacional IFIP TC13.<\/span><\/div>\n\t\t\t\t<\/div>\n\t\t\t\t\t\t\t\t<\/div>\n\t\t\t\t<\/div>\n\t\t\t\t<\/div>\n\t\t\t\t<div class=\"elementor-element elementor-element-10408e2 e-grid-align-right e-grid-align-mobile-center elementor-shape-rounded elementor-grid-0 elementor-widget elementor-widget-social-icons\" data-id=\"10408e2\" data-element_type=\"widget\" data-widget_type=\"social-icons.default\">\n\t\t\t\t<div class=\"elementor-widget-container\">\n\t\t\t\t\t<div class=\"elementor-social-icons-wrapper elementor-grid\">\n\t\t\t\t\t\t\t<span class=\"elementor-grid-item\">\n\t\t\t\t\t<a class=\"elementor-icon elementor-social-icon elementor-social-icon-linkedin elementor-animation-grow elementor-repeater-item-d6dd5a8\" href=\"http:\/\/es.linkedin.com\/in\/lourdesmorenolopezuc3m\" target=\"_blank\">\n\t\t\t\t\t\t<span class=\"elementor-screen-only\">Linkedin<\/span>\n\t\t\t\t\t\t<i class=\"fab fa-linkedin\"><\/i>\t\t\t\t\t<\/a>\n\t\t\t\t<\/span>\n\t\t\t\t\t<\/div>\n\t\t\t\t<\/div>\n\t\t\t\t<\/div>\n\t\t\t\t\t<\/div>\n\t\t<\/div>\n\t\t\t\t<div class=\"elementor-column elementor-col-50 elementor-top-column elementor-element elementor-element-3796292\" data-id=\"3796292\" data-element_type=\"column\" data-settings=\"{&quot;background_background&quot;:&quot;classic&quot;}\">\n\t\t\t<div class=\"elementor-widget-wrap elementor-element-populated\">\n\t\t\t\t\t<div class=\"elementor-background-overlay\"><\/div>\n\t\t\t\t\t\t<div class=\"elementor-element elementor-element-f170f1a elementor-position-left elementor-vertical-align-top elementor-widget elementor-widget-image-box\" data-id=\"f170f1a\" data-element_type=\"widget\" data-widget_type=\"image-box.default\">\n\t\t\t\t<div class=\"elementor-widget-container\">\n\t\t\t<div class=\"elementor-image-box-wrapper\"><figure class=\"elementor-image-box-img\"><img loading=\"lazy\" decoding=\"async\" width=\"196\" height=\"196\" src=\"https:\/\/jornadas.fesabid.org\/jeid25\/wp-content\/uploads\/2025\/04\/cristina_tomas.png\" class=\"attachment-full size-full wp-image-5715\" alt=\"\" srcset=\"https:\/\/jornadas.fesabid.org\/jeid25\/wp-content\/uploads\/2025\/04\/cristina_tomas.png 196w, https:\/\/jornadas.fesabid.org\/jeid25\/wp-content\/uploads\/2025\/04\/cristina_tomas-150x150.png 150w\" sizes=\"(max-width: 196px) 100vw, 196px\" \/><\/figure><div class=\"elementor-image-box-content\"><h3 class=\"elementor-image-box-title\">Cristina Tom\u00e1s Mart\u00ednez<\/h3><p class=\"elementor-image-box-description\">Directora  del Servicio de Bibliotecas y Documentaci\u00f3n de la  Universitad de Val\u00e8ncia<\/p><\/div><\/div>\t\t<\/div>\n\t\t\t\t<\/div>\n\t\t\t\t<div class=\"elementor-element elementor-element-616c814 elementor-widget elementor-widget-text-editor\" data-id=\"616c814\" data-element_type=\"widget\" data-widget_type=\"text-editor.default\">\n\t\t\t\t<div class=\"elementor-widget-container\">\n\t\t\t\t\t\t\t<span style=\"font-family: myrad-regurlar; font-size: 12pt;\">Sesi\u00f3n: <b style=\"font-style: italic;\"><span style=\"font-family: myrad-regurlar;\"><b><i>TALLER: PROPIEDAD INTELECTUAL EN POSITIVO<\/i><\/b><\/span><\/b><\/span><span style=\"font-family: myrad-regurlar; font-size: 12pt;\">\n<\/span>\t\t\t\t\t\t<\/div>\n\t\t\t\t<\/div>\n\t\t\t\t<div class=\"elementor-element elementor-element-998aea1 elementor-widget elementor-widget-toggle\" data-id=\"998aea1\" data-element_type=\"widget\" data-widget_type=\"toggle.default\">\n\t\t\t\t<div class=\"elementor-widget-container\">\n\t\t\t\t\t<div class=\"elementor-toggle\">\n\t\t\t\t\t\t\t<div class=\"elementor-toggle-item\">\n\t\t\t\t\t<div id=\"elementor-tab-title-1611\" class=\"elementor-tab-title\" data-tab=\"1\" role=\"button\" aria-controls=\"elementor-tab-content-1611\" aria-expanded=\"false\">\n\t\t\t\t\t\t\t\t\t\t\t\t<span class=\"elementor-toggle-icon elementor-toggle-icon-left\" aria-hidden=\"true\">\n\t\t\t\t\t\t\t\t\t\t\t\t\t\t\t<span class=\"elementor-toggle-icon-closed\"><i class=\"fas fa-caret-right\"><\/i><\/span>\n\t\t\t\t\t\t\t\t<span class=\"elementor-toggle-icon-opened\"><i class=\"elementor-toggle-icon-opened fas fa-caret-up\"><\/i><\/span>\n\t\t\t\t\t\t\t\t\t\t\t\t\t<\/span>\n\t\t\t\t\t\t\t\t\t\t\t\t<a class=\"elementor-toggle-title\" tabindex=\"0\">Mas informacion<\/a>\n\t\t\t\t\t<\/div>\n\n\t\t\t\t\t<div id=\"elementor-tab-content-1611\" class=\"elementor-tab-content elementor-clearfix\" data-tab=\"1\" role=\"region\" aria-labelledby=\"elementor-tab-title-1611\"><span style=\"font-size: 16px;\">Licenciada en Geograf\u00eda e Historia por la Universitat de Val\u00e8ncia, y M\u00e1ster Universitario en Gesti\u00f3n de la Documentaci\u00f3n, Bibliotecas y Archivos por la Universidad Complutense de Madrid. Cuenta con una amplia trayectoria profesional en el \u00e1mbito de la gesti\u00f3n bibliotecaria universitaria, donde ha desempe\u00f1ado funciones como Coordinadora de Calidad en la gesti\u00f3n bibliotecaria y jefa de Secci\u00f3n de Apoyo a la Investigaci\u00f3n, promoviendo servicios orientados a la mejora continua y al apoyo a la actividad investigadora.<\/span>\n\n<span style=\"font-size: 16px;\">Actualmente es directora del Servei de Biblioteques i Documentaci\u00f3 de la Universitat de Val\u00e8ncia, desde donde lidera la estrategia, innovaci\u00f3n y coordinaci\u00f3n de las bibliotecas, archivos y taller de restauraci\u00f3n de la Universidad. Participa activamente en iniciativas estatales como miembro del Grupo de trabajo BPI de FESABID (desde 2020) y del Grupo de trabajo de Propiedad Intelectual dentro de la L\u00ednea II de REBIUN (desde 2021 y hasta 2025), centrando su labor en el an\u00e1lisis y desarrollo de buenas pr\u00e1cticas en materia de gesti\u00f3n de derechos y acceso abierto en el \u00e1mbito universitario.<\/span><\/div>\n\t\t\t\t<\/div>\n\t\t\t\t\t\t\t\t<\/div>\n\t\t\t\t<\/div>\n\t\t\t\t<\/div>\n\t\t\t\t\t<\/div>\n\t\t<\/div>\n\t\t\t\t\t<\/div>\n\t\t<\/section>\n\t\t\t\t<section class=\"elementor-section elementor-top-section elementor-element elementor-element-ba6ce97 elementor-section-full_width elementor-section-height-default elementor-section-height-default\" data-id=\"ba6ce97\" data-element_type=\"section\">\n\t\t\t\t\t\t\t<div class=\"elementor-background-overlay\"><\/div>\n\t\t\t\t\t\t\t<div class=\"elementor-container elementor-column-gap-default\">\n\t\t\t\t\t<div class=\"elementor-column elementor-col-50 elementor-top-column elementor-element elementor-element-6bf76d5\" data-id=\"6bf76d5\" data-element_type=\"column\" data-settings=\"{&quot;background_background&quot;:&quot;classic&quot;}\">\n\t\t\t<div class=\"elementor-widget-wrap elementor-element-populated\">\n\t\t\t\t\t<div class=\"elementor-background-overlay\"><\/div>\n\t\t\t\t\t\t<div class=\"elementor-element elementor-element-4573091 elementor-position-left elementor-vertical-align-top elementor-widget elementor-widget-image-box\" data-id=\"4573091\" data-element_type=\"widget\" data-widget_type=\"image-box.default\">\n\t\t\t\t<div class=\"elementor-widget-container\">\n\t\t\t<div class=\"elementor-image-box-wrapper\"><figure class=\"elementor-image-box-img\"><img loading=\"lazy\" decoding=\"async\" width=\"196\" height=\"196\" src=\"https:\/\/jornadas.fesabid.org\/jeid25\/wp-content\/uploads\/2025\/04\/ruben_alcaraz.png\" class=\"attachment-full size-full wp-image-5745\" alt=\"\" srcset=\"https:\/\/jornadas.fesabid.org\/jeid25\/wp-content\/uploads\/2025\/04\/ruben_alcaraz.png 196w, https:\/\/jornadas.fesabid.org\/jeid25\/wp-content\/uploads\/2025\/04\/ruben_alcaraz-150x150.png 150w\" sizes=\"(max-width: 196px) 100vw, 196px\" \/><\/figure><div class=\"elementor-image-box-content\"><h3 class=\"elementor-image-box-title\">Rub\u00e9n Alcaraz<\/h3><p class=\"elementor-image-box-description\">Profesor del Departamento de Biblioteconom\u00eda, Documentaci\u00f3n y\nComunicaci\u00f3n Audiovisual de la Universidad de Barcelona<\/p><\/div><\/div>\t\t<\/div>\n\t\t\t\t<\/div>\n\t\t\t\t<div class=\"elementor-element elementor-element-b539a53 elementor-widget elementor-widget-text-editor\" data-id=\"b539a53\" data-element_type=\"widget\" data-widget_type=\"text-editor.default\">\n\t\t\t\t<div class=\"elementor-widget-container\">\n\t\t\t\t\t\t\t<span style=\"font-family: myrad-regurlar; font-size: 12pt;\">Sesi\u00f3n:<b><i> MESA: \u201cDOS APUESTAS PARA UN FUTURO\u201d<\/i><\/b>\n<\/span>\t\t\t\t\t\t<\/div>\n\t\t\t\t<\/div>\n\t\t\t\t<div class=\"elementor-element elementor-element-d6d63e4 elementor-widget elementor-widget-toggle\" data-id=\"d6d63e4\" data-element_type=\"widget\" data-widget_type=\"toggle.default\">\n\t\t\t\t<div class=\"elementor-widget-container\">\n\t\t\t\t\t<div class=\"elementor-toggle\">\n\t\t\t\t\t\t\t<div class=\"elementor-toggle-item\">\n\t\t\t\t\t<div id=\"elementor-tab-title-2251\" class=\"elementor-tab-title\" data-tab=\"1\" role=\"button\" aria-controls=\"elementor-tab-content-2251\" aria-expanded=\"false\">\n\t\t\t\t\t\t\t\t\t\t\t\t<span class=\"elementor-toggle-icon elementor-toggle-icon-left\" aria-hidden=\"true\">\n\t\t\t\t\t\t\t\t\t\t\t\t\t\t\t<span class=\"elementor-toggle-icon-closed\"><i class=\"fas fa-caret-right\"><\/i><\/span>\n\t\t\t\t\t\t\t\t<span class=\"elementor-toggle-icon-opened\"><i class=\"elementor-toggle-icon-opened fas fa-caret-up\"><\/i><\/span>\n\t\t\t\t\t\t\t\t\t\t\t\t\t<\/span>\n\t\t\t\t\t\t\t\t\t\t\t\t<a class=\"elementor-toggle-title\" tabindex=\"0\">Mas informacion<\/a>\n\t\t\t\t\t<\/div>\n\n\t\t\t\t\t<div id=\"elementor-tab-content-2251\" class=\"elementor-tab-content elementor-clearfix\" data-tab=\"1\" role=\"region\" aria-labelledby=\"elementor-tab-title-2251\"><span style=\"font-size: 16px;\">Doctor en Ingenier\u00eda y Tecnolog\u00edas de la Informaci\u00f3n, m\u00e1ster en\nGesti\u00f3n de Contenidos Digitales y diplomado en Biblioteconom\u00eda y\nDocumentaci\u00f3n. Profesor del Departamento de Biblioteconom\u00eda,\nDocumentaci\u00f3n y Comunicaci\u00f3n Audiovisual de la Universidad de\nBarcelona, donde actualmente imparte docencia en el grado en\nInformaci\u00f3n y Documentaci\u00f3n Digital, el m\u00e1ster en Gesti\u00f3n de\nContenidos Digitales y el m\u00e1ster en Humanidades Digitales.\nAnteriormente, tambi\u00e9n ha impartido docencia en diversas titulaciones\nde la Universidad Pompeu Fabra y la Universidad Aut\u00f3noma de Barcelona.\nMiembro del Centro de Investigaci\u00f3n en Informaci\u00f3n, Comunicaci\u00f3n y\nCultura y del Grupo de innovaci\u00f3n docente Adaptabit dedicado a la\naccesibilidad digital. Ha trabajado como bibliotecario y archivero en\ncentros universitarios, bibliotecas patrimoniales y centros de\ndocumentaci\u00f3n de museos\n.<\/span><\/div>\n\t\t\t\t<\/div>\n\t\t\t\t\t\t\t\t<\/div>\n\t\t\t\t<\/div>\n\t\t\t\t<\/div>\n\t\t\t\t\t<\/div>\n\t\t<\/div>\n\t\t\t\t<div class=\"elementor-column elementor-col-50 elementor-top-column elementor-element elementor-element-ff8c3f3\" data-id=\"ff8c3f3\" data-element_type=\"column\" data-settings=\"{&quot;background_background&quot;:&quot;classic&quot;}\">\n\t\t\t<div class=\"elementor-widget-wrap elementor-element-populated\">\n\t\t\t\t\t<div class=\"elementor-background-overlay\"><\/div>\n\t\t\t\t\t\t<div class=\"elementor-element elementor-element-3f8e942 elementor-position-left elementor-vertical-align-top elementor-widget elementor-widget-image-box\" data-id=\"3f8e942\" data-element_type=\"widget\" data-widget_type=\"image-box.default\">\n\t\t\t\t<div class=\"elementor-widget-container\">\n\t\t\t<div class=\"elementor-image-box-wrapper\"><figure class=\"elementor-image-box-img\"><img loading=\"lazy\" decoding=\"async\" width=\"196\" height=\"196\" src=\"https:\/\/jornadas.fesabid.org\/jeid25\/wp-content\/uploads\/2025\/04\/genma_bueno.png\" class=\"attachment-full size-full wp-image-5742\" alt=\"\" srcset=\"https:\/\/jornadas.fesabid.org\/jeid25\/wp-content\/uploads\/2025\/04\/genma_bueno.png 196w, https:\/\/jornadas.fesabid.org\/jeid25\/wp-content\/uploads\/2025\/04\/genma_bueno-150x150.png 150w\" sizes=\"(max-width: 196px) 100vw, 196px\" \/><\/figure><div class=\"elementor-image-box-content\"><h3 class=\"elementor-image-box-title\">Gema Bueno de la Fuente<\/h3><p class=\"elementor-image-box-description\">Contratada Doctora en el Departamento de CC. de la Documentaci\u00f3n de Unizar.\nTutora del Plan de Orientaci\u00f3n Universitaria de la Universidad de Zaragoza<\/p><\/div><\/div>\t\t<\/div>\n\t\t\t\t<\/div>\n\t\t\t\t<div class=\"elementor-element elementor-element-57018b2 elementor-widget elementor-widget-text-editor\" data-id=\"57018b2\" data-element_type=\"widget\" data-widget_type=\"text-editor.default\">\n\t\t\t\t<div class=\"elementor-widget-container\">\n\t\t\t\t\t\t\t<span style=\"font-family: myrad-regurlar; font-size: 12pt;\">Sesi\u00f3n:<b><i> MESA: \u201cDOS APUESTAS PARA UN FUTURO\u201d<\/i><\/b>\n<\/span>\t\t\t\t\t\t<\/div>\n\t\t\t\t<\/div>\n\t\t\t\t<div class=\"elementor-element elementor-element-b2730fb elementor-widget elementor-widget-toggle\" data-id=\"b2730fb\" data-element_type=\"widget\" data-widget_type=\"toggle.default\">\n\t\t\t\t<div class=\"elementor-widget-container\">\n\t\t\t\t\t<div class=\"elementor-toggle\">\n\t\t\t\t\t\t\t<div class=\"elementor-toggle-item\">\n\t\t\t\t\t<div id=\"elementor-tab-title-1871\" class=\"elementor-tab-title\" data-tab=\"1\" role=\"button\" aria-controls=\"elementor-tab-content-1871\" aria-expanded=\"false\">\n\t\t\t\t\t\t\t\t\t\t\t\t<span class=\"elementor-toggle-icon elementor-toggle-icon-left\" aria-hidden=\"true\">\n\t\t\t\t\t\t\t\t\t\t\t\t\t\t\t<span class=\"elementor-toggle-icon-closed\"><i class=\"fas fa-caret-right\"><\/i><\/span>\n\t\t\t\t\t\t\t\t<span class=\"elementor-toggle-icon-opened\"><i class=\"elementor-toggle-icon-opened fas fa-caret-up\"><\/i><\/span>\n\t\t\t\t\t\t\t\t\t\t\t\t\t<\/span>\n\t\t\t\t\t\t\t\t\t\t\t\t<a class=\"elementor-toggle-title\" tabindex=\"0\">Mas informacion<\/a>\n\t\t\t\t\t<\/div>\n\n\t\t\t\t\t<div id=\"elementor-tab-content-1871\" class=\"elementor-tab-content elementor-clearfix\" data-tab=\"1\" role=\"region\" aria-labelledby=\"elementor-tab-title-1871\"><span style=\"font-size: 16px;\">Doctora (2010) y Licenciada (2003) en Documentaci\u00f3n por la Universidad Carlos III de Madrid, y diplomada en Biblioteconom\u00eda y Documentaci\u00f3n por la Universidad de Zaragoza (2001). En la actualidad es, es Contratada Doctora en el Departamento de CC. de la Documentaci\u00f3n de Unizar. Anteriormente, ha sido Facultativa Superior de Patrimonio Cultural en la Biblioteca P\u00fablica del Estado en Zaragoza, EU Projects Officer en la European Association of Research Libraries (LIBER), y miembro del Depto. de Biblioteconom\u00eda y Documentaci\u00f3n de la UC3M. Cuenta con experiencia docente desde 2005, en grado, m\u00e1ster y doctorado, y en un buen n\u00famero de cursos dirigidos a profesionales de Espa\u00f1a y Latinoam\u00e9rica. Sus l\u00edneas principales de trabajo son: repositorios y bibliotecas digitales; organizaci\u00f3n del conocimiento; y ciencia abierta.<\/span><\/div>\n\t\t\t\t<\/div>\n\t\t\t\t\t\t\t\t<\/div>\n\t\t\t\t<\/div>\n\t\t\t\t<\/div>\n\t\t\t\t<div class=\"elementor-element elementor-element-b2f630a e-grid-align-right e-grid-align-mobile-center elementor-shape-rounded elementor-grid-0 elementor-widget elementor-widget-social-icons\" data-id=\"b2f630a\" data-element_type=\"widget\" data-widget_type=\"social-icons.default\">\n\t\t\t\t<div class=\"elementor-widget-container\">\n\t\t\t\t\t<div class=\"elementor-social-icons-wrapper elementor-grid\">\n\t\t\t\t\t\t\t<span class=\"elementor-grid-item\">\n\t\t\t\t\t<a class=\"elementor-icon elementor-social-icon elementor-social-icon-linkedin elementor-animation-grow elementor-repeater-item-d6dd5a8\" href=\"https:\/\/www.linkedin.com\/in\/gema-bueno-delafuente\/\" target=\"_blank\">\n\t\t\t\t\t\t<span class=\"elementor-screen-only\">Linkedin<\/span>\n\t\t\t\t\t\t<i class=\"fab fa-linkedin\"><\/i>\t\t\t\t\t<\/a>\n\t\t\t\t<\/span>\n\t\t\t\t\t<\/div>\n\t\t\t\t<\/div>\n\t\t\t\t<\/div>\n\t\t\t\t\t<\/div>\n\t\t<\/div>\n\t\t\t\t\t<\/div>\n\t\t<\/section>\n\t\t\t\t<section class=\"elementor-section elementor-top-section elementor-element elementor-element-e4712d6 elementor-section-full_width elementor-section-height-default elementor-section-height-default\" data-id=\"e4712d6\" data-element_type=\"section\">\n\t\t\t\t\t\t\t<div class=\"elementor-background-overlay\"><\/div>\n\t\t\t\t\t\t\t<div class=\"elementor-container elementor-column-gap-default\">\n\t\t\t\t\t<div class=\"elementor-column elementor-col-50 elementor-top-column elementor-element elementor-element-6c4f09e\" data-id=\"6c4f09e\" data-element_type=\"column\" data-settings=\"{&quot;background_background&quot;:&quot;classic&quot;}\">\n\t\t\t<div class=\"elementor-widget-wrap elementor-element-populated\">\n\t\t\t\t\t<div class=\"elementor-background-overlay\"><\/div>\n\t\t\t\t\t\t<div class=\"elementor-element elementor-element-9f93d82 elementor-position-left elementor-vertical-align-top elementor-widget elementor-widget-image-box\" data-id=\"9f93d82\" data-element_type=\"widget\" data-widget_type=\"image-box.default\">\n\t\t\t\t<div class=\"elementor-widget-container\">\n\t\t\t<div class=\"elementor-image-box-wrapper\"><figure class=\"elementor-image-box-img\"><img loading=\"lazy\" decoding=\"async\" width=\"196\" height=\"196\" src=\"https:\/\/jornadas.fesabid.org\/jeid25\/wp-content\/uploads\/2025\/04\/carol_santamarina.png\" class=\"attachment-full size-full wp-image-5741\" alt=\"\" srcset=\"https:\/\/jornadas.fesabid.org\/jeid25\/wp-content\/uploads\/2025\/04\/carol_santamarina.png 196w, https:\/\/jornadas.fesabid.org\/jeid25\/wp-content\/uploads\/2025\/04\/carol_santamarina-150x150.png 150w\" sizes=\"(max-width: 196px) 100vw, 196px\" \/><\/figure><div class=\"elementor-image-box-content\"><h3 class=\"elementor-image-box-title\">Carolina Santamarina<\/h3><p class=\"elementor-image-box-description\">Responsable de LaDigitaldelReina<\/p><\/div><\/div>\t\t<\/div>\n\t\t\t\t<\/div>\n\t\t\t\t<div class=\"elementor-element elementor-element-c73e606 elementor-widget elementor-widget-text-editor\" data-id=\"c73e606\" data-element_type=\"widget\" data-widget_type=\"text-editor.default\">\n\t\t\t\t<div class=\"elementor-widget-container\">\n\t\t\t\t\t\t\t<span style=\"font-family: myrad-regurlar; font-size: 12pt;\">Sesi\u00f3n: <b style=\"font-style: italic;\">TALLER: PROPIEDAD INTELECTUAL EN POSITIVO \u2013 (OBRAS DESCATALOGADAS)<\/b><\/span>\t\t\t\t\t\t<\/div>\n\t\t\t\t<\/div>\n\t\t\t\t<div class=\"elementor-element elementor-element-19eba08 elementor-widget elementor-widget-toggle\" data-id=\"19eba08\" data-element_type=\"widget\" data-widget_type=\"toggle.default\">\n\t\t\t\t<div class=\"elementor-widget-container\">\n\t\t\t\t\t<div class=\"elementor-toggle\">\n\t\t\t\t\t\t\t<div class=\"elementor-toggle-item\">\n\t\t\t\t\t<div id=\"elementor-tab-title-2711\" class=\"elementor-tab-title\" data-tab=\"1\" role=\"button\" aria-controls=\"elementor-tab-content-2711\" aria-expanded=\"false\">\n\t\t\t\t\t\t\t\t\t\t\t\t<span class=\"elementor-toggle-icon elementor-toggle-icon-left\" aria-hidden=\"true\">\n\t\t\t\t\t\t\t\t\t\t\t\t\t\t\t<span class=\"elementor-toggle-icon-closed\"><i class=\"fas fa-caret-right\"><\/i><\/span>\n\t\t\t\t\t\t\t\t<span class=\"elementor-toggle-icon-opened\"><i class=\"elementor-toggle-icon-opened fas fa-caret-up\"><\/i><\/span>\n\t\t\t\t\t\t\t\t\t\t\t\t\t<\/span>\n\t\t\t\t\t\t\t\t\t\t\t\t<a class=\"elementor-toggle-title\" tabindex=\"0\">Mas informacion<\/a>\n\t\t\t\t\t<\/div>\n\n\t\t\t\t\t<div id=\"elementor-tab-content-2711\" class=\"elementor-tab-content elementor-clearfix\" data-tab=\"1\" role=\"region\" aria-labelledby=\"elementor-tab-title-2711\"><p>Creci\u00f3 entre Espa\u00f1a y Francia. Se licenci\u00f3 en Filolog\u00eda alemana, lo que le llev\u00f3 a vivir en M\u00fanich&nbsp;<span style=\"font-style: inherit; font-weight: inherit;\">muchos a\u00f1os. Desde que regres\u00f3 a Espa\u00f1a, tras hacer sus pinitos en el mundo editorial&nbsp;<\/span><span style=\"font-style: inherit; font-weight: inherit;\">termin\u00f3 encarg\u00e1ndose de la biblioteca del Archivo Hist\u00f3rico Nacional, ya como ayudante de&nbsp;<\/span><span style=\"font-style: inherit; font-weight: inherit;\">Bibliotecas de la Administraci\u00f3n General del Estado. Tres a\u00f1os m\u00e1s tarde, salt\u00f3 desde los&nbsp;<\/span><span style=\"font-style: inherit; font-weight: inherit;\">pergaminos al mundo digital con el objetivo de impulsar una pol\u00edtica de desarrollo de las&nbsp;<\/span><span style=\"font-style: inherit; font-weight: inherit;\">colecciones digitales para la Red de bibliotecas del CSIC. Esta pol\u00edtica unitaria iba acompa\u00f1ada&nbsp;<\/span><span style=\"font-style: inherit; font-weight: inherit;\">de la creaci\u00f3n del Plan director de digitalizaci\u00f3n y de la gesti\u00f3n y coordinaci\u00f3n de los diversos&nbsp;<\/span><span style=\"font-style: inherit; font-weight: inherit;\">proyectos de digitalizaci\u00f3n que dieron como resultado la biblioteca digital \u201cSimurg, fondos&nbsp;<\/span><span style=\"font-style: inherit; font-weight: inherit;\">digitalizados del CSIC\u201d. Como no hay 1 sin 2, en el 2016 repiti\u00f3 la experiencia de encargarse de&nbsp;<\/span><span style=\"font-style: inherit; font-weight: inherit;\">otra biblioteca digital, esta vez en el Museo Nacional Centro de Arte Reina Sofia.<\/span><\/p><p>As\u00ed, en diciembre 2022, naci\u00f3 LaDigitaldelReina un proyecto transversal de difusi\u00f3n de las&nbsp;<span style=\"font-style: inherit; font-weight: inherit;\">colecciones digitales del museo que busca la expansi\u00f3n y el desarrollo de unas humanidades&nbsp;<\/span><span style=\"font-style: inherit; font-weight: inherit;\">digitales llenas de potencial e interconexi\u00f3n d\u00f3nde la t\u00e9cnica se pone al servicio del arte y la&nbsp;<\/span><span style=\"font-style: inherit; font-weight: inherit;\">palabra.<\/span><\/p><p><br><\/p><p>Web: https:\/\/ladigitaldelreina.museoreinasofia.es<\/p><\/div>\n\t\t\t\t<\/div>\n\t\t\t\t\t\t\t\t<\/div>\n\t\t\t\t<\/div>\n\t\t\t\t<\/div>\n\t\t\t\t<div class=\"elementor-element elementor-element-312eeec e-grid-align-right e-grid-align-mobile-center elementor-shape-rounded elementor-grid-0 elementor-widget elementor-widget-social-icons\" data-id=\"312eeec\" data-element_type=\"widget\" data-widget_type=\"social-icons.default\">\n\t\t\t\t<div class=\"elementor-widget-container\">\n\t\t\t\t\t<div class=\"elementor-social-icons-wrapper elementor-grid\">\n\t\t\t\t\t\t\t<span class=\"elementor-grid-item\">\n\t\t\t\t\t<a class=\"elementor-icon elementor-social-icon elementor-social-icon-link elementor-animation-grow elementor-repeater-item-d6dd5a8\" href=\"https:\/\/ladigitaldelreina.museoreinasofia.es\" target=\"_blank\">\n\t\t\t\t\t\t<span class=\"elementor-screen-only\">Link<\/span>\n\t\t\t\t\t\t<i class=\"fas fa-link\"><\/i>\t\t\t\t\t<\/a>\n\t\t\t\t<\/span>\n\t\t\t\t\t<\/div>\n\t\t\t\t<\/div>\n\t\t\t\t<\/div>\n\t\t\t\t\t<\/div>\n\t\t<\/div>\n\t\t\t\t<div class=\"elementor-column elementor-col-50 elementor-top-column elementor-element elementor-element-8a6dc6a\" data-id=\"8a6dc6a\" data-element_type=\"column\" data-settings=\"{&quot;background_background&quot;:&quot;classic&quot;}\">\n\t\t\t<div class=\"elementor-widget-wrap elementor-element-populated\">\n\t\t\t\t\t<div class=\"elementor-background-overlay\"><\/div>\n\t\t\t\t\t\t<div class=\"elementor-element elementor-element-94ed780 elementor-position-left elementor-vertical-align-top elementor-widget elementor-widget-image-box\" data-id=\"94ed780\" data-element_type=\"widget\" data-widget_type=\"image-box.default\">\n\t\t\t\t<div class=\"elementor-widget-container\">\n\t\t\t<div class=\"elementor-image-box-wrapper\"><figure class=\"elementor-image-box-img\"><img loading=\"lazy\" decoding=\"async\" width=\"196\" height=\"196\" src=\"https:\/\/jornadas.fesabid.org\/jeid25\/wp-content\/uploads\/2025\/04\/javier_pantoja.png\" class=\"attachment-full size-full wp-image-5743\" alt=\"\" srcset=\"https:\/\/jornadas.fesabid.org\/jeid25\/wp-content\/uploads\/2025\/04\/javier_pantoja.png 196w, https:\/\/jornadas.fesabid.org\/jeid25\/wp-content\/uploads\/2025\/04\/javier_pantoja-150x150.png 150w\" sizes=\"(max-width: 196px) 100vw, 196px\" \/><\/figure><div class=\"elementor-image-box-content\"><h3 class=\"elementor-image-box-title\">Javier Pantoja<\/h3><p class=\"elementor-image-box-description\">Responsable de Tecnolog\u00edas y Estrategias para Museos y Patrimonio Cultural en el Departamento de Ciencias Sociales y Humanidades Computacionales (CSSH) del Barcelona Supercomputing Center\n<\/p><\/div><\/div>\t\t<\/div>\n\t\t\t\t<\/div>\n\t\t\t\t<div class=\"elementor-element elementor-element-52ae109 elementor-widget elementor-widget-text-editor\" data-id=\"52ae109\" data-element_type=\"widget\" data-widget_type=\"text-editor.default\">\n\t\t\t\t<div class=\"elementor-widget-container\">\n\t\t\t\t\t\t\t<span style=\"font-family: myrad-regurlar; font-size: 12pt;\">Sesi\u00f3n:\u00a0<strong style=\"font-style: italic;\">MESA: INTELIGENCIA ARTIFICIAL<\/strong>\n<\/span>\t\t\t\t\t\t<\/div>\n\t\t\t\t<\/div>\n\t\t\t\t<div class=\"elementor-element elementor-element-25bc17c elementor-widget elementor-widget-toggle\" data-id=\"25bc17c\" data-element_type=\"widget\" data-widget_type=\"toggle.default\">\n\t\t\t\t<div class=\"elementor-widget-container\">\n\t\t\t\t\t<div class=\"elementor-toggle\">\n\t\t\t\t\t\t\t<div class=\"elementor-toggle-item\">\n\t\t\t\t\t<div id=\"elementor-tab-title-3951\" class=\"elementor-tab-title\" data-tab=\"1\" role=\"button\" aria-controls=\"elementor-tab-content-3951\" aria-expanded=\"false\">\n\t\t\t\t\t\t\t\t\t\t\t\t<span class=\"elementor-toggle-icon elementor-toggle-icon-left\" aria-hidden=\"true\">\n\t\t\t\t\t\t\t\t\t\t\t\t\t\t\t<span class=\"elementor-toggle-icon-closed\"><i class=\"fas fa-caret-right\"><\/i><\/span>\n\t\t\t\t\t\t\t\t<span class=\"elementor-toggle-icon-opened\"><i class=\"elementor-toggle-icon-opened fas fa-caret-up\"><\/i><\/span>\n\t\t\t\t\t\t\t\t\t\t\t\t\t<\/span>\n\t\t\t\t\t\t\t\t\t\t\t\t<a class=\"elementor-toggle-title\" tabindex=\"0\">Mas informacion<\/a>\n\t\t\t\t\t<\/div>\n\n\t\t\t\t\t<div id=\"elementor-tab-content-3951\" class=\"elementor-tab-content elementor-clearfix\" data-tab=\"1\" role=\"region\" aria-labelledby=\"elementor-tab-title-3951\"><span style=\"font-size: 12pt; font-family: myrad-regurlar; color: #333333;\">Actu\u00e1lmente dirige proyectos y estrategias innovadoras que integran tecnolog\u00edas digitales e inteligencia artificial en instituciones culturales y museos. Previamente, ocup\u00f3 el cargo de Jefe del \u00c1rea de Desarrollo Digital en el Museo Nacional del Prado, liderando su transformaci\u00f3n digital, la mejora de la infraestructura tecnol\u00f3gica y la implementaci\u00f3n de tecnolog\u00edas basadas en web sem\u00e1ntica e inteligencia artificial. Licenciado en Historia del Arte por la Universidad de Granada, cuenta con un m\u00e1ster en Gesti\u00f3n Cultural por la Universidad Complutense de Madrid y es experto en Comunicaci\u00f3n P\u00fablica por el Instituto Nacional de Administraci\u00f3n P\u00fablica. Actualmente realiza su tesis doctoral en la Universitat Pompeu Fabra sobre la aplicaci\u00f3n de inteligencia artificial en museos.<\/span><\/div>\n\t\t\t\t<\/div>\n\t\t\t\t\t\t\t\t<\/div>\n\t\t\t\t<\/div>\n\t\t\t\t<\/div>\n\t\t\t\t\t<\/div>\n\t\t<\/div>\n\t\t\t\t\t<\/div>\n\t\t<\/section>\n\t\t\t\t<section class=\"elementor-section elementor-top-section elementor-element elementor-element-9ffc8b3 elementor-section-full_width elementor-section-height-default elementor-section-height-default\" data-id=\"9ffc8b3\" data-element_type=\"section\">\n\t\t\t\t\t\t\t<div class=\"elementor-background-overlay\"><\/div>\n\t\t\t\t\t\t\t<div class=\"elementor-container elementor-column-gap-default\">\n\t\t\t\t\t<div class=\"elementor-column elementor-col-50 elementor-top-column elementor-element elementor-element-edc9dfe\" data-id=\"edc9dfe\" data-element_type=\"column\" data-settings=\"{&quot;background_background&quot;:&quot;classic&quot;}\">\n\t\t\t<div class=\"elementor-widget-wrap elementor-element-populated\">\n\t\t\t\t\t<div class=\"elementor-background-overlay\"><\/div>\n\t\t\t\t\t\t<div class=\"elementor-element elementor-element-99dc91d elementor-position-left elementor-vertical-align-top elementor-widget elementor-widget-image-box\" data-id=\"99dc91d\" data-element_type=\"widget\" data-widget_type=\"image-box.default\">\n\t\t\t\t<div class=\"elementor-widget-container\">\n\t\t\t<div class=\"elementor-image-box-wrapper\"><figure class=\"elementor-image-box-img\"><img loading=\"lazy\" decoding=\"async\" width=\"196\" height=\"196\" src=\"https:\/\/jornadas.fesabid.org\/jeid25\/wp-content\/uploads\/2025\/05\/cristina_gareta.png\" class=\"attachment-full size-full wp-image-6013\" alt=\"\" srcset=\"https:\/\/jornadas.fesabid.org\/jeid25\/wp-content\/uploads\/2025\/05\/cristina_gareta.png 196w, https:\/\/jornadas.fesabid.org\/jeid25\/wp-content\/uploads\/2025\/05\/cristina_gareta-150x150.png 150w\" sizes=\"(max-width: 196px) 100vw, 196px\" \/><\/figure><div class=\"elementor-image-box-content\"><h3 class=\"elementor-image-box-title\">Cristina Gareta<\/h3><p class=\"elementor-image-box-description\">Subdirectora t\u00e9cnica en la Fundaci\u00f3n Sancho el Sabio Vital<\/p><\/div><\/div>\t\t<\/div>\n\t\t\t\t<\/div>\n\t\t\t\t<div class=\"elementor-element elementor-element-5f74472 elementor-widget elementor-widget-text-editor\" data-id=\"5f74472\" data-element_type=\"widget\" data-widget_type=\"text-editor.default\">\n\t\t\t\t<div class=\"elementor-widget-container\">\n\t\t\t\t\t\t\t<span style=\"font-family: myrad-regurlar; font-size: 12pt;\">Sesi\u00f3n: <b style=\"font-style: italic;\">60 A\u00d1OS RECOPILANDO BIBLIOGRAF\u00cdA VASCA: DE GUARDIANES DEL CONOCIMIENTO A FACILITADORES DE INFORMACI\u00d3N<\/b><\/span>\t\t\t\t\t\t<\/div>\n\t\t\t\t<\/div>\n\t\t\t\t<div class=\"elementor-element elementor-element-09db0ad elementor-widget elementor-widget-toggle\" data-id=\"09db0ad\" data-element_type=\"widget\" data-widget_type=\"toggle.default\">\n\t\t\t\t<div class=\"elementor-widget-container\">\n\t\t\t\t\t<div class=\"elementor-toggle\">\n\t\t\t\t\t\t\t<div class=\"elementor-toggle-item\">\n\t\t\t\t\t<div id=\"elementor-tab-title-1031\" class=\"elementor-tab-title\" data-tab=\"1\" role=\"button\" aria-controls=\"elementor-tab-content-1031\" aria-expanded=\"false\">\n\t\t\t\t\t\t\t\t\t\t\t\t<span class=\"elementor-toggle-icon elementor-toggle-icon-left\" aria-hidden=\"true\">\n\t\t\t\t\t\t\t\t\t\t\t\t\t\t\t<span class=\"elementor-toggle-icon-closed\"><i class=\"fas fa-caret-right\"><\/i><\/span>\n\t\t\t\t\t\t\t\t<span class=\"elementor-toggle-icon-opened\"><i class=\"elementor-toggle-icon-opened fas fa-caret-up\"><\/i><\/span>\n\t\t\t\t\t\t\t\t\t\t\t\t\t<\/span>\n\t\t\t\t\t\t\t\t\t\t\t\t<a class=\"elementor-toggle-title\" tabindex=\"0\">Mas informacion<\/a>\n\t\t\t\t\t<\/div>\n\n\t\t\t\t\t<div id=\"elementor-tab-content-1031\" class=\"elementor-tab-content elementor-clearfix\" data-tab=\"1\" role=\"region\" aria-labelledby=\"elementor-tab-title-1031\"><span style=\"font-size: 16px;\">Cristina Gareta, es subdirectora t\u00e9cnica en la Fundaci\u00f3n Sancho el Sabio Vital desde 2023. Diplomada en Biblioteconom\u00eda y Licenciada en Documentacion por la Universidad de Salamanca, y m\u00e1ster europeo en Direcci\u00f3n de proyectos (Universidad del Pa\u00eds Vasco). Anteriormente ha trabajado durante casi 20 a\u00f1os como consultora y directora de proyectos de automatizaci\u00f3n y servicios de atenci\u00f3n al usuario y catalogaci\u00f3n para bibliotecas y museos. Entre las instituciones a las que ha prestado servicio a lo largo de su carrera est\u00e1n las redes municipales de bibliotecas de Bilbao y Donostia, Medialab Tabakalera, Azkuna Zentroa, Koldo Mitxelena Kulturunea, ARTIUM Museoa, Chillida Leku, Red de Bibliotecas P\u00fablicas de Euskadi, Gobierno de Navarra (Portal de la Cultura), REDIB (Red Iberoamericana de Innovaci\u00f3n y conocimiento cient\u00edfico) o la Universidad Europea, y, a nivel internacional, SOAS University of London, proyectos en M\u00e9xico o la Biblioteca Nacional de Florencia. Entre 2023 y 2015 form\u00f3 parte del proyecto de investigaci\u00f3n europeo ALIADA para la publicaci\u00f3n de datos enlazados en bibliotecas y museos.<\/span><\/div>\n\t\t\t\t<\/div>\n\t\t\t\t\t\t\t\t<\/div>\n\t\t\t\t<\/div>\n\t\t\t\t<\/div>\n\t\t\t\t\t<\/div>\n\t\t<\/div>\n\t\t\t\t<div class=\"elementor-column elementor-col-50 elementor-top-column elementor-element elementor-element-72bb700\" data-id=\"72bb700\" data-element_type=\"column\" data-settings=\"{&quot;background_background&quot;:&quot;classic&quot;}\">\n\t\t\t<div class=\"elementor-widget-wrap elementor-element-populated\">\n\t\t\t\t\t<div class=\"elementor-background-overlay\"><\/div>\n\t\t\t\t\t\t<div class=\"elementor-element elementor-element-60bb7a1 elementor-position-left elementor-vertical-align-top elementor-widget elementor-widget-image-box\" data-id=\"60bb7a1\" data-element_type=\"widget\" data-widget_type=\"image-box.default\">\n\t\t\t\t<div class=\"elementor-widget-container\">\n\t\t\t<div class=\"elementor-image-box-wrapper\"><figure class=\"elementor-image-box-img\"><img loading=\"lazy\" decoding=\"async\" width=\"196\" height=\"196\" src=\"https:\/\/jornadas.fesabid.org\/jeid25\/wp-content\/uploads\/2025\/05\/eva_mendez.png\" class=\"attachment-full size-full wp-image-6091\" alt=\"\" srcset=\"https:\/\/jornadas.fesabid.org\/jeid25\/wp-content\/uploads\/2025\/05\/eva_mendez.png 196w, https:\/\/jornadas.fesabid.org\/jeid25\/wp-content\/uploads\/2025\/05\/eva_mendez-150x150.png 150w\" sizes=\"(max-width: 196px) 100vw, 196px\" \/><\/figure><div class=\"elementor-image-box-content\"><h3 class=\"elementor-image-box-title\">Eva M\u00e9ndez Rodr\u00edguez<\/h3><p class=\"elementor-image-box-description\">Universidad Carlos III de Madrid <\/p><\/div><\/div>\t\t<\/div>\n\t\t\t\t<\/div>\n\t\t\t\t<div class=\"elementor-element elementor-element-1a2d3a5 elementor-widget elementor-widget-text-editor\" data-id=\"1a2d3a5\" data-element_type=\"widget\" data-widget_type=\"text-editor.default\">\n\t\t\t\t<div class=\"elementor-widget-container\">\n\t\t\t\t\t\t\t<span style=\"font-family: myrad-regurlar; font-size: 12pt;\">Sesi\u00f3n: <b style=\"font-style: italic;\">MESA: FORMACI\u00d3N vs SALIDAS LABORALES<\/b><\/span>\t\t\t\t\t\t<\/div>\n\t\t\t\t<\/div>\n\t\t\t\t<div class=\"elementor-element elementor-element-b4dae6f elementor-widget elementor-widget-toggle\" data-id=\"b4dae6f\" data-element_type=\"widget\" data-widget_type=\"toggle.default\">\n\t\t\t\t<div class=\"elementor-widget-container\">\n\t\t\t\t\t<div class=\"elementor-toggle\">\n\t\t\t\t\t\t\t<div class=\"elementor-toggle-item\">\n\t\t\t\t\t<div id=\"elementor-tab-title-1891\" class=\"elementor-tab-title\" data-tab=\"1\" role=\"button\" aria-controls=\"elementor-tab-content-1891\" aria-expanded=\"false\">\n\t\t\t\t\t\t\t\t\t\t\t\t<span class=\"elementor-toggle-icon elementor-toggle-icon-left\" aria-hidden=\"true\">\n\t\t\t\t\t\t\t\t\t\t\t\t\t\t\t<span class=\"elementor-toggle-icon-closed\"><i class=\"fas fa-caret-right\"><\/i><\/span>\n\t\t\t\t\t\t\t\t<span class=\"elementor-toggle-icon-opened\"><i class=\"elementor-toggle-icon-opened fas fa-caret-up\"><\/i><\/span>\n\t\t\t\t\t\t\t\t\t\t\t\t\t<\/span>\n\t\t\t\t\t\t\t\t\t\t\t\t<a class=\"elementor-toggle-title\" tabindex=\"0\">Mas informacion<\/a>\n\t\t\t\t\t<\/div>\n\n\t\t\t\t\t<div id=\"elementor-tab-content-1891\" class=\"elementor-tab-content elementor-clearfix\" data-tab=\"1\" role=\"region\" aria-labelledby=\"elementor-tab-title-1891\"><span style=\"font-size: 16px;\">Profesora Titular en la Universidad Carlos III de Madrid, reconocida experta en Ciencia Abierta, metadatos y datos FAIR. Con m\u00e1s de 80 publicaciones y participaci\u00f3n en m\u00e1s de 25 proyectos de investigaci\u00f3n, ha asesorado a numerosas iniciativas internacionales como OpenAIRE, RDA, Metadata2020 o la DCMI. Ha sido investigadora Fulbright-EU en EE.\u202fUU. y profesora visitante en diversas instituciones en Am\u00e9rica, Asia y Australia. En los \u00faltimos 13 a\u00f1os ha sido vicerrectora adjunta de 3 vicerrectorados en la Universidad Carlos III, incluyendo el de Estrategia y Educaci\u00f3n Digital, y el de Pol\u00edtica Cient\u00edfica. Fue presidenta de la EU Open Science Policy Platform (2018\u20132020) y form\u00f3 parte del consejo directivo de la Coalici\u00f3n para el Avance de la Reforma de la Evaluaci\u00f3n Cient\u00edfica (CoARA). En la actualidad es directora del grupo de investigaci\u00f3n Open Science Lab-UC3M sobre Metainvestigaci\u00f3n para la ciencia abierta &#8212; Eva M\u00e9ndez (@evamen) Se define en su perfil de X (Twitter) como &#8220;militante del conocimiento abierto&#8221; y trabaja activamente por la ciencia y la educaci\u00f3n m\u00e1s  transparente, abierta y colaborativa, bas\u00e1ndose en las infraestructuras y en los metadatos abiertos.<\/span><\/div>\n\t\t\t\t<\/div>\n\t\t\t\t\t\t\t\t<\/div>\n\t\t\t\t<\/div>\n\t\t\t\t<\/div>\n\t\t\t\t\t<\/div>\n\t\t<\/div>\n\t\t\t\t\t<\/div>\n\t\t<\/section>\n\t\t\t\t<section class=\"elementor-section elementor-top-section elementor-element elementor-element-727ba98 elementor-section-full_width elementor-section-height-default elementor-section-height-default\" data-id=\"727ba98\" data-element_type=\"section\">\n\t\t\t\t\t\t\t<div class=\"elementor-background-overlay\"><\/div>\n\t\t\t\t\t\t\t<div class=\"elementor-container elementor-column-gap-default\">\n\t\t\t\t\t<div class=\"elementor-column elementor-col-50 elementor-top-column elementor-element elementor-element-75ff4fc\" data-id=\"75ff4fc\" data-element_type=\"column\" data-settings=\"{&quot;background_background&quot;:&quot;classic&quot;}\">\n\t\t\t<div class=\"elementor-widget-wrap elementor-element-populated\">\n\t\t\t\t\t<div class=\"elementor-background-overlay\"><\/div>\n\t\t\t\t\t\t<div class=\"elementor-element elementor-element-b6310a9 elementor-position-left elementor-vertical-align-top elementor-widget elementor-widget-image-box\" data-id=\"b6310a9\" data-element_type=\"widget\" data-widget_type=\"image-box.default\">\n\t\t\t\t<div class=\"elementor-widget-container\">\n\t\t\t<div class=\"elementor-image-box-wrapper\"><figure class=\"elementor-image-box-img\"><img loading=\"lazy\" decoding=\"async\" width=\"196\" height=\"196\" src=\"https:\/\/jornadas.fesabid.org\/jeid25\/wp-content\/uploads\/2025\/05\/raul_aguilera.png\" class=\"attachment-full size-full wp-image-6092\" alt=\"\" srcset=\"https:\/\/jornadas.fesabid.org\/jeid25\/wp-content\/uploads\/2025\/05\/raul_aguilera.png 196w, https:\/\/jornadas.fesabid.org\/jeid25\/wp-content\/uploads\/2025\/05\/raul_aguilera-150x150.png 150w\" sizes=\"(max-width: 196px) 100vw, 196px\" \/><\/figure><div class=\"elementor-image-box-content\"><h3 class=\"elementor-image-box-title\">Ra\u00fal Aguilera Ortega<\/h3><p class=\"elementor-image-box-description\">Director del Servicio de Biblioteca de la Universidad Carlos III de Madrid<\/p><\/div><\/div>\t\t<\/div>\n\t\t\t\t<\/div>\n\t\t\t\t<div class=\"elementor-element elementor-element-a10e809 elementor-widget elementor-widget-text-editor\" data-id=\"a10e809\" data-element_type=\"widget\" data-widget_type=\"text-editor.default\">\n\t\t\t\t<div class=\"elementor-widget-container\">\n\t\t\t\t\t\t\t<span style=\"font-family: myrad-regurlar; font-size: 12pt;\">Sesi\u00f3n: <b style=\"font-style: italic;\">MESA: INTELIGENCIA ARTIFICIAL<\/b><\/span>\t\t\t\t\t\t<\/div>\n\t\t\t\t<\/div>\n\t\t\t\t<div class=\"elementor-element elementor-element-c261979 elementor-widget elementor-widget-toggle\" data-id=\"c261979\" data-element_type=\"widget\" data-widget_type=\"toggle.default\">\n\t\t\t\t<div class=\"elementor-widget-container\">\n\t\t\t\t\t<div class=\"elementor-toggle\">\n\t\t\t\t\t\t\t<div class=\"elementor-toggle-item\">\n\t\t\t\t\t<div id=\"elementor-tab-title-2031\" class=\"elementor-tab-title\" data-tab=\"1\" role=\"button\" aria-controls=\"elementor-tab-content-2031\" aria-expanded=\"false\">\n\t\t\t\t\t\t\t\t\t\t\t\t<span class=\"elementor-toggle-icon elementor-toggle-icon-left\" aria-hidden=\"true\">\n\t\t\t\t\t\t\t\t\t\t\t\t\t\t\t<span class=\"elementor-toggle-icon-closed\"><i class=\"fas fa-caret-right\"><\/i><\/span>\n\t\t\t\t\t\t\t\t<span class=\"elementor-toggle-icon-opened\"><i class=\"elementor-toggle-icon-opened fas fa-caret-up\"><\/i><\/span>\n\t\t\t\t\t\t\t\t\t\t\t\t\t<\/span>\n\t\t\t\t\t\t\t\t\t\t\t\t<a class=\"elementor-toggle-title\" tabindex=\"0\">Mas informacion<\/a>\n\t\t\t\t\t<\/div>\n\n\t\t\t\t\t<div id=\"elementor-tab-content-2031\" class=\"elementor-tab-content elementor-clearfix\" data-tab=\"1\" role=\"region\" aria-labelledby=\"elementor-tab-title-2031\"><span style=\"font-size: 16px;\">Director del Servicio de Biblioteca de la Universidad Carlos III de Madrid (UC3M) desde octubre de 2021. Con anterioridad, hab\u00eda sido el director de la Biblioteca de Ciencias Sociales y Jur\u00eddicas entre 2007 y 2021 y director adjunto de esta biblioteca entre 2006 y 2007. Pertenece a la Escala Superior de T\u00e9cnicos Facultativos de Biblioteca (Subgrupo A1) de la UC3M desde 2006.<\/span>\n\n<span style=\"font-size: 16px;\">Desde enero de 2025 es integrante del board de SPARC Europe. Desde abril de 2024 forma parte del Research Data Management Working Group de LIBER (red de bibliotecas europeas de investigaci\u00f3n). En REBIUN (Red de Bibliotecas Universitarias Espa\u00f1olas), desde 2024 pertenece al Observatorio de Inteligencia Artificial y coordina la L\u00ednea 2 sobre Ciencia Abierta del Plan Estrat\u00e9gico 2024-2027. Anteriormente hab\u00eda coordinado entre 2022 y 2023 la L\u00ednea 2 sobre Transformaci\u00f3n digital y conocimiento abierto del Plan Estrat\u00e9gico 2020-2023 de esta red.<\/span>\n\n<span style=\"font-size: 16px;\">En el Consorcio Madro\u00f1o de bibliotecas de las universidades p\u00fablicas de la Comunidad de Madrid y la UNED, coordina desde octubre de 2021 el Grupo de Trabajo de Ciencia abierta. En la red UNICA, co-coordin\u00f3 entre abril de 2021 y abril de 2022 el Scholarly Communication Working Group, que coordina en solitario desde mayo de 2022.<\/span>\n\n<span style=\"font-size: 16px;\">Entre 2012 y 2021, fue co-coordinador de la Unidad de Tecnolog\u00eda Educativa e Innovaci\u00f3n Docente (UTEID), renombrada como UC3M Digital en octubre de 2020. UC3M Digital es una unidad transversal integrada por el Servicio de Biblioteca y el Servicio de Inform\u00e1tica y Comunicaciones con el fin de promover la innovaci\u00f3n docente y la educaci\u00f3n digital en la UC3M.<\/span>\n\n<span style=\"font-size: 16px;\">Ha participado en diversos proyectos internacionales. Building Up Digital Strategists (BUDS), desarrollado entre 2019 y 2022, y Procurement: digital Tools and Sustainable Goals (ProcToGo), desarrollado entre 2021 y 2023, fueron proyectos Erasmus + coordinados por la Universit\u00e0 degli Studi di Roma Tor Vergata (Italia) y dirigidos a la creaci\u00f3n de contenidos educativos digitales. Entre 2007 y 2015 particip\u00f3 en el Consorcio Nereus, que desarroll\u00f3 entre 2007 y 2010 el proyecto Network of European Economists Online (NEEO), coordinado por la Universidad de Tilburg (Holanda) y cofinanciado dentro del S\u00e9ptimo Programa Marco de la Comisi\u00f3n Europea con el objetivo de potenciar el acceso abierto a publicaciones cient\u00edficas.<\/span>\n\n<span style=\"font-size: 16px;\">Licenciado en Periodismo por la Universidad Complutense de Madrid y Graduado en Lengua y Literatura Espa\u00f1olas por la Universidad Nacional de Educaci\u00f3n a Distancia (UNED).<\/span><\/div>\n\t\t\t\t<\/div>\n\t\t\t\t\t\t\t\t<\/div>\n\t\t\t\t<\/div>\n\t\t\t\t<\/div>\n\t\t\t\t<div class=\"elementor-element elementor-element-b5b6eb3 e-grid-align-right e-grid-align-mobile-center elementor-shape-rounded elementor-grid-0 elementor-widget elementor-widget-social-icons\" data-id=\"b5b6eb3\" data-element_type=\"widget\" data-widget_type=\"social-icons.default\">\n\t\t\t\t<div class=\"elementor-widget-container\">\n\t\t\t\t\t<div class=\"elementor-social-icons-wrapper elementor-grid\">\n\t\t\t\t\t\t\t<span class=\"elementor-grid-item\">\n\t\t\t\t\t<a class=\"elementor-icon elementor-social-icon elementor-social-icon-linkedin elementor-animation-grow elementor-repeater-item-d6dd5a8\" href=\"https:\/\/www.linkedin.com\/in\/raul-aguilera-ortega\" target=\"_blank\">\n\t\t\t\t\t\t<span class=\"elementor-screen-only\">Linkedin<\/span>\n\t\t\t\t\t\t<i class=\"fab fa-linkedin\"><\/i>\t\t\t\t\t<\/a>\n\t\t\t\t<\/span>\n\t\t\t\t\t<\/div>\n\t\t\t\t<\/div>\n\t\t\t\t<\/div>\n\t\t\t\t\t<\/div>\n\t\t<\/div>\n\t\t\t\t<div class=\"elementor-column elementor-col-50 elementor-top-column elementor-element elementor-element-c95d355\" data-id=\"c95d355\" data-element_type=\"column\" data-settings=\"{&quot;background_background&quot;:&quot;classic&quot;}\">\n\t\t\t<div class=\"elementor-widget-wrap elementor-element-populated\">\n\t\t\t\t\t<div class=\"elementor-background-overlay\"><\/div>\n\t\t\t\t\t\t<div class=\"elementor-element elementor-element-7dd7cf6 elementor-position-left elementor-vertical-align-top elementor-widget elementor-widget-image-box\" data-id=\"7dd7cf6\" data-element_type=\"widget\" data-widget_type=\"image-box.default\">\n\t\t\t\t<div class=\"elementor-widget-container\">\n\t\t\t<div class=\"elementor-image-box-wrapper\"><figure class=\"elementor-image-box-img\"><img loading=\"lazy\" decoding=\"async\" width=\"196\" height=\"196\" src=\"https:\/\/jornadas.fesabid.org\/jeid25\/wp-content\/uploads\/2025\/05\/pep_casals.png\" class=\"attachment-full size-full wp-image-6109\" alt=\"\" srcset=\"https:\/\/jornadas.fesabid.org\/jeid25\/wp-content\/uploads\/2025\/05\/pep_casals.png 196w, https:\/\/jornadas.fesabid.org\/jeid25\/wp-content\/uploads\/2025\/05\/pep_casals-150x150.png 150w\" sizes=\"(max-width: 196px) 100vw, 196px\" \/><\/figure><div class=\"elementor-image-box-content\"><h3 class=\"elementor-image-box-title\">Pep Casals Puig<\/h3><p class=\"elementor-image-box-description\">Director de NUBILUM i COELI<\/p><\/div><\/div>\t\t<\/div>\n\t\t\t\t<\/div>\n\t\t\t\t<div class=\"elementor-element elementor-element-ccd0baf elementor-widget elementor-widget-text-editor\" data-id=\"ccd0baf\" data-element_type=\"widget\" data-widget_type=\"text-editor.default\">\n\t\t\t\t<div class=\"elementor-widget-container\">\n\t\t\t\t\t\t\t<span style=\"font-family: myrad-regurlar; font-size: 12pt;\">Sesi\u00f3n: <b style=\"font-style: italic;\">MESA: FORMACI\u00d3N vs SALIDAS LABORALES<\/b><\/span>\t\t\t\t\t\t<\/div>\n\t\t\t\t<\/div>\n\t\t\t\t<div class=\"elementor-element elementor-element-1e60f2d elementor-widget elementor-widget-toggle\" data-id=\"1e60f2d\" data-element_type=\"widget\" data-widget_type=\"toggle.default\">\n\t\t\t\t<div class=\"elementor-widget-container\">\n\t\t\t\t\t<div class=\"elementor-toggle\">\n\t\t\t\t\t\t\t<div class=\"elementor-toggle-item\">\n\t\t\t\t\t<div id=\"elementor-tab-title-3181\" class=\"elementor-tab-title\" data-tab=\"1\" role=\"button\" aria-controls=\"elementor-tab-content-3181\" aria-expanded=\"false\">\n\t\t\t\t\t\t\t\t\t\t\t\t<span class=\"elementor-toggle-icon elementor-toggle-icon-left\" aria-hidden=\"true\">\n\t\t\t\t\t\t\t\t\t\t\t\t\t\t\t<span class=\"elementor-toggle-icon-closed\"><i class=\"fas fa-caret-right\"><\/i><\/span>\n\t\t\t\t\t\t\t\t<span class=\"elementor-toggle-icon-opened\"><i class=\"elementor-toggle-icon-opened fas fa-caret-up\"><\/i><\/span>\n\t\t\t\t\t\t\t\t\t\t\t\t\t<\/span>\n\t\t\t\t\t\t\t\t\t\t\t\t<a class=\"elementor-toggle-title\" tabindex=\"0\">Mas informacion<\/a>\n\t\t\t\t\t<\/div>\n\n\t\t\t\t\t<div id=\"elementor-tab-content-3181\" class=\"elementor-tab-content elementor-clearfix\" data-tab=\"1\" role=\"region\" aria-labelledby=\"elementor-tab-title-3181\"><span style=\"font-size: 16px;\">Socio fundador y director de NUBILUM i Coeli. Ingeniero T\u00e9cnico en Inform\u00e1tica (URV) y Postgrado de Direcci\u00f3n de Sistemas de Informaci\u00f3n. Con m\u00e1s de 30 a\u00f1os de experiencia  como consultor y director de proyectos. Con una visi\u00f3n global y criterios profesionales en el enfoque estrat\u00e9gico de soluciones.<\/span><\/div>\n\t\t\t\t<\/div>\n\t\t\t\t\t\t\t\t<\/div>\n\t\t\t\t<\/div>\n\t\t\t\t<\/div>\n\t\t\t\t\t<\/div>\n\t\t<\/div>\n\t\t\t\t\t<\/div>\n\t\t<\/section>\n\t\t\t\t<section class=\"elementor-section elementor-top-section elementor-element elementor-element-0baff98 elementor-section-full_width elementor-section-height-default elementor-section-height-default\" data-id=\"0baff98\" data-element_type=\"section\">\n\t\t\t\t\t\t\t<div class=\"elementor-background-overlay\"><\/div>\n\t\t\t\t\t\t\t<div class=\"elementor-container elementor-column-gap-default\">\n\t\t\t\t\t<div class=\"elementor-column elementor-col-50 elementor-top-column elementor-element elementor-element-5379988\" data-id=\"5379988\" data-element_type=\"column\" data-settings=\"{&quot;background_background&quot;:&quot;classic&quot;}\">\n\t\t\t<div class=\"elementor-widget-wrap elementor-element-populated\">\n\t\t\t\t\t<div class=\"elementor-background-overlay\"><\/div>\n\t\t\t\t\t\t<div class=\"elementor-element elementor-element-0797e8b elementor-position-left elementor-vertical-align-top elementor-widget elementor-widget-image-box\" data-id=\"0797e8b\" data-element_type=\"widget\" data-widget_type=\"image-box.default\">\n\t\t\t\t<div class=\"elementor-widget-container\">\n\t\t\t<div class=\"elementor-image-box-wrapper\"><figure class=\"elementor-image-box-img\"><img loading=\"lazy\" decoding=\"async\" width=\"196\" height=\"196\" src=\"https:\/\/jornadas.fesabid.org\/jeid25\/wp-content\/uploads\/2025\/05\/eva_gomez.png\" class=\"attachment-full size-full wp-image-6147\" alt=\"\" srcset=\"https:\/\/jornadas.fesabid.org\/jeid25\/wp-content\/uploads\/2025\/05\/eva_gomez.png 196w, https:\/\/jornadas.fesabid.org\/jeid25\/wp-content\/uploads\/2025\/05\/eva_gomez-150x150.png 150w\" sizes=\"(max-width: 196px) 100vw, 196px\" \/><\/figure><div class=\"elementor-image-box-content\"><h3 class=\"elementor-image-box-title\">Eva G\u00f3mez<\/h3><p class=\"elementor-image-box-description\">Responsable del Archivo Territorial de \u00c1vila<\/p><\/div><\/div>\t\t<\/div>\n\t\t\t\t<\/div>\n\t\t\t\t<div class=\"elementor-element elementor-element-e0f4df6 elementor-widget elementor-widget-text-editor\" data-id=\"e0f4df6\" data-element_type=\"widget\" data-widget_type=\"text-editor.default\">\n\t\t\t\t<div class=\"elementor-widget-container\">\n\t\t\t\t\t\t\t<span style=\"font-family: myrad-regurlar; font-size: 12pt;\"><span data-mce-type=\"bookmark\" style=\"display: inline-block; width: 0px; overflow: hidden; line-height: 0;\" class=\"mce_SELRES_start\">\ufeff<\/span>Sesi\u00f3n: <b style=\"font-style: italic;\">PROPIEDAD INTELECTUAL EN POSITIVO<\/b><\/span>\t\t\t\t\t\t<\/div>\n\t\t\t\t<\/div>\n\t\t\t\t<div class=\"elementor-element elementor-element-ab74289 elementor-widget elementor-widget-toggle\" data-id=\"ab74289\" data-element_type=\"widget\" data-widget_type=\"toggle.default\">\n\t\t\t\t<div class=\"elementor-widget-container\">\n\t\t\t\t\t<div class=\"elementor-toggle\">\n\t\t\t\t\t\t\t<div class=\"elementor-toggle-item\">\n\t\t\t\t\t<div id=\"elementor-tab-title-1791\" class=\"elementor-tab-title\" data-tab=\"1\" role=\"button\" aria-controls=\"elementor-tab-content-1791\" aria-expanded=\"false\">\n\t\t\t\t\t\t\t\t\t\t\t\t<span class=\"elementor-toggle-icon elementor-toggle-icon-left\" aria-hidden=\"true\">\n\t\t\t\t\t\t\t\t\t\t\t\t\t\t\t<span class=\"elementor-toggle-icon-closed\"><i class=\"fas fa-caret-right\"><\/i><\/span>\n\t\t\t\t\t\t\t\t<span class=\"elementor-toggle-icon-opened\"><i class=\"elementor-toggle-icon-opened fas fa-caret-up\"><\/i><\/span>\n\t\t\t\t\t\t\t\t\t\t\t\t\t<\/span>\n\t\t\t\t\t\t\t\t\t\t\t\t<a class=\"elementor-toggle-title\" tabindex=\"0\">Mas informacion<\/a>\n\t\t\t\t\t<\/div>\n\n\t\t\t\t\t<div id=\"elementor-tab-content-1791\" class=\"elementor-tab-content elementor-clearfix\" data-tab=\"1\" role=\"region\" aria-labelledby=\"elementor-tab-title-1791\"><span style=\"font-style: inherit; font-weight: inherit;\">Responsable del Archivo Territorial de \u00c1vila desde 2022 cuando se incorpora al Cuerpo Facultativo de Archiveros de Castilla y Le\u00f3n (2021). Facultativa de Archivos del Estado y Ayudante de Archivos de la Comunidad de Madrid.<\/span><br \/>\n<span style=\"font-style: inherit; font-weight: inherit;\">Licenciada en Historia por la Universidad de Alicante (2014) y Especialista Universitario en Archiv\u00edstica por la UNED (2017).<\/span><br \/>\n<span style=\"font-style: inherit; font-weight: inherit;\">Desde 2015 ha desempe\u00f1ado labores archiv\u00edsticas en diversos centros como el Archivo Hist\u00f3rico Provincial de Alicante, el Archivo Hist\u00f3rico Nacional, archivos municipales segovianos como Riaza o Boceguillas, y el Archivo del Colegio de Arquitectos de Segovia.<\/span><br \/>\n<span style=\"font-style: inherit; font-weight: inherit;\">Es miembro de varios Grupos de Trabajo a nivel auton\u00f3mico y del Grupo de Propiedad Intelectual de FESABID (desde 2024). Secretaria de la Asociaci\u00f3n de Archiveros de Castilla y Le\u00f3n, ACAL (desde enero del 2025).<\/span><\/div>\n\t\t\t\t<\/div>\n\t\t\t\t\t\t\t\t<\/div>\n\t\t\t\t<\/div>\n\t\t\t\t<\/div>\n\t\t\t\t\t<\/div>\n\t\t<\/div>\n\t\t\t\t<div class=\"elementor-column elementor-col-50 elementor-top-column elementor-element elementor-element-11d82da\" data-id=\"11d82da\" data-element_type=\"column\" data-settings=\"{&quot;background_background&quot;:&quot;classic&quot;}\">\n\t\t\t<div class=\"elementor-widget-wrap elementor-element-populated\">\n\t\t\t\t\t<div class=\"elementor-background-overlay\"><\/div>\n\t\t\t\t\t\t<div class=\"elementor-element elementor-element-661e123 elementor-position-left elementor-vertical-align-top elementor-widget elementor-widget-image-box\" data-id=\"661e123\" data-element_type=\"widget\" data-widget_type=\"image-box.default\">\n\t\t\t\t<div class=\"elementor-widget-container\">\n\t\t\t<div class=\"elementor-image-box-wrapper\"><figure class=\"elementor-image-box-img\"><img loading=\"lazy\" decoding=\"async\" width=\"196\" height=\"196\" src=\"https:\/\/jornadas.fesabid.org\/jeid25\/wp-content\/uploads\/2025\/05\/isabel_bernal.png\" class=\"attachment-full size-full wp-image-6148\" alt=\"\" srcset=\"https:\/\/jornadas.fesabid.org\/jeid25\/wp-content\/uploads\/2025\/05\/isabel_bernal.png 196w, https:\/\/jornadas.fesabid.org\/jeid25\/wp-content\/uploads\/2025\/05\/isabel_bernal-150x150.png 150w\" sizes=\"(max-width: 196px) 100vw, 196px\" \/><\/figure><div class=\"elementor-image-box-content\"><h3 class=\"elementor-image-box-title\">Isabel Bernal<\/h3><p class=\"elementor-image-box-description\">Unidad de Recursos de Informaci\u00f3n Cient\u00edfica para la Investigaci\u00f3n (URICI) en el Consejo Superior de Investigaciones Cient\u00edficas (CSIC)\n<\/p><\/div><\/div>\t\t<\/div>\n\t\t\t\t<\/div>\n\t\t\t\t<div class=\"elementor-element elementor-element-999139d elementor-widget elementor-widget-text-editor\" data-id=\"999139d\" data-element_type=\"widget\" data-widget_type=\"text-editor.default\">\n\t\t\t\t<div class=\"elementor-widget-container\">\n\t\t\t\t\t\t\t<span style=\"font-family: myrad-regurlar; font-size: 12pt;\">Sesi\u00f3n:\u00a0<strong style=\"font-style: italic;\">PROPIEDAD INTELECTUAL EN POSITIVO<\/strong>\n<\/span>\t\t\t\t\t\t<\/div>\n\t\t\t\t<\/div>\n\t\t\t\t<div class=\"elementor-element elementor-element-7a1fb50 elementor-widget elementor-widget-toggle\" data-id=\"7a1fb50\" data-element_type=\"widget\" data-widget_type=\"toggle.default\">\n\t\t\t\t<div class=\"elementor-widget-container\">\n\t\t\t\t\t<div class=\"elementor-toggle\">\n\t\t\t\t\t\t\t<div class=\"elementor-toggle-item\">\n\t\t\t\t\t<div id=\"elementor-tab-title-1281\" class=\"elementor-tab-title\" data-tab=\"1\" role=\"button\" aria-controls=\"elementor-tab-content-1281\" aria-expanded=\"false\">\n\t\t\t\t\t\t\t\t\t\t\t\t<span class=\"elementor-toggle-icon elementor-toggle-icon-left\" aria-hidden=\"true\">\n\t\t\t\t\t\t\t\t\t\t\t\t\t\t\t<span class=\"elementor-toggle-icon-closed\"><i class=\"fas fa-caret-right\"><\/i><\/span>\n\t\t\t\t\t\t\t\t<span class=\"elementor-toggle-icon-opened\"><i class=\"elementor-toggle-icon-opened fas fa-caret-up\"><\/i><\/span>\n\t\t\t\t\t\t\t\t\t\t\t\t\t<\/span>\n\t\t\t\t\t\t\t\t\t\t\t\t<a class=\"elementor-toggle-title\" tabindex=\"0\">Mas informacion<\/a>\n\t\t\t\t\t<\/div>\n\n\t\t\t\t\t<div id=\"elementor-tab-content-1281\" class=\"elementor-tab-content elementor-clearfix\" data-tab=\"1\" role=\"region\" aria-labelledby=\"elementor-tab-title-1281\"><span style=\"font-size: 12pt; font-family: myrad-regurlar; color: #333333;\"> Isabel Bernal es responsable del programa de Servicios de ciencia abierta y DIGITAL.CSIC de la Unidad de Recursos de Informaci\u00f3n Cient\u00edfica para la Investigaci\u00f3n (URICI) en el Consejo Superior de Investigaciones Cient\u00edficas (CSIC) y se ocupa de la promoci\u00f3n e implantaci\u00f3n de diversos tipos de pr\u00e1cticas de ciencia abierta y de la gesti\u00f3n en acceso abierto de distintos tipos de resultados de investigaci\u00f3n. Coordina el Grupo de Propiedad Intelectual de FESABID y participa en diferentes grupos de trabajo internacionales y nacionales relativos a la ciencia abierta en general y repositorios en particular.&nbsp; \n<a href=\"https:\/\/orcid.org\/0000-0003-2506-9947\" target=\"_blank\">Ver detalles<\/a><\/span><\/div>\n\t\t\t\t<\/div>\n\t\t\t\t\t\t\t\t<\/div>\n\t\t\t\t<\/div>\n\t\t\t\t<\/div>\n\t\t\t\t\t<\/div>\n\t\t<\/div>\n\t\t\t\t\t<\/div>\n\t\t<\/section>\n\t\t\t\t<section class=\"elementor-section elementor-top-section elementor-element elementor-element-02ea6d3 elementor-section-full_width elementor-section-height-default elementor-section-height-default\" data-id=\"02ea6d3\" data-element_type=\"section\">\n\t\t\t\t\t\t\t<div class=\"elementor-background-overlay\"><\/div>\n\t\t\t\t\t\t\t<div class=\"elementor-container elementor-column-gap-default\">\n\t\t\t\t\t<div class=\"elementor-column elementor-col-50 elementor-top-column elementor-element elementor-element-921e2d2\" data-id=\"921e2d2\" data-element_type=\"column\" data-settings=\"{&quot;background_background&quot;:&quot;classic&quot;}\">\n\t\t\t<div class=\"elementor-widget-wrap elementor-element-populated\">\n\t\t\t\t\t<div class=\"elementor-background-overlay\"><\/div>\n\t\t\t\t\t\t<div class=\"elementor-element elementor-element-c1a8faa elementor-position-left elementor-vertical-align-top elementor-widget elementor-widget-image-box\" data-id=\"c1a8faa\" data-element_type=\"widget\" data-widget_type=\"image-box.default\">\n\t\t\t\t<div class=\"elementor-widget-container\">\n\t\t\t<div class=\"elementor-image-box-wrapper\"><figure class=\"elementor-image-box-img\"><img loading=\"lazy\" decoding=\"async\" width=\"196\" height=\"196\" src=\"https:\/\/jornadas.fesabid.org\/jeid25\/wp-content\/uploads\/2025\/05\/egoitz_de_la_iglesia.png\" class=\"attachment-full size-full wp-image-6180\" alt=\"\" srcset=\"https:\/\/jornadas.fesabid.org\/jeid25\/wp-content\/uploads\/2025\/05\/egoitz_de_la_iglesia.png 196w, https:\/\/jornadas.fesabid.org\/jeid25\/wp-content\/uploads\/2025\/05\/egoitz_de_la_iglesia-150x150.png 150w\" sizes=\"(max-width: 196px) 100vw, 196px\" \/><\/figure><div class=\"elementor-image-box-content\"><h3 class=\"elementor-image-box-title\">Egoitz De La Iglesia Gamboa<\/h3><p class=\"elementor-image-box-description\">Mondragon Unibertsitatea<\/p><\/div><\/div>\t\t<\/div>\n\t\t\t\t<\/div>\n\t\t\t\t<div class=\"elementor-element elementor-element-139cc48 elementor-widget elementor-widget-text-editor\" data-id=\"139cc48\" data-element_type=\"widget\" data-widget_type=\"text-editor.default\">\n\t\t\t\t<div class=\"elementor-widget-container\">\n\t\t\t\t\t\t\t<span style=\"font-family: myrad-regurlar; font-size: 12pt;\">Sesi\u00f3n: <b style=\"font-style: italic;\">MEMORIA Y TRADICI\u00d3N: EL VALOR DE LAS PALABRAS EN LA ERA DE LA IA<\/b><\/span>\t\t\t\t\t\t<\/div>\n\t\t\t\t<\/div>\n\t\t\t\t<div class=\"elementor-element elementor-element-84b148a elementor-widget elementor-widget-toggle\" data-id=\"84b148a\" data-element_type=\"widget\" data-widget_type=\"toggle.default\">\n\t\t\t\t<div class=\"elementor-widget-container\">\n\t\t\t\t\t<div class=\"elementor-toggle\">\n\t\t\t\t\t\t\t<div class=\"elementor-toggle-item\">\n\t\t\t\t\t<div id=\"elementor-tab-title-1391\" class=\"elementor-tab-title\" data-tab=\"1\" role=\"button\" aria-controls=\"elementor-tab-content-1391\" aria-expanded=\"false\">\n\t\t\t\t\t\t\t\t\t\t\t\t<span class=\"elementor-toggle-icon elementor-toggle-icon-left\" aria-hidden=\"true\">\n\t\t\t\t\t\t\t\t\t\t\t\t\t\t\t<span class=\"elementor-toggle-icon-closed\"><i class=\"fas fa-caret-right\"><\/i><\/span>\n\t\t\t\t\t\t\t\t<span class=\"elementor-toggle-icon-opened\"><i class=\"elementor-toggle-icon-opened fas fa-caret-up\"><\/i><\/span>\n\t\t\t\t\t\t\t\t\t\t\t\t\t<\/span>\n\t\t\t\t\t\t\t\t\t\t\t\t<a class=\"elementor-toggle-title\" tabindex=\"0\">Mas informacion<\/a>\n\t\t\t\t\t<\/div>\n\n\t\t\t\t\t<div id=\"elementor-tab-content-1391\" class=\"elementor-tab-content elementor-clearfix\" data-tab=\"1\" role=\"region\" aria-labelledby=\"elementor-tab-title-1391\"><span style=\"font-size: 16px;\">Profesor de la Facultad de Humanidades y Ciencias de la Educaci\u00f3n de Mondragon Unibertsitatea. Es Doctor en Filosof\u00eda por la Universidad P\u00fablica del Pa\u00eds Vasco (UPV-EHU), Licenciado en Filosof\u00eda, M\u00e1ster en Desarrollo y Gesti\u00f3n de Proyectos de Innovaci\u00f3n did\u00e1ctico-metodol\u00f3gica en Instituciones Educativas en Mondragon Unibertsitatea. Sus principales l\u00edneas de investigaci\u00f3n son la perspectiva social y \u00e9tica de la digitalizaci\u00f3n, la innovaci\u00f3n docente en la Educaci\u00f3n Superior y  la gamificaci\u00f3n en entornos educativos. Es miembro del grupo de investigaci\u00f3n de Tecnolog\u00eda Educativa Kolaborategia de Mondragon Unibertsitatea.<\/span><\/div>\n\t\t\t\t<\/div>\n\t\t\t\t\t\t\t\t<\/div>\n\t\t\t\t<\/div>\n\t\t\t\t<\/div>\n\t\t\t\t\t<\/div>\n\t\t<\/div>\n\t\t\t\t<div class=\"elementor-column elementor-col-50 elementor-top-column elementor-element elementor-element-38afad5\" data-id=\"38afad5\" data-element_type=\"column\" data-settings=\"{&quot;background_background&quot;:&quot;classic&quot;}\">\n\t\t\t<div class=\"elementor-widget-wrap elementor-element-populated\">\n\t\t\t\t\t<div class=\"elementor-background-overlay\"><\/div>\n\t\t\t\t\t\t<div class=\"elementor-element elementor-element-7775314 elementor-position-left elementor-vertical-align-top elementor-widget elementor-widget-image-box\" data-id=\"7775314\" data-element_type=\"widget\" data-widget_type=\"image-box.default\">\n\t\t\t\t<div class=\"elementor-widget-container\">\n\t\t\t<div class=\"elementor-image-box-wrapper\"><figure class=\"elementor-image-box-img\"><img loading=\"lazy\" decoding=\"async\" width=\"196\" height=\"196\" src=\"https:\/\/jornadas.fesabid.org\/jeid25\/wp-content\/uploads\/2025\/04\/peio_leinena.png\" class=\"attachment-full size-full wp-image-5744\" alt=\"\" srcset=\"https:\/\/jornadas.fesabid.org\/jeid25\/wp-content\/uploads\/2025\/04\/peio_leinena.png 196w, https:\/\/jornadas.fesabid.org\/jeid25\/wp-content\/uploads\/2025\/04\/peio_leinena-150x150.png 150w\" sizes=\"(max-width: 196px) 100vw, 196px\" \/><\/figure><div class=\"elementor-image-box-content\"><h3 class=\"elementor-image-box-title\">Pello Lei\u00f1ena Mendizabal<\/h3><\/div><\/div>\t\t<\/div>\n\t\t\t\t<\/div>\n\t\t\t\t<div class=\"elementor-element elementor-element-54d64a5 elementor-widget elementor-widget-text-editor\" data-id=\"54d64a5\" data-element_type=\"widget\" data-widget_type=\"text-editor.default\">\n\t\t\t\t<div class=\"elementor-widget-container\">\n\t\t\t\t\t\t\t<p><span style=\"font-family: myrad-regurlar; font-size: 12pt;\"><b style=\"font-style: italic;\"><span style=\"font-family: myrad-regurlar;\"><b><i>MAESTRO DE CEREMONIAS<\/i><\/b><\/span><\/b><\/span><span style=\"font-family: myrad-regurlar; font-size: 12pt;\"><br \/><\/span><\/p>\t\t\t\t\t\t<\/div>\n\t\t\t\t<\/div>\n\t\t\t\t<div class=\"elementor-element elementor-element-49026b7 elementor-widget elementor-widget-toggle\" data-id=\"49026b7\" data-element_type=\"widget\" data-widget_type=\"toggle.default\">\n\t\t\t\t<div class=\"elementor-widget-container\">\n\t\t\t\t\t<div class=\"elementor-toggle\">\n\t\t\t\t\t\t\t<div class=\"elementor-toggle-item\">\n\t\t\t\t\t<div id=\"elementor-tab-title-7651\" class=\"elementor-tab-title\" data-tab=\"1\" role=\"button\" aria-controls=\"elementor-tab-content-7651\" aria-expanded=\"false\">\n\t\t\t\t\t\t\t\t\t\t\t\t<span class=\"elementor-toggle-icon elementor-toggle-icon-left\" aria-hidden=\"true\">\n\t\t\t\t\t\t\t\t\t\t\t\t\t\t\t<span class=\"elementor-toggle-icon-closed\"><i class=\"fas fa-caret-right\"><\/i><\/span>\n\t\t\t\t\t\t\t\t<span class=\"elementor-toggle-icon-opened\"><i class=\"elementor-toggle-icon-opened fas fa-caret-up\"><\/i><\/span>\n\t\t\t\t\t\t\t\t\t\t\t\t\t<\/span>\n\t\t\t\t\t\t\t\t\t\t\t\t<a class=\"elementor-toggle-title\" tabindex=\"0\">Mas informacion<\/a>\n\t\t\t\t\t<\/div>\n\n\t\t\t\t\t<div id=\"elementor-tab-content-7651\" class=\"elementor-tab-content elementor-clearfix\" data-tab=\"1\" role=\"region\" aria-labelledby=\"elementor-tab-title-7651\"><p><span style=\"font-size: 16px;\">Licenciado en Geograf\u00eda e Historia especialidad en Musicolog\u00eda por la Universidad de Oviedo. En 1991 accede a la plaza de t\u00e9cnico documentalista de ERESBIL \u2013 Archivo Vasco de la M\u00fasica (Errenteria \u2013 Gipuzkoa), lo que le permite desarrollar su doble faceta como music\u00f3logo y abordar el tratamiento documental de manera profesional.<\/span><\/p><p><span style=\"font-size: 16px;\">De su labor investigadora destacar la publicaci\u00f3n de art\u00edculos relacionados con aspectos musicales en las revistas Musiker, Kantuz, Dantzariak entre otras.<\/span><\/p><p><span style=\"font-size: 16px;\">A nivel archiv\u00edstico rese\u00f1ar su implicaci\u00f3n en la realizaci\u00f3n y organizaci\u00f3n de cursos especializados en el \u00e1mbito bibliotecario y documental, y su colaboraci\u00f3n activa en asociaciones profesionales como AEDOM (Asociaci\u00f3n Espa\u00f1ola de Documentaci\u00f3n Musical), de la cual es presidente, IAML (Asociaci\u00f3n Internacional de Bibliotecas Musicales) y ALDEE (Asociaci\u00f3n de Bibliotecarios y Archiveros de Euskadi).<\/span><\/p><p><span style=\"font-size: 16px;\">En el a\u00f1o 2020 accede al cargo de director en Eresbil, lo que le permite profundizar en labores de gesti\u00f3n, conservaci\u00f3n y difusi\u00f3n del patrimonio musical.<\/span><\/p><\/div>\n\t\t\t\t<\/div>\n\t\t\t\t\t\t\t\t<\/div>\n\t\t\t\t<\/div>\n\t\t\t\t<\/div>\n\t\t\t\t\t<\/div>\n\t\t<\/div>\n\t\t\t\t\t<\/div>\n\t\t<\/section>\n\t\t\t\t<section class=\"elementor-section elementor-top-section elementor-element elementor-element-bb920f6 elementor-section-full_width elementor-section-height-default elementor-section-height-default\" data-id=\"bb920f6\" data-element_type=\"section\">\n\t\t\t\t\t\t\t<div class=\"elementor-background-overlay\"><\/div>\n\t\t\t\t\t\t\t<div class=\"elementor-container elementor-column-gap-default\">\n\t\t\t\t\t<div class=\"elementor-column elementor-col-50 elementor-top-column elementor-element elementor-element-944c66d\" data-id=\"944c66d\" data-element_type=\"column\" data-settings=\"{&quot;background_background&quot;:&quot;classic&quot;}\">\n\t\t\t<div class=\"elementor-widget-wrap elementor-element-populated\">\n\t\t\t\t\t<div class=\"elementor-background-overlay\"><\/div>\n\t\t\t\t\t\t<div class=\"elementor-element elementor-element-d32a59f elementor-position-left elementor-vertical-align-top elementor-widget elementor-widget-image-box\" data-id=\"d32a59f\" data-element_type=\"widget\" data-widget_type=\"image-box.default\">\n\t\t\t\t<div class=\"elementor-widget-container\">\n\t\t\t<div class=\"elementor-image-box-wrapper\"><figure class=\"elementor-image-box-img\"><img loading=\"lazy\" decoding=\"async\" width=\"196\" height=\"196\" src=\"https:\/\/jornadas.fesabid.org\/jeid25\/wp-content\/uploads\/2025\/04\/yolanda_puchades.png\" class=\"attachment-full size-full wp-image-5746\" alt=\"\" srcset=\"https:\/\/jornadas.fesabid.org\/jeid25\/wp-content\/uploads\/2025\/04\/yolanda_puchades.png 196w, https:\/\/jornadas.fesabid.org\/jeid25\/wp-content\/uploads\/2025\/04\/yolanda_puchades-150x150.png 150w\" sizes=\"(max-width: 196px) 100vw, 196px\" \/><\/figure><div class=\"elementor-image-box-content\"><h3 class=\"elementor-image-box-title\">Yolanda Puchades Asensi<\/h3><\/div><\/div>\t\t<\/div>\n\t\t\t\t<\/div>\n\t\t\t\t<div class=\"elementor-element elementor-element-46b9580 elementor-widget elementor-widget-text-editor\" data-id=\"46b9580\" data-element_type=\"widget\" data-widget_type=\"text-editor.default\">\n\t\t\t\t<div class=\"elementor-widget-container\">\n\t\t\t\t\t\t\t<span style=\"font-family: myrad-regurlar; font-size: 12pt;\"><span data-mce-type=\"bookmark\" style=\"display: inline-block; width: 0px; overflow: hidden; line-height: 0;\" class=\"mce_SELRES_start\">\ufeff<\/span><b style=\"font-style: italic;\"><span style=\"font-family: myrad-regurlar;\"><b><i>MAESTRA DE CEREMONIAS<\/i><\/b><\/span><\/b><\/span><span style=\"font-family: myrad-regurlar; font-size: 12pt;\">\n<\/span>\t\t\t\t\t\t<\/div>\n\t\t\t\t<\/div>\n\t\t\t\t<div class=\"elementor-element elementor-element-5aef4b9 elementor-widget elementor-widget-toggle\" data-id=\"5aef4b9\" data-element_type=\"widget\" data-widget_type=\"toggle.default\">\n\t\t\t\t<div class=\"elementor-widget-container\">\n\t\t\t\t\t<div class=\"elementor-toggle\">\n\t\t\t\t\t\t\t<div class=\"elementor-toggle-item\">\n\t\t\t\t\t<div id=\"elementor-tab-title-9531\" class=\"elementor-tab-title\" data-tab=\"1\" role=\"button\" aria-controls=\"elementor-tab-content-9531\" aria-expanded=\"false\">\n\t\t\t\t\t\t\t\t\t\t\t\t<span class=\"elementor-toggle-icon elementor-toggle-icon-left\" aria-hidden=\"true\">\n\t\t\t\t\t\t\t\t\t\t\t\t\t\t\t<span class=\"elementor-toggle-icon-closed\"><i class=\"fas fa-caret-right\"><\/i><\/span>\n\t\t\t\t\t\t\t\t<span class=\"elementor-toggle-icon-opened\"><i class=\"elementor-toggle-icon-opened fas fa-caret-up\"><\/i><\/span>\n\t\t\t\t\t\t\t\t\t\t\t\t\t<\/span>\n\t\t\t\t\t\t\t\t\t\t\t\t<a class=\"elementor-toggle-title\" tabindex=\"0\">Mas informacion<\/a>\n\t\t\t\t\t<\/div>\n\n\t\t\t\t\t<div id=\"elementor-tab-content-9531\" class=\"elementor-tab-content elementor-clearfix\" data-tab=\"1\" role=\"region\" aria-labelledby=\"elementor-tab-title-9531\"><span style=\"font-size: 16px;\">T\u00e9cnica I+D+i de Val\u00e8ncia Innovation Capital y vocal de comunicaci\u00f3n del COBDCV.<\/span>\n\n<span style=\"font-size: 16px;\">Licenciada en Documentaci\u00f3n por la Universitat Polit\u00e8cnica de Val\u00e8ncia (UPV) y M\u00e1ster Interuniversitario UV-UPV en Gesti\u00f3n Cultural, con especializaci\u00f3n en Industrias Creativas y Culturales.<\/span>\n\n<span style=\"font-size: 16px;\">Desde 2011 trabaja en Val\u00e8ncia Innovation Capital, el centro de innovaci\u00f3n del Ayuntamiento de Val\u00e8ncia. Inici\u00f3 su trayectoria poniendo en marcha una biblioteca especializada en dise\u00f1o y, desde 2017, forma parte del equipo t\u00e9cnico de I+D+i como documentalista en el Departamento de Comunicaci\u00f3n. En este rol, da apoyo documental tanto a nivel interno como externo, y es responsable de la intranet corporativa y del sistema de gesti\u00f3n de relaciones (CRM).<\/span>\n\n<span style=\"font-size: 16px;\">Con un especial inter\u00e9s por los flujos de informaci\u00f3n en las organizaciones y por la divulgaci\u00f3n del valor social de la profesi\u00f3n, asume desde febrero de 2025 la vocal\u00eda de comunicaci\u00f3n del Col\u00b7legi Oficial de Bibliotecaris i Documentalistes de la Comunitat Valenciana (COBDCV) tras haber ejercido la presidencia en la anterior Junta de Gobierno.<\/span><\/div>\n\t\t\t\t<\/div>\n\t\t\t\t\t\t\t\t<\/div>\n\t\t\t\t<\/div>\n\t\t\t\t<\/div>\n\t\t\t\t<div class=\"elementor-element elementor-element-655798f e-grid-align-right e-grid-align-mobile-center elementor-shape-rounded elementor-grid-0 elementor-widget elementor-widget-social-icons\" data-id=\"655798f\" data-element_type=\"widget\" data-widget_type=\"social-icons.default\">\n\t\t\t\t<div class=\"elementor-widget-container\">\n\t\t\t\t\t<div class=\"elementor-social-icons-wrapper elementor-grid\">\n\t\t\t\t\t\t\t<span class=\"elementor-grid-item\">\n\t\t\t\t\t<a class=\"elementor-icon elementor-social-icon elementor-social-icon-linkedin elementor-animation-grow elementor-repeater-item-d6dd5a8\" href=\"https:\/\/www.linkedin.com\/in\/yolanda-puchades\" target=\"_blank\">\n\t\t\t\t\t\t<span class=\"elementor-screen-only\">Linkedin<\/span>\n\t\t\t\t\t\t<i class=\"fab fa-linkedin\"><\/i>\t\t\t\t\t<\/a>\n\t\t\t\t<\/span>\n\t\t\t\t\t<\/div>\n\t\t\t\t<\/div>\n\t\t\t\t<\/div>\n\t\t\t\t\t<\/div>\n\t\t<\/div>\n\t\t\t\t<div class=\"elementor-column elementor-col-50 elementor-top-column elementor-element elementor-element-2a41502 elementor-hidden-desktop elementor-hidden-tablet elementor-hidden-mobile\" data-id=\"2a41502\" data-element_type=\"column\" data-settings=\"{&quot;background_background&quot;:&quot;classic&quot;}\">\n\t\t\t<div class=\"elementor-widget-wrap\">\n\t\t\t\t\t<div class=\"elementor-background-overlay\"><\/div>\n\t\t\t\t\t\t\t<\/div>\n\t\t<\/div>\n\t\t\t\t\t<\/div>\n\t\t<\/section>\n\t\t\t\t<\/div>\n\t\t","protected":false},"excerpt":{"rendered":"<p>PONENTES Dolores L\u00f3pez Asensi Red de bibliotecas de Ll\u00edria. Representante de la Comisi\u00f3n T\u00e9cnica &quot;Biblioteca como gente Social&quot; Sesi\u00f3n: &#8220;TIEMPOS HOSTILES: ASOCIACIONISMO Y ACTIVISMO BIBLIOTECARIO FRENTE A LA CENSURA EN BIBLIOTECAS&#8221; Mas informacion Es licenciada en Geograf\u00eda e Historia por la Universitat de Val\u00e8ncia, m\u00e1ster de bibliotecas por la Generalitat Valenciana y m\u00e1ster en gesti\u00f3n [&hellip;]<\/p>\n","protected":false},"author":1,"featured_media":0,"parent":0,"menu_order":0,"comment_status":"closed","ping_status":"closed","template":"","meta":{"inline_featured_image":false,"site-sidebar-layout":"no-sidebar","site-content-layout":"plain-container","ast-site-content-layout":"","site-content-style":"default","site-sidebar-style":"default","ast-global-header-display":"","ast-banner-title-visibility":"","ast-main-header-display":"","ast-hfb-above-header-display":"","ast-hfb-below-header-display":"","ast-hfb-mobile-header-display":"","site-post-title":"disabled","ast-breadcrumbs-content":"","ast-featured-img":"disabled","footer-sml-layout":"","theme-transparent-header-meta":"disabled","adv-header-id-meta":"","stick-header-meta":"","header-above-stick-meta":"","header-main-stick-meta":"","header-below-stick-meta":"","astra-migrate-meta-layouts":"default","ast-page-background-enabled":"default","ast-page-background-meta":{"desktop":{"background-color":"var(--ast-global-color-4)","background-image":"","background-repeat":"repeat","background-position":"center center","background-size":"auto","background-attachment":"scroll","background-type":"","background-media":"","overlay-type":"","overlay-color":"","overlay-opacity":"","overlay-gradient":""},"tablet":{"background-color":"","background-image":"","background-repeat":"repeat","background-position":"center center","background-size":"auto","background-attachment":"scroll","background-type":"","background-media":"","overlay-type":"","overlay-color":"","overlay-opacity":"","overlay-gradient":""},"mobile":{"background-color":"","background-image":"","background-repeat":"repeat","background-position":"center center","background-size":"auto","background-attachment":"scroll","background-type":"","background-media":"","overlay-type":"","overlay-color":"","overlay-opacity":"","overlay-gradient":""}},"ast-content-background-meta":{"desktop":{"background-color":"var(--ast-global-color-5)","background-image":"","background-repeat":"repeat","background-position":"center center","background-size":"auto","background-attachment":"scroll","background-type":"","background-media":"","overlay-type":"","overlay-color":"","overlay-opacity":"","overlay-gradient":""},"tablet":{"background-color":"var(--ast-global-color-5)","background-image":"","background-repeat":"repeat","background-position":"center center","background-size":"auto","background-attachment":"scroll","background-type":"","background-media":"","overlay-type":"","overlay-color":"","overlay-opacity":"","overlay-gradient":""},"mobile":{"background-color":"var(--ast-global-color-5)","background-image":"","background-repeat":"repeat","background-position":"center center","background-size":"auto","background-attachment":"scroll","background-type":"","background-media":"","overlay-type":"","overlay-color":"","overlay-opacity":"","overlay-gradient":""}},"footnotes":""},"class_list":["post-29","page","type-page","status-publish","hentry"],"_links":{"self":[{"href":"https:\/\/jornadas.fesabid.org\/jeid25\/index.php\/wp-json\/wp\/v2\/pages\/29","targetHints":{"allow":["GET"]}}],"collection":[{"href":"https:\/\/jornadas.fesabid.org\/jeid25\/index.php\/wp-json\/wp\/v2\/pages"}],"about":[{"href":"https:\/\/jornadas.fesabid.org\/jeid25\/index.php\/wp-json\/wp\/v2\/types\/page"}],"author":[{"embeddable":true,"href":"https:\/\/jornadas.fesabid.org\/jeid25\/index.php\/wp-json\/wp\/v2\/users\/1"}],"replies":[{"embeddable":true,"href":"https:\/\/jornadas.fesabid.org\/jeid25\/index.php\/wp-json\/wp\/v2\/comments?post=29"}],"version-history":[{"count":716,"href":"https:\/\/jornadas.fesabid.org\/jeid25\/index.php\/wp-json\/wp\/v2\/pages\/29\/revisions"}],"predecessor-version":[{"id":6246,"href":"https:\/\/jornadas.fesabid.org\/jeid25\/index.php\/wp-json\/wp\/v2\/pages\/29\/revisions\/6246"}],"wp:attachment":[{"href":"https:\/\/jornadas.fesabid.org\/jeid25\/index.php\/wp-json\/wp\/v2\/media?parent=29"}],"curies":[{"name":"wp","href":"https:\/\/api.w.org\/{rel}","templated":true}]}}